{"id":3819,"date":"2020-12-02T08:49:18","date_gmt":"2020-12-02T08:49:18","guid":{"rendered":"https:\/\/www.hotelelysee.com\/chambres-suites\/"},"modified":"2024-10-24T14:54:34","modified_gmt":"2024-10-24T13:54:34","slug":"chambres-suites","status":"publish","type":"page","link":"https:\/\/www.hotelelysee.com\/fr\/chambres-suites\/","title":{"rendered":"Chambres &#038; suites"},"content":{"rendered":"\n    \n    \n\n    <section\n    class=\"row container banner-block flex justify-center items-center flex-col theme--image\"\n    id=\"block_996e3411ded65e40bdaeb0f70c34e7ba\"\n    style=\"\n        min-height: 100svh;\n                \"\n    >\n                    <div class=\"block-bg-img\n            \">\n                <img loading=\"lazy\" decoding=\"async\"\n            src=\"https:\/\/www.hotelelysee.com\/wp-content\/uploads\/2023\/11\/web_romainchambodut_hotel_elysee_021.jpg\"\n    \n    \n    \n    onerror=\"this.onerror=null; this.src='data:image\/gif;base64,R0lGODlhAQABAIAAAMLCwgAAACH5BAAAAAAALAAAAAABAAEAAAICRAEAOw=='; this.srcset='data:image\/gif;base64,R0lGODlhAQABAIAAAMLCwgAAACH5BAAAAAAALAAAAAABAAEAAAICRAEAOw=='\"\n    alt=\"web_romainchambodut_hotel_elysee_021\"\n    width=\"1920\"\n    height=\"1280\"\n    class=\"\n        object-fit             \"\n\n        \n            srcset=\"https:\/\/www.hotelelysee.com\/wp-content\/uploads\/2023\/11\/web_romainchambodut_hotel_elysee_021-188x125.jpg 188w, https:\/\/www.hotelelysee.com\/wp-content\/uploads\/2023\/11\/web_romainchambodut_hotel_elysee_021-375x250.jpg 375w, https:\/\/www.hotelelysee.com\/wp-content\/uploads\/2023\/11\/web_romainchambodut_hotel_elysee_021-500x333.jpg 500w, https:\/\/www.hotelelysee.com\/wp-content\/uploads\/2023\/11\/web_romainchambodut_hotel_elysee_021-640x427.jpg 640w, https:\/\/www.hotelelysee.com\/wp-content\/uploads\/2023\/11\/web_romainchambodut_hotel_elysee_021-800x533.jpg 800w, https:\/\/www.hotelelysee.com\/wp-content\/uploads\/2023\/11\/web_romainchambodut_hotel_elysee_021-1024x683.jpg 1024w, https:\/\/www.hotelelysee.com\/wp-content\/uploads\/2023\/11\/web_romainchambodut_hotel_elysee_021-1367x911.jpg 1367w, https:\/\/www.hotelelysee.com\/wp-content\/uploads\/2023\/11\/web_romainchambodut_hotel_elysee_021.jpg 1920w, https:\/\/www.hotelelysee.com\/wp-content\/uploads\/2023\/11\/web_romainchambodut_hotel_elysee_021.jpg 2200w\"\n    \n    sizes=\"auto, (max-width: 48em) 100vw, (max-width: 64em) 100vw, (min-width: 64em) 100vw\">\n            <\/div>\n                <div class=\"banner-content-block \">\n                                        <p class=\"mb-2 overline color-accent\">\n                    s\u00e9journez avec style                <\/p>\n                                        <h1 class=\"mb-2\">Nos chambres                                            <span class=\"subtitle\">\n                            Meilleur tarif garanti en direct                        <\/span>\n                                    <\/h1>\n            \n                                            <\/div>\n        \n<form action=\"https:\/\/www.secure-hotel-booking.com\/Hotel-Elysee-Val-D-europe\/2VN9\/fr\/search\" target=\"_blank\" method=\"GET\"  class=\"xs:hidden js-booking-mask booking-mask flex sm:flex-col theme--default\">\n    <div class=\"dates-fields flex no-margin\">\n        <div class=\"date-field check-in-field flex items-center\">\n            <p class=\"no-margin\">\n                <strong class=\"block size-s mb-1\">Arriv\u00e9e<\/strong>\n                <span class=\"js-check-in-display\">ven 01 Mai<\/span>\n            <\/p>\n            <input aria-label=\"Check In\" type=\"date\" class=\"hidden xs:block js-arrive-input\" name=\"arrivalDate\" value=\"2026-05-01\" min=\"2026-05-01\" \/>\n        <\/div>\n        <div class=\"separator\">\n            <svg xmlns=\"http:\/\/www.w3.org\/2000\/svg\" viewBox=\"0 0 24 24\"><path fill=\"none\" stroke=\"currentColor\" stroke-linecap=\"round\" stroke-linejoin=\"round\" stroke-width=\"1.5\" d=\"M4 12h16\"\/><\/svg>\n        <\/div>\n        <div class=\"date-field check-out-field flex items-center\">\n            <p class=\"no-margin\">\n                <strong class=\"block size-s mb-1\">D\u00e9part<\/strong>\n                <span class=\"js-check-out-display\">sam 02 Mai<\/span>\n            <\/p>\n            <input aria-label=\"Check Out\" type=\"date\" class=\"hidden xs:block js-departure-input\" name=\"departureDate\" value=\"2026-05-02\" min=\"2026-05-02\" \/>\n        <\/div>\n        <div class=\"js-datepicker-trigger datepicker-trigger xs:hidden\"><\/div>\n    <\/div>\n    <div class=\"rooms-guests-fields flex no-margin\">\n        <div class=\"rooms-guests flex items-center js-rooms-guests-trigger\">\n            <p class=\"no-margin\">\n                <strong class=\"block size-s mb-1\">Personnes<\/strong>\n                <span class=\"js-guests-display\">3 personnes<\/span>\n            <\/p>\n        <\/div>\n        <div class=\"rooms-guests-select theme--default\">\n            <div class=\"select-inner\">\n                <div class=\"selector-wrap flex items-center justify-between mb-6\" data-max=\"8\" data-min=\"1\">\n                    <input type=\"hidden\" class=\"js-count-guests\" name=\"selectedAdultCount\" value=\"2\" \/>\n                    <p class=\"no-margin\"><strong>Adultes<\/strong><\/p>\n                    <div class=\"selector flex items-center\">\n                        <button class=\"selector-control minus button icon secondary size-s no-margin\"><svg xmlns=\"http:\/\/www.w3.org\/2000\/svg\" width=\"18\" height=\"18\" viewBox=\"0 0 48 48\"><title>minus<\/title><g class=\"minus\"><line class=\"line-horizontal\" x1=\"8\" y1=\"24\" x2=\"40\" y2=\"24\" stroke-width=\"3\" stroke=\"currentColor\" stroke-linecap=\"round\" stroke-linejoin=\"round\" fill=\"none\"\/><\/g><\/svg><\/button>\n                        <span class=\"selector-value text-center\">2<\/span>\n                        <button class=\"selector-control plus button icon secondary size-s no-margin\"><svg xmlns=\"http:\/\/www.w3.org\/2000\/svg\" width=\"18\" height=\"18\" viewBox=\"0 0 48 48\"><title>plus<\/title><g class=\"plus\"><line class=\"line-vertical\" x1=\"24\" y1=\"40\" x2=\"24\" y2=\"8\" stroke-width=\"3\" stroke=\"currentColor\" stroke-linecap=\"round\" stroke-linejoin=\"round\" fill=\"none\"\/><line class=\"line-horizontal\" x1=\"8\" y1=\"24\" x2=\"40\" y2=\"24\" stroke-width=\"3\" stroke=\"currentColor\" stroke-linecap=\"round\" stroke-linejoin=\"round\" fill=\"none\"\/><\/g><\/svg><\/button>\n                    <\/div>\n                <\/div>\n                <div class=\"selector-wrap flex items-center justify-between mb-6\" data-max=\"4\" data-min=\"0\">\n                    <input type=\"hidden\" class=\"js-count-guests\" name=\"selectedChildCount\" value=\"1\" \/>\n                    <p class=\"no-margin\"><strong>Enfants<\/strong><br>\n                        <span>3\u201317 ans inclus<\/span>\n                    <\/p>\n                    <div class=\"selector flex items-center\">\n                        <button class=\"selector-control minus button icon secondary size-s no-margin\"><svg xmlns=\"http:\/\/www.w3.org\/2000\/svg\" width=\"18\" height=\"18\" viewBox=\"0 0 48 48\"><title>minus<\/title><g class=\"minus\"><line class=\"line-horizontal\" x1=\"8\" y1=\"24\" x2=\"40\" y2=\"24\" stroke-width=\"3\" stroke=\"currentColor\" stroke-linecap=\"round\" stroke-linejoin=\"round\" fill=\"none\"\/><\/g><\/svg><\/button>\n                        <span class=\"selector-value text-center\">1<\/span>\n                        <button class=\"selector-control plus button icon secondary size-s no-margin\"><svg xmlns=\"http:\/\/www.w3.org\/2000\/svg\" width=\"18\" height=\"18\" viewBox=\"0 0 48 48\"><title>plus<\/title><g class=\"plus\"><line class=\"line-vertical\" x1=\"24\" y1=\"40\" x2=\"24\" y2=\"8\" stroke-width=\"3\" stroke=\"currentColor\" stroke-linecap=\"round\" stroke-linejoin=\"round\" fill=\"none\"\/><line class=\"line-horizontal\" x1=\"8\" y1=\"24\" x2=\"40\" y2=\"24\" stroke-width=\"3\" stroke=\"currentColor\" stroke-linecap=\"round\" stroke-linejoin=\"round\" fill=\"none\"\/><\/g><\/svg><\/button>\n                    <\/div>\n                <\/div>\n                <div class=\"selector-wrap flex items-center justify-between mb-6\" data-max=\"4\" data-min=\"0\">\n                    <input type=\"hidden\" class=\"js-count-guests\" name=\"selectedInfantCount\" value=\"0\" \/>\n                    <p class=\"no-margin\"><strong>B\u00e9b\u00e9s<\/strong><br>\n                        <span>0\u20132 ans inclus<\/span>\n                    <\/p>\n                    <div class=\"selector flex items-center\">\n                        <button class=\"selector-control minus button icon secondary size-s no-margin\"><svg xmlns=\"http:\/\/www.w3.org\/2000\/svg\" width=\"18\" height=\"18\" viewBox=\"0 0 48 48\"><title>minus<\/title><g class=\"minus\"><line class=\"line-horizontal\" x1=\"8\" y1=\"24\" x2=\"40\" y2=\"24\" stroke-width=\"3\" stroke=\"currentColor\" stroke-linecap=\"round\" stroke-linejoin=\"round\" fill=\"none\"\/><\/g><\/svg><\/button>\n                        <span class=\"selector-value text-center\">0<\/span>\n                        <button class=\"selector-control plus button icon secondary size-s no-margin\"><svg xmlns=\"http:\/\/www.w3.org\/2000\/svg\" width=\"18\" height=\"18\" viewBox=\"0 0 48 48\"><title>plus<\/title><g class=\"plus\"><line class=\"line-vertical\" x1=\"24\" y1=\"40\" x2=\"24\" y2=\"8\" stroke-width=\"3\" stroke=\"currentColor\" stroke-linecap=\"round\" stroke-linejoin=\"round\" fill=\"none\"\/><line class=\"line-horizontal\" x1=\"8\" y1=\"24\" x2=\"40\" y2=\"24\" stroke-width=\"3\" stroke=\"currentColor\" stroke-linecap=\"round\" stroke-linejoin=\"round\" fill=\"none\"\/><\/g><\/svg><\/button>\n                    <\/div>\n                <\/div>\n                <footer class=\"flex justify-end\">\n                    <a href=\"#\" class=\"rooms-guests-close\">Fermer<\/a>\n                <\/footer>\n            <\/div>\n        <\/div>\n    <\/div>\n    <div class=\"promo-fields flex no-margin\">\n        <div class=\"promo-field check-in-field flex items-center\">\n            <p class=\"no-margin\">\n                <strong class=\"block size-s mb-1\">Code promo<\/strong>\n                <input aria-label=\"Promo Code\" type=\"text\" class=\"\" name=\"promoCode\" placeholder=\"Entrez le code\" \/>\n            <\/p>\n        <\/div>\n    <\/div>\n    <button type=\"submit\" class=\"button primary\">V\u00e9rifier les disponibilit\u00e9s<\/button>\n<\/form>\n<a href=\"https:\/\/www.secure-hotel-booking.com\/Hotel-Elysee-Val-D-europe\/2VN9\/fr\/search\" target=\"_blank\" class=\"button primary booking-mask-mobile-button\">V\u00e9rifier les disponibilit\u00e9s<\/a>                \n            <\/section>\n    \n\n    <section\n    class=\"row spacing container img-content-row theme--accent\"\n    id=\"block_0885a299bda361a5248593e193418015\"\n        >\n                \n        <div class=\"img-content text-image\">\n            <div class=\"img\" data-aos=\"fade-up\">\n                <div class=\"media-container   cut-corners  image-carousel \"><img decoding=\"async\"\n            src=\"https:\/\/www.hotelelysee.com\/wp-content\/uploads\/2023\/11\/hotel_elysee-591-1367x912.jpg\"\n    \n            loading=\"lazy\"          \n    \n    \n    onerror=\"this.onerror=null; this.src='data:image\/gif;base64,R0lGODlhAQABAIAAAMLCwgAAACH5BAAAAAAALAAAAAABAAEAAAICRAEAOw=='; this.srcset='data:image\/gif;base64,R0lGODlhAQABAIAAAMLCwgAAACH5BAAAAAAALAAAAAABAAEAAAICRAEAOw=='\"\n    alt=\"hotel_elysee-591\"\n    width=\"1367\"\n    height=\"912\"\n    class=\"\n        object-fit  set-aspect             \"\n\n            style=\"  --aspect-ratio: 4 \/ 3;  \"\n        \n            srcset=\"https:\/\/www.hotelelysee.com\/wp-content\/uploads\/2023\/11\/hotel_elysee-591-188x125.jpg 188w, https:\/\/www.hotelelysee.com\/wp-content\/uploads\/2023\/11\/hotel_elysee-591-375x250.jpg 375w, https:\/\/www.hotelelysee.com\/wp-content\/uploads\/2023\/11\/hotel_elysee-591-500x334.jpg 500w, https:\/\/www.hotelelysee.com\/wp-content\/uploads\/2023\/11\/hotel_elysee-591-640x427.jpg 640w, https:\/\/www.hotelelysee.com\/wp-content\/uploads\/2023\/11\/hotel_elysee-591-800x534.jpg 800w, https:\/\/www.hotelelysee.com\/wp-content\/uploads\/2023\/11\/hotel_elysee-591-1024x683.jpg 1024w, https:\/\/www.hotelelysee.com\/wp-content\/uploads\/2023\/11\/hotel_elysee-591-1367x912.jpg 1367w, https:\/\/www.hotelelysee.com\/wp-content\/uploads\/2023\/11\/hotel_elysee-591.jpg 1920w, https:\/\/www.hotelelysee.com\/wp-content\/uploads\/2023\/11\/hotel_elysee-591.jpg 2200w\"\n    \n    sizes=\"auto, (max-width: 48em) 43vw, (max-width: 64em) 41vw, (min-width: 64em) 41vw\">\n<\/div>            <\/div>\n\n            <div class=\"content\">\n                <div class=\"content-inner\">\n                    <header>\n                                                    <p class=\"mb-1 overline color-accent\" data-aos=\"fade-up\">\n                                \u00e0 partir de 120\u20ac par nuit                            <\/p>\n                        \n                                                    <h2 data-aos=\"fade-up\">Nos chambres                                                            <\/h2>\n                                            <\/header>\n\n                    <article class=\"content-wrap\" data-aos=\"fade-up\" data-aos-delay=\"150\">\n                        <p>L\u2019h\u00f4tel dispose de 152 chambres et suites, spacieuses et climatis\u00e9es, d\u2019une capacit\u00e9 de 1 \u00e0 4 personnes, et jusqu\u2019\u00e0 8 personnes avec nos chambres communicantes (compos\u00e9es de 2 chambres quadruples). D\u2019une surface minimum de 24m\u00b2 vous disposerez d\u2019une literie de qualit\u00e9 et de tout le confort n\u00e9cessaire \u00e0 la r\u00e9ussite de votre s\u00e9jour.<\/p>\n                    <\/article>\n                    \n                                <div class=\"buttons no-margin\" data-aos=\"fade-up\"data-aos-delay=\"150\">\n                                                <a class=\"button primary  \" href=\"https:\/\/go.visitme360.com\/F1BESPx5IE\/42651595p&#038;33.44h&#038;85.25t\" target=\"_blank\" rel=\"noopener\"  >\n            Visite virtuelle        <\/a>\n                                                    <\/div>\n                        <\/div>\n            <\/div>\n        <\/div>\n    <\/section>\n    \n\n    <section\n    class=\"row spacing container\"\n    id=\"block_abcbc832c8b549803ac9444aedca2434\"\n    data-aos=\"fade-up\"\n        >\n                <header class=\"amenities-header\">\n                            <p class=\"mb-1 overline color-accent\" data-aos=\"fade-up\">\n                    A votre disposition                <\/p>\n            \n                            <h2 data-aos=\"fade-up\">\u00c9quipements et produits d&rsquo;accueil inclus<\/h2>\n                        <a href=\"#\" class=\"button primary nopadd-left js-amenities-expand \">Voir plus de commodit\u00e9s<\/a>\n        <\/header>\n        <div class=\"amenities flex flex-wrap\">\n                            <div class=\"featured-list-item flex items-center\">\n                    <div class=\"list-counter flex items-center icons\" data-aos=\"fade-up\">\n                        <svg xmlns=\"http:\/\/www.w3.org\/2000\/svg\" viewBox=\"0 0 24 24\"><circle cx=\"12.004\" cy=\"18.895\" r=\"1.438\" fill=\"none\" stroke=\"currentColor\" stroke-linecap=\"round\" stroke-linejoin=\"round\" stroke-width=\"1.5\"\/><path d=\"M16.013 15.584a5.2 5.2 0 0 0-8.022 0m11.077-2.522a9.161 9.161 0 0 0-14.133.006M22.2 10.472a13.229 13.229 0 0 0-20.4.009\" fill=\"none\" stroke=\"currentColor\" stroke-linecap=\"round\" stroke-linejoin=\"round\" stroke-width=\"1.5\"\/><\/svg>                    <\/div>\n                    <div class=\"list-content\" data-aos=\"fade-up\">\n                        <h3 class=\"no-margin\"><span class=\"subtitle\">Wi-Fi<\/span><\/h3>\n                    <\/div>\n                <\/div>\n                            <div class=\"featured-list-item flex items-center\">\n                    <div class=\"list-counter flex items-center icons\" data-aos=\"fade-up\">\n                        <svg xmlns=\"http:\/\/www.w3.org\/2000\/svg\" viewBox=\"0 0 24 24\"><path d=\"M18.6 15.4h3a.5.5 0 0 0 .5-.5 4.152 4.152 0 0 0-4.151-4.151h-6.657L9.778 7.1m-1.377 8.301h7.198\" fill=\"none\" stroke=\"currentColor\" stroke-linecap=\"round\" stroke-linejoin=\"round\" stroke-width=\"1.5\"\/><path d=\"M17.012 10.75c0-2.293-3.358-3.651-5.651-3.651h-3.29c-1.656 0-4 1.995-4 3.651H2.4a.5.5 0 0 0-.5.5v3.15a1 1 0 0 0 1 1h2.5\" fill=\"none\" stroke=\"currentColor\" stroke-linecap=\"round\" stroke-linejoin=\"round\" stroke-width=\"1.5\"\/><circle cx=\"6.901\" cy=\"15.401\" r=\"1.5\" fill=\"none\" stroke=\"currentColor\" stroke-linecap=\"round\" stroke-linejoin=\"round\" stroke-width=\"1.5\"\/><circle cx=\"17.099\" cy=\"15.401\" r=\"1.5\" fill=\"none\" stroke=\"currentColor\" stroke-linecap=\"round\" stroke-linejoin=\"round\" stroke-width=\"1.5\"\/><\/svg>                    <\/div>\n                    <div class=\"list-content\" data-aos=\"fade-up\">\n                        <h3 class=\"no-margin\"><span class=\"subtitle\">Parking gratuit en r\u00e9servant en direct<\/span><\/h3>\n                    <\/div>\n                <\/div>\n                            <div class=\"featured-list-item flex items-center\">\n                    <div class=\"list-counter flex items-center icons\" data-aos=\"fade-up\">\n                        <svg width=\"24\" height=\"24\" viewBox=\"0 0 24 24\" fill=\"none\" xmlns=\"http:\/\/www.w3.org\/2000\/svg\"><path fill-rule=\"evenodd\" clip-rule=\"evenodd\" d=\"M7.63 2.75C7.14399 2.75 6.75 3.14399 6.75 3.63V21.37C6.75 21.856 7.14399 22.25 7.63 22.25H17.37C17.856 22.25 18.25 21.856 18.25 21.37V3.63C18.25 3.14399 17.856 2.75 17.37 2.75H7.63ZM5.25 3.63C5.25 2.31556 6.31556 1.25 7.63 1.25H17.37C18.6844 1.25 19.75 2.31556 19.75 3.63V21.37C19.75 22.6844 18.6844 23.75 17.37 23.75H7.63C6.31556 23.75 5.25 22.6844 5.25 21.37V3.63ZM12.1287 3.98999H14.439L13.419 6.30999H14.8281L11.4053 10.6892L11.8293 8.05999H10.355L12.1287 3.98999ZM12.5 13.59C10.7051 13.59 9.25 15.0451 9.25 16.84C9.25 18.635 10.7051 20.09 12.5 20.09C14.2949 20.09 15.75 18.635 15.75 16.84C15.75 15.0451 14.2949 13.59 12.5 13.59ZM7.75 16.84C7.75 14.2167 9.87665 12.09 12.5 12.09C15.1234 12.09 17.25 14.2167 17.25 16.84C17.25 19.4634 15.1234 21.59 12.5 21.59C9.87665 21.59 7.75 19.4634 7.75 16.84ZM12.1027 14.8084C12.2353 14.7274 12.3918 14.68 12.5598 14.68C12.7282 14.68 12.8877 14.7277 13.0242 14.8135C13.1534 14.8947 13.2391 14.9952 13.2937 15.0754C13.3515 15.1604 13.391 15.2479 13.4176 15.3192C13.9474 15.62 14.3098 16.1893 14.3098 16.84C14.3098 17.4891 13.9531 18.0684 13.4113 18.3696C13.3822 18.4423 13.3381 18.5346 13.2735 18.6235C13.218 18.6998 13.1325 18.7948 13.0069 18.8715C12.8743 18.9525 12.7178 19 12.5498 19C12.3815 19 12.2219 18.9523 12.0854 18.8665C11.9563 18.7853 11.8705 18.6848 11.8159 18.6045C11.7583 18.52 11.719 18.4329 11.6923 18.3617C11.1646 18.0643 10.7998 17.502 10.7998 16.84C10.7998 16.1909 11.1565 15.6116 11.6983 15.3103C11.7274 15.2377 11.7715 15.1454 11.8361 15.0565C11.8916 14.9802 11.9771 14.8852 12.1027 14.8084ZM13.0366 15.1591C13.0368 15.1591 13.0363 15.159 13.0366 15.1591ZM12.4718 16.6023C12.3747 16.6321 12.2998 16.7274 12.2998 16.84C12.2998 16.9463 12.3688 17.0429 12.4803 17.0772C12.5083 17.0848 12.5348 17.0938 12.5601 17.1037C12.5847 17.094 12.6106 17.0852 12.6378 17.0776C12.7349 17.0479 12.8098 16.9526 12.8098 16.84C12.8098 16.7392 12.7366 16.6361 12.6291 16.6027C12.6012 16.5951 12.5747 16.5862 12.5495 16.5763C12.5249 16.586 12.499 16.5948 12.4718 16.6023Z\" fill=\"currentColor\"\/><\/svg>                    <\/div>\n                    <div class=\"list-content\" data-aos=\"fade-up\">\n                        <h3 class=\"no-margin\"><span class=\"subtitle\">Recharge de voiture \u00e9lectrique (en suppl\u00e9ment)<\/span><\/h3>\n                    <\/div>\n                <\/div>\n                            <div class=\"featured-list-item flex items-center\">\n                    <div class=\"list-counter flex items-center icons\" data-aos=\"fade-up\">\n                        <svg xmlns=\"http:\/\/www.w3.org\/2000\/svg\" viewBox=\"0 0 24 24\"><path fill=\"none\" stroke=\"currentColor\" stroke-linecap=\"round\" stroke-linejoin=\"round\" stroke-width=\"1.5\" d=\"M12.084 17.662V5.429m0 0l-1.881-1.881m1.881 1.881l1.881-1.881m-1.881 14.114l1.881 1.881m-1.881-1.881l-1.881 1.881\"\/><g fill=\"none\" stroke=\"currentColor\" stroke-linecap=\"round\" stroke-linejoin=\"round\" stroke-width=\"1.5\"><path d=\"M5.967 11.546h12.234m0 0l1.88-1.881m-1.88 1.881l1.88 1.88m-14.114-1.88l-1.881 1.88m1.881-1.88L4.086 9.665\"\/><\/g><g fill=\"none\" stroke=\"currentColor\" stroke-linecap=\"round\" stroke-linejoin=\"round\" stroke-width=\"1.5\"><path d=\"M7.759 15.871l8.65-8.65m0 0v-2.66m0 2.66h2.66m-11.31 8.65v2.66m0-2.66h-2.66m2.66-8.65l8.65 8.65m0 0h2.66m-2.66 0v2.66m-8.65-11.31h-2.66m2.66 0v-2.66\"\/><\/g><\/svg>                    <\/div>\n                    <div class=\"list-content\" data-aos=\"fade-up\">\n                        <h3 class=\"no-margin\"><span class=\"subtitle\">Climatisation<\/span><\/h3>\n                    <\/div>\n                <\/div>\n                            <div class=\"featured-list-item flex items-center\">\n                    <div class=\"list-counter flex items-center icons\" data-aos=\"fade-up\">\n                        <svg xmlns=\"http:\/\/www.w3.org\/2000\/svg\" viewBox=\"0 0 24 24\"><path d=\"M21.051 17.711a9.39 9.39 0 0 0 .026-1.153 9.074 9.074 0 0 0-18.141.371q0 .386.032.763a1.67 1.67 0 0 0 1.671 1.514h14.745a1.661 1.661 0 0 0 1.667-1.495zM5.377 10.739h13.237M3.4 14.068a3.179 3.179 0 1 1 3.763-5.042\" fill=\"none\" stroke=\"currentColor\" stroke-linecap=\"round\" stroke-linejoin=\"round\" stroke-width=\"1.5\"\/><circle cx=\"12.01\" cy=\"6.33\" r=\"1.536\" fill=\"none\" stroke=\"currentColor\" stroke-linecap=\"round\" stroke-linejoin=\"round\" stroke-width=\"1.5\"\/><path fill=\"none\" stroke=\"currentColor\" stroke-linecap=\"round\" stroke-linejoin=\"round\" stroke-width=\"1.5\" d=\"M18.614 10.654l.939-1.087h3.62l-2.657 3.587\"\/><\/svg>                    <\/div>\n                    <div class=\"list-content\" data-aos=\"fade-up\">\n                        <h3 class=\"no-margin\"><span class=\"subtitle\">Th\u00e9i\u00e8re et sachets de th\u00e9<\/span><\/h3>\n                    <\/div>\n                <\/div>\n                            <div class=\"featured-list-item flex items-center\">\n                    <div class=\"list-counter flex items-center icons\" data-aos=\"fade-up\">\n                        <svg xmlns=\"http:\/\/www.w3.org\/2000\/svg\" viewBox=\"0 0 24 24\"><path stroke-width=\"1.5\" stroke=\"currentColor\" stroke-linecap=\"round\" stroke-linejoin=\"round\" fill=\"none\" d=\"M9.767 5.884h4.465v2.233H9.767z\"\/><rect x=\"7.488\" y=\"8.116\" width=\"9.023\" height=\"12.837\" rx=\".498\" stroke-width=\"1.5\" stroke=\"currentColor\" stroke-linecap=\"round\" stroke-linejoin=\"round\" fill=\"none\"\/><path stroke-width=\"1.5\" stroke=\"currentColor\" stroke-linecap=\"round\" stroke-linejoin=\"round\" fill=\"none\" d=\"M7.488 11.605h6.186v5.453H7.488zM12 5.884V3.047m2.233 0H7.605V4\"\/><\/svg>                    <\/div>\n                    <div class=\"list-content\" data-aos=\"fade-up\">\n                        <h3 class=\"no-margin\"><span class=\"subtitle\">Produits d&rsquo;accueils Rituals\u00a9<\/span><\/h3>\n                    <\/div>\n                <\/div>\n                            <div class=\"featured-list-item flex items-center\">\n                    <div class=\"list-counter flex items-center icons\" data-aos=\"fade-up\">\n                        <svg xmlns=\"http:\/\/www.w3.org\/2000\/svg\" viewBox=\"0 0 24 24\"><path stroke-width=\"1.5\" stroke=\"currentColor\" stroke-linecap=\"round\" stroke-linejoin=\"round\" fill=\"none\" d=\"M1.786 5.996h20.428v11.349H1.786zM12 17.344v2.66m2.27 0H9.73\"\/><\/svg>                    <\/div>\n                    <div class=\"list-content\" data-aos=\"fade-up\">\n                        <h3 class=\"no-margin\"><span class=\"subtitle\">TV \u00e9cran-plat avec Canal+ Cin\u00e9ma inclus<\/span><\/h3>\n                    <\/div>\n                <\/div>\n                            <div class=\"featured-list-item flex items-center\">\n                    <div class=\"list-counter flex items-center icons\" data-aos=\"fade-up\">\n                        <svg xmlns=\"http:\/\/www.w3.org\/2000\/svg\" viewBox=\"0 0 24 24\"><path d=\"M21.842 17.813a1.345 1.345 0 0 1-2.581.528 47.162 47.162 0 0 1-7.387.377 49.157 49.157 0 0 1-7.153-.343A1.342 1.342 0 1 1 2.936 16.6a24.2 24.2 0 0 1-.315-4.586A24.033 24.033 0 0 1 2.94 7.4a1.342 1.342 0 1 1 1.792-1.753 49.2 49.2 0 0 1 7.142-.342 49.757 49.757 0 0 1 7.386.357A1.344 1.344 0 1 1 21 7.433a24.341 24.341 0 0 1 .312 4.579A24.537 24.537 0 0 1 21 16.569a1.342 1.342 0 0 1 .842 1.244z\" fill=\"none\" stroke=\"currentColor\" stroke-linecap=\"round\" stroke-linejoin=\"round\" stroke-width=\"1.5\"\/><path d=\"M18.411 15.747a41.649 41.649 0 0 1-6.524.333 43.367 43.367 0 0 1-6.317-.3\" fill=\"none\" stroke=\"currentColor\" stroke-linecap=\"round\" stroke-linejoin=\"round\" stroke-width=\"1.5\"\/><\/svg>                    <\/div>\n                    <div class=\"list-content\" data-aos=\"fade-up\">\n                        <h3 class=\"no-margin\"><span class=\"subtitle\">Diff\u00e9rents types d&rsquo;oreillers<\/span><\/h3>\n                    <\/div>\n                <\/div>\n                            <div class=\"featured-list-item flex items-center collapsed\">\n                    <div class=\"list-counter flex items-center icons\" data-aos=\"fade-up\">\n                        <svg xmlns=\"http:\/\/www.w3.org\/2000\/svg\" viewBox=\"0 0 48 48\"><path d=\"M26.45 28.98c0 3.37-19.56 3.37-19.56 0 0-4.46 4.38-9.8 9.78-9.8s9.78 5.34 9.78 9.8Z\" fill=\"none\" stroke=\"currentColor\" stroke-miterlimit=\"10\" stroke-width=\"3.62\"><\/path><rect x=\"13.65\" y=\"16.13\" width=\"6.22\" height=\"2.54\" rx=\"1.19\" ry=\"1.19\" fill=\"none\" stroke=\"currentColor\" stroke-miterlimit=\"10\" stroke-width=\"3\"><\/rect><path d=\"M41.4 3.59c-3.73 0-6.75 3.28-6.75 7.32s3.02 7.33 6.75 7.33V3.59Z\" fill=\"none\" stroke=\"currentColor\" stroke-miterlimit=\"10\" stroke-width=\"3\"><\/path><path fill=\"none\" stroke=\"currentColor\" stroke-linecap=\"round\" stroke-miterlimit=\"10\" stroke-width=\"3\" d=\"M10.12 35.92v1.75M14.55 35.92v1.75M18.83 35.92v1.75M23.4 35.92v1.75M10.12 42.74v1.74M14.55 42.74v1.74M18.83 42.74v1.74M23.4 42.74v1.74M14.55 14.73S12.92 4.8 23.5 5.56c.52.04 1.04.14 1.54.28l9.27 2.42\"><\/path><path d=\"M19 15.38V13.7A3.35 3.35 0 0 1 22 10.33c.65-.06 1.44 0 2.4.26 4.57 1.2 9.43 2.42 9.43 2.42\" fill=\"none\" stroke=\"currentColor\" stroke-linecap=\"round\" stroke-miterlimit=\"10\" stroke-width=\"3\"><\/path><\/svg>                    <\/div>\n                    <div class=\"list-content\" data-aos=\"fade-up\">\n                        <h3 class=\"no-margin\"><span class=\"subtitle\">Douche<\/span><\/h3>\n                    <\/div>\n                <\/div>\n                            <div class=\"featured-list-item flex items-center collapsed\">\n                    <div class=\"list-counter flex items-center icons\" data-aos=\"fade-up\">\n                        <svg xmlns=\"http:\/\/www.w3.org\/2000\/svg\" viewBox=\"0 0 24 24\"><path d=\"M3.363 16.736V4.226a.864.864 0 0 1 .864-.864h11.645a.864.864 0 0 1 .864.864v12.51H3.363z\" fill=\"none\" stroke=\"currentColor\" stroke-linecap=\"round\" stroke-linejoin=\"round\" stroke-width=\"1.5\"\/><path d=\"M7.264 16.737v3.9h13.373V5.289a1.926 1.926 0 0 0-1.926-1.926h-3.9M3.363 9.607h13.373M3.363 12.836h13.373\" fill=\"none\" stroke=\"currentColor\" stroke-linecap=\"round\" stroke-linejoin=\"round\" stroke-width=\"1.5\"\/><\/svg>                    <\/div>\n                    <div class=\"list-content\" data-aos=\"fade-up\">\n                        <h3 class=\"no-margin\"><span class=\"subtitle\">Serviettes <\/span><\/h3>\n                    <\/div>\n                <\/div>\n                            <div class=\"featured-list-item flex items-center collapsed\">\n                    <div class=\"list-counter flex items-center icons\" data-aos=\"fade-up\">\n                        <svg xmlns=\"http:\/\/www.w3.org\/2000\/svg\" viewBox=\"0 0 24 24\"><path d=\"M8.755 20.6h7.291a1.592 1.592 0 0 0 1.522-1.6V4.176a1.607 1.607 0 0 0-1.6-1.6H8.034a1.607 1.607 0 0 0-1.6 1.6V19a1.619 1.619 0 0 0 1.522 1.6zM6.432 9.729h11.136M9.14 5.886v.975m0 5.61v.974m-.359 7.154v1.122m6.379-1.122v1.122\" fill=\"none\" stroke=\"currentColor\" stroke-linecap=\"round\" stroke-miterlimit=\"10\" stroke-width=\"1.5\"\/><\/svg>                    <\/div>\n                    <div class=\"list-content\" data-aos=\"fade-up\">\n                        <h3 class=\"no-margin\"><span class=\"subtitle\">Mini-bar avec bouteilles d&rsquo;eau \u00e0 disposition<\/span><\/h3>\n                    <\/div>\n                <\/div>\n                            <div class=\"featured-list-item flex items-center collapsed\">\n                    <div class=\"list-counter flex items-center icons\" data-aos=\"fade-up\">\n                        <svg xmlns=\"http:\/\/www.w3.org\/2000\/svg\" viewBox=\"0 0 24 24\"><path d=\"M19.278 18.327v1.391a.429.429 0 0 1-.429.428H5.151a.429.429 0 0 1-.429-.428V6.019a.428.428 0 0 1 .429-.428h13.7a.428.428 0 0 1 .429.428v1.34\" fill=\"none\" stroke=\"currentColor\" stroke-linecap=\"round\" stroke-miterlimit=\"10\" stroke-width=\"1.5\"\/><rect x=\"7.309\" y=\"8.177\" width=\"9.278\" height=\"9.302\" rx=\".428\" fill=\"none\" stroke=\"currentColor\" stroke-linecap=\"round\" stroke-miterlimit=\"10\" stroke-width=\"1.5\"\/><circle cx=\"12\" cy=\"12.754\" r=\"1.687\" fill=\"none\" stroke=\"currentColor\" stroke-linecap=\"round\" stroke-miterlimit=\"10\" stroke-width=\"1.5\"\/><path fill=\"none\" stroke=\"currentColor\" stroke-linecap=\"round\" stroke-miterlimit=\"10\" stroke-width=\"1.5\" d=\"M19.278 14.185v-2.69m-2.691-2.27h2.691m-2.691 7.091h2.691m-2.053 3.83v1.243m-10.45-1.243v1.243\"\/><\/svg>                    <\/div>\n                    <div class=\"list-content\" data-aos=\"fade-up\">\n                        <h3 class=\"no-margin\"><span class=\"subtitle\">Coffre-fort \u00e9lectronique<\/span><\/h3>\n                    <\/div>\n                <\/div>\n                            <div class=\"featured-list-item flex items-center collapsed\">\n                    <div class=\"list-counter flex items-center icons\" data-aos=\"fade-up\">\n                        <svg xmlns=\"http:\/\/www.w3.org\/2000\/svg\" viewBox=\"0 0 24 24\"><path d=\"M18.683 9.636a3.428 3.428 0 0 1-3.428 3.428c-1.893 0-8.787-2.018-8.787-2.018V8.058s7.422-1.849 8.787-1.849a3.427 3.427 0 0 1 3.428 3.427z\" fill=\"none\" stroke=\"currentColor\" stroke-linecap=\"round\" stroke-linejoin=\"round\" stroke-width=\"1.5\"\/><circle cx=\"15.255\" cy=\"9.636\" r=\"1\" fill=\"currentColor\"\/><path fill=\"none\" stroke=\"currentColor\" stroke-linecap=\"round\" stroke-linejoin=\"round\" stroke-width=\"1.5\" d=\"M12.575 12.64v5.151h2.79v-4.727m-2.79 1.937h.965M1.317 8.669l.183-.094a1.238 1.238 0 0 1 1.136 0l.181.094.113.059a1.235 1.235 0 0 0 1.238-.059m-2.851 1.999l.182-.094a1.238 1.238 0 0 1 1.136 0l.181.094.113.059a1.238 1.238 0 0 0 1.238-.059\"\/><\/svg>                    <\/div>\n                    <div class=\"list-content\" data-aos=\"fade-up\">\n                        <h3 class=\"no-margin\"><span class=\"subtitle\">S\u00e8che-cheveux<\/span><\/h3>\n                    <\/div>\n                <\/div>\n                            <div class=\"featured-list-item flex items-center collapsed\">\n                    <div class=\"list-counter flex items-center icons\" data-aos=\"fade-up\">\n                        <svg xmlns=\"http:\/\/www.w3.org\/2000\/svg\" viewBox=\"0 0 24 24\"><rect x=\"3.893\" y=\"5.001\" width=\"16.213\" height=\"15.167\" rx=\".5\" stroke-width=\"1.5\" stroke=\"currentColor\" stroke-linecap=\"round\" stroke-linejoin=\"round\" fill=\"none\"\/><path fill=\"none\" stroke=\"currentColor\" stroke-linecap=\"round\" stroke-linejoin=\"round\" stroke-width=\"1.5\" d=\"M3.906 8.561h16.201m-3.262-4.73V6.07M7.431 3.831V6.07\"\/><circle cx=\"12.047\" cy=\"11.404\" r=\"1\" fill=\"currentColor\"\/><circle cx=\"16.047\" cy=\"11.404\" r=\"1\" fill=\"currentColor\"\/><circle cx=\"12.047\" cy=\"14.404\" r=\"1\" fill=\"currentColor\"\/><circle cx=\"16.047\" cy=\"14.404\" r=\"1\" fill=\"currentColor\"\/><circle cx=\"12.047\" cy=\"17.404\" r=\"1\" fill=\"currentColor\"\/><circle cx=\"16.047\" cy=\"17.404\" r=\"1\" fill=\"currentColor\"\/><circle cx=\"8.047\" cy=\"14.404\" r=\"1\" fill=\"currentColor\"\/><circle cx=\"8.047\" cy=\"17.404\" r=\"1\" fill=\"currentColor\"\/><\/svg>                    <\/div>\n                    <div class=\"list-content\" data-aos=\"fade-up\">\n                        <h3 class=\"no-margin\"><span class=\"subtitle\">E-conciergerie<\/span><\/h3>\n                    <\/div>\n                <\/div>\n                            <div class=\"featured-list-item flex items-center collapsed\">\n                    <div class=\"list-counter flex items-center icons\" data-aos=\"fade-up\">\n                        <svg viewBox=\"0 0 48 48\" xmlns=\"http:\/\/www.w3.org\/2000\/svg\"><g fill=\"none\" stroke=\"currentColor\" stroke-miterlimit=\"10\" stroke-width=\"3\"><path d=\"M18.58 10.6l4.47-4.38a1 1 0 0 1 1.4 0l4.48 4.38\" stroke-linecap=\"round\"\/><path d=\"M23.75 35.98V6.52\"\/><circle cx=\"14.35\" cy=\"21.46\" r=\"3.05\"\/><circle cx=\"23.75\" cy=\"39.8\" r=\"3.05\"\/><path d=\"M14.35 25.63v3.1a1 1 0 0 0 .49.86l8.91 5.31\"\/><rect height=\"6.61\" rx=\"1\" width=\"6.61\" x=\"30.89\" y=\"16.34\"\/><path d=\"M34.36 23.81v3.28a1 1 0 0 1-.53.88L24 33.18\"\/><\/g><\/svg>                    <\/div>\n                    <div class=\"list-content\" data-aos=\"fade-up\">\n                        <h3 class=\"no-margin\"><span class=\"subtitle\">Ports USB<\/span><\/h3>\n                    <\/div>\n                <\/div>\n                            <div class=\"featured-list-item flex items-center collapsed\">\n                    <div class=\"list-counter flex items-center icons\" data-aos=\"fade-up\">\n                        <svg xmlns=\"http:\/\/www.w3.org\/2000\/svg\" viewBox=\"0 0 24 24\"><path d=\"M11.311 11.811V9.35H6.389v2.461a2.461 2.461 0 0 0 2.461 2.461 2.461 2.461 0 0 0 2.461-2.461zm1.094-2.461h-1.094v2.15h1.094a1.057 1.057 0 0 0 1.057-1.057v-.037a1.057 1.057 0 0 0-1.057-1.056zm-9.708 9.344h17.228v2.461H2.697zm2.461-2.461h14.767v2.461H5.158zm9.845-11.075h4.922v11.075h-4.922zm4.922-3.692v3.692H5.773a1.846 1.846 0 0 1-1.846-1.846 1.846 1.846 0 0 1 1.846-1.846h14.152zM10.08 5.158v1.846M7.619 5.158v1.846\" fill=\"none\" stroke=\"currentColor\" stroke-linecap=\"round\" stroke-linejoin=\"round\" stroke-width=\"1.5\"\/><\/svg>                    <\/div>\n                    <div class=\"list-content\" data-aos=\"fade-up\">\n                        <h3 class=\"no-margin\"><span class=\"subtitle\">Machine Nespresso\u00a9 (en chambre Premium)<\/span><\/h3>\n                    <\/div>\n                <\/div>\n                            <div class=\"featured-list-item flex items-center collapsed\">\n                    <div class=\"list-counter flex items-center icons\" data-aos=\"fade-up\">\n                        <svg xmlns=\"http:\/\/www.w3.org\/2000\/svg\" viewBox=\"0 0 24 24\"><circle cx=\"6.264\" cy=\"6.375\" r=\"1.42\" fill=\"none\" stroke=\"currentColor\" stroke-linecap=\"round\" stroke-linejoin=\"round\" stroke-width=\"1.5\"\/><circle cx=\"9.171\" cy=\"6.375\" r=\"1.42\" fill=\"none\" stroke=\"currentColor\" stroke-linecap=\"round\" stroke-linejoin=\"round\" stroke-width=\"1.5\"\/><circle cx=\"6.297\" cy=\"9.249\" r=\"1.42\" fill=\"none\" stroke=\"currentColor\" stroke-linecap=\"round\" stroke-linejoin=\"round\" stroke-width=\"1.5\"\/><path fill=\"none\" stroke=\"currentColor\" stroke-linecap=\"round\" stroke-linejoin=\"round\" stroke-width=\"1.5\" d=\"M7.357 7.462l11.956 11.956\"\/><path stroke-width=\"1.5\" stroke=\"currentColor\" stroke-linecap=\"round\" stroke-linejoin=\"round\" fill=\"none\" d=\"M13.485 16.586l1.506-1.506 2.993 2.992-1.507 1.507z\"\/><g fill=\"none\" stroke=\"currentColor\" stroke-linecap=\"round\" stroke-linejoin=\"round\" stroke-width=\"1.5\"><circle cx=\"17.893\" cy=\"6.375\" r=\"1.42\"\/><circle cx=\"14.986\" cy=\"6.375\" r=\"1.42\"\/><circle cx=\"17.86\" cy=\"9.249\" r=\"1.42\"\/><path d=\"M16.8 7.462L4.844 19.418\"\/><path d=\"M6.172 18.072l2.992-2.992 1.507 1.506-2.993 2.993z\"\/><\/g><\/svg>                    <\/div>\n                    <div class=\"list-content\" data-aos=\"fade-up\">\n                        <h3 class=\"no-margin\"><span class=\"subtitle\">Peignoirs (en chambre Premium)<\/span><\/h3>\n                    <\/div>\n                <\/div>\n                            <div class=\"featured-list-item flex items-center collapsed\">\n                    <div class=\"list-counter flex items-center icons\" data-aos=\"fade-up\">\n                        <svg xmlns=\"http:\/\/www.w3.org\/2000\/svg\" viewBox=\"0 0 24 24\"><path d=\"M7.722 3.728a3.338 3.338 0 0 0-1.153.346 4.2 4.2 0 0 0-1.355.991 2.992 2.992 0 0 0-.662 1.26 10.1 10.1 0 0 0 .517 5.647 32.81 32.81 0 0 1 .838 4.074c.083 1.914.542 4.52 3.052 4.074a2.97 2.97 0 0 0 1.3-.52 2.037 2.037 0 0 0 .706-1.756c-.017-1.3-.165-2.589-.175-3.889-.012-1.64.05-3.281.156-4.918a6.473 6.473 0 0 0-.9-4.1A2.777 2.777 0 0 0 8.4 3.771a2.247 2.247 0 0 0-.678-.043zm-3.17 2.597h6.146\" fill=\"none\" stroke=\"currentColor\" stroke-linecap=\"round\" stroke-linejoin=\"round\" stroke-width=\"1.5\"\/><path d=\"M5.069 11.972a6.308 6.308 0 0 1 2.964-1 5.011 5.011 0 0 1 2.715.969\" fill=\"none\" stroke=\"currentColor\" stroke-linecap=\"round\" stroke-linejoin=\"round\" stroke-width=\"1.5\"\/><g fill=\"none\" stroke=\"currentColor\" stroke-linecap=\"round\" stroke-linejoin=\"round\" stroke-width=\"1.5\"><path d=\"M16.541 3.728a3.338 3.338 0 0 1 1.153.346 4.2 4.2 0 0 1 1.355.991 2.992 2.992 0 0 1 .662 1.26 10.1 10.1 0 0 1-.517 5.647 32.666 32.666 0 0 0-.837 4.074c-.084 1.914-.543 4.52-3.053 4.074a2.97 2.97 0 0 1-1.3-.52 2.037 2.037 0 0 1-.706-1.756c.017-1.3.165-2.589.175-3.889.012-1.64-.05-3.281-.156-4.918a6.473 6.473 0 0 1 .9-4.1 2.779 2.779 0 0 1 1.649-1.167 2.239 2.239 0 0 1 .675-.042zm3.17 2.597h-6.146\"\/><path d=\"M19.194 11.972a6.308 6.308 0 0 0-2.964-1 5.011 5.011 0 0 0-2.715.969\"\/><\/g><\/svg>                    <\/div>\n                    <div class=\"list-content\" data-aos=\"fade-up\">\n                        <h3 class=\"no-margin\"><span class=\"subtitle\">Chaussons (en chambre Premium)<\/span><\/h3>\n                    <\/div>\n                <\/div>\n                            <div class=\"featured-list-item flex items-center collapsed\">\n                    <div class=\"list-counter flex items-center icons\" data-aos=\"fade-up\">\n                        <svg xmlns=\"http:\/\/www.w3.org\/2000\/svg\" viewBox=\"0 0 24 24\"><path d=\"M5.94 14.472l-1.916-1.525a1.5 1.5 0 0 1-.55-1.16V2.021M8.44 14.423l1.88-1.476a1.5 1.5 0 0 0 .55-1.16V2.021m-4.903 9.144V2.009m2.447 9.168V2.021M5.94 14.472h2.5v7.395h-2.5zM19.18 1.216v13.256h-4.63V7.88c0-3.732 4.63-6.664 4.63-6.664zm-2.5 13.256h2.5v7.395h-2.5z\" fill=\"none\" stroke=\"currentColor\" stroke-linecap=\"round\" stroke-linejoin=\"round\" stroke-width=\"1.5\"\/><\/svg>                    <\/div>\n                    <div class=\"list-content\" data-aos=\"fade-up\">\n                        <h3 class=\"no-margin\"><span class=\"subtitle\">10% de r\u00e9duction dans notre restaurant Le George (en chambre Premium, valable une fois, hors boissons alcoolis\u00e9es)<\/span><\/h3>\n                    <\/div>\n                <\/div>\n                    <\/div>\n        <div class=\"buttons centered no-margin\" data-aos=\"fade-up\">\n            <a href=\"#\" class=\"button minor icon-right js-amenities-expand amenities-expand\">\n                Voir plus de commodit\u00e9s                <svg xmlns=\"http:\/\/www.w3.org\/2000\/svg\" viewBox=\"0 0 24 24\"><path fill=\"none\" stroke=\"currentColor\" stroke-linecap=\"round\" stroke-linejoin=\"round\" stroke-width=\"1.5\" d=\"M17.685 9.158L12 14.842 6.315 9.158\"\/><\/svg>\n            <\/a>\n        <\/div>\n    <\/section>\n    \n\n    <section\n    class=\"rooms-grid row spacing container \"\n    id=\"block_3e97078216b8cd67e4e820c0d248898f\"\n    data-aos=\"fade-up\"\n        >\n        \n        <div data-aos=\"fade-up\" class=\"img-content-columns flex flex-wrap xs:flex-col nopadd-md\">\n                                <div class=\"img-content column\">\n                        <div class=\"img\" data-aos=\"fade-up\">\n                            <div class=\"media-container   image-carousel  js-image-carousel \"><img decoding=\"async\"\n            src=\"https:\/\/www.hotelelysee.com\/wp-content\/uploads\/2024\/02\/hotel_elysee-591-800x534.jpg\"\n    \n            loading=\"lazy\"          \n    \n    \n    onerror=\"this.onerror=null; this.src='data:image\/gif;base64,R0lGODlhAQABAIAAAMLCwgAAACH5BAAAAAAALAAAAAABAAEAAAICRAEAOw=='; this.srcset='data:image\/gif;base64,R0lGODlhAQABAIAAAMLCwgAAACH5BAAAAAAALAAAAAABAAEAAAICRAEAOw=='\"\n    alt=\"Hotel l'Elys\u00e9e Val d'Europe_Chambre double\"\n    width=\"800\"\n    height=\"534\"\n    class=\"\n        object-fit  set-aspect             \"\n\n            style=\"  --aspect-ratio: 4\/3;  \"\n        \n            srcset=\"https:\/\/www.hotelelysee.com\/wp-content\/uploads\/2024\/02\/hotel_elysee-591-188x125.jpg 188w, https:\/\/www.hotelelysee.com\/wp-content\/uploads\/2024\/02\/hotel_elysee-591-375x250.jpg 375w, https:\/\/www.hotelelysee.com\/wp-content\/uploads\/2024\/02\/hotel_elysee-591-500x334.jpg 500w, https:\/\/www.hotelelysee.com\/wp-content\/uploads\/2024\/02\/hotel_elysee-591-640x427.jpg 640w, https:\/\/www.hotelelysee.com\/wp-content\/uploads\/2024\/02\/hotel_elysee-591-800x534.jpg 800w, https:\/\/www.hotelelysee.com\/wp-content\/uploads\/2024\/02\/hotel_elysee-591-1024x683.jpg 1024w, https:\/\/www.hotelelysee.com\/wp-content\/uploads\/2024\/02\/hotel_elysee-591-1367x912.jpg 1367w, https:\/\/www.hotelelysee.com\/wp-content\/uploads\/2024\/02\/hotel_elysee-591.jpg 1920w, https:\/\/www.hotelelysee.com\/wp-content\/uploads\/2024\/02\/hotel_elysee-591.jpg 2200w\"\n    \n    sizes=\"auto, (max-width: 48em) 100vw, (max-width: 64em) 100vw, (min-width: 64em) 100vw\">\n<img decoding=\"async\"\n            src=\"https:\/\/www.hotelelysee.com\/wp-content\/uploads\/2023\/11\/web_romainchambodut_hotel_elysee_014-800x533.jpg\"\n    \n            loading=\"lazy\"          \n    \n    \n    onerror=\"this.onerror=null; this.src='data:image\/gif;base64,R0lGODlhAQABAIAAAMLCwgAAACH5BAAAAAAALAAAAAABAAEAAAICRAEAOw=='; this.srcset='data:image\/gif;base64,R0lGODlhAQABAIAAAMLCwgAAACH5BAAAAAAALAAAAAABAAEAAAICRAEAOw=='\"\n    alt=\"web_romainchambodut_hotel_elysee_014\"\n    width=\"800\"\n    height=\"533\"\n    class=\"\n        object-fit  set-aspect             \"\n\n            style=\"  --aspect-ratio: 4\/3;  \"\n        \n            srcset=\"https:\/\/www.hotelelysee.com\/wp-content\/uploads\/2023\/11\/web_romainchambodut_hotel_elysee_014-188x125.jpg 188w, https:\/\/www.hotelelysee.com\/wp-content\/uploads\/2023\/11\/web_romainchambodut_hotel_elysee_014-375x250.jpg 375w, https:\/\/www.hotelelysee.com\/wp-content\/uploads\/2023\/11\/web_romainchambodut_hotel_elysee_014-500x333.jpg 500w, https:\/\/www.hotelelysee.com\/wp-content\/uploads\/2023\/11\/web_romainchambodut_hotel_elysee_014-640x427.jpg 640w, https:\/\/www.hotelelysee.com\/wp-content\/uploads\/2023\/11\/web_romainchambodut_hotel_elysee_014-800x533.jpg 800w, https:\/\/www.hotelelysee.com\/wp-content\/uploads\/2023\/11\/web_romainchambodut_hotel_elysee_014-1024x683.jpg 1024w, https:\/\/www.hotelelysee.com\/wp-content\/uploads\/2023\/11\/web_romainchambodut_hotel_elysee_014-1367x911.jpg 1367w, https:\/\/www.hotelelysee.com\/wp-content\/uploads\/2023\/11\/web_romainchambodut_hotel_elysee_014.jpg 1920w, https:\/\/www.hotelelysee.com\/wp-content\/uploads\/2023\/11\/web_romainchambodut_hotel_elysee_014.jpg 2200w\"\n    \n    sizes=\"auto, (max-width: 48em) 100vw, (max-width: 64em) 100vw, (min-width: 64em) 100vw\">\n<img decoding=\"async\"\n            src=\"https:\/\/www.hotelelysee.com\/wp-content\/uploads\/2023\/11\/Salle-de-bain-800x533.jpg\"\n    \n            loading=\"lazy\"          \n    \n    \n    onerror=\"this.onerror=null; this.src='data:image\/gif;base64,R0lGODlhAQABAIAAAMLCwgAAACH5BAAAAAAALAAAAAABAAEAAAICRAEAOw=='; this.srcset='data:image\/gif;base64,R0lGODlhAQABAIAAAMLCwgAAACH5BAAAAAAALAAAAAABAAEAAAICRAEAOw=='\"\n    alt=\"Salle de bain\"\n    width=\"800\"\n    height=\"533\"\n    class=\"\n        object-fit  set-aspect             \"\n\n            style=\"  --aspect-ratio: 4\/3;  \"\n        \n            srcset=\"https:\/\/www.hotelelysee.com\/wp-content\/uploads\/2023\/11\/Salle-de-bain-188x125.jpg 188w, https:\/\/www.hotelelysee.com\/wp-content\/uploads\/2023\/11\/Salle-de-bain-375x250.jpg 375w, https:\/\/www.hotelelysee.com\/wp-content\/uploads\/2023\/11\/Salle-de-bain-500x333.jpg 500w, https:\/\/www.hotelelysee.com\/wp-content\/uploads\/2023\/11\/Salle-de-bain-640x427.jpg 640w, https:\/\/www.hotelelysee.com\/wp-content\/uploads\/2023\/11\/Salle-de-bain-800x533.jpg 800w, https:\/\/www.hotelelysee.com\/wp-content\/uploads\/2023\/11\/Salle-de-bain-1024x683.jpg 1024w, https:\/\/www.hotelelysee.com\/wp-content\/uploads\/2023\/11\/Salle-de-bain-1367x911.jpg 1367w, https:\/\/www.hotelelysee.com\/wp-content\/uploads\/2023\/11\/Salle-de-bain.jpg 1920w, https:\/\/www.hotelelysee.com\/wp-content\/uploads\/2023\/11\/Salle-de-bain.jpg 2200w\"\n    \n    sizes=\"auto, (max-width: 48em) 100vw, (max-width: 64em) 100vw, (min-width: 64em) 100vw\">\n<\/div><div class=\"slick-controls slick-media flex justify-center items-center\">\n                <!-- <a href=\"#\" class=\"js-img-prev slick-control\" title=\"Previous slide\"><svg width=\"24\" height=\"24\" xmlns=\"http:\/\/www.w3.org\/2000\/svg\" viewBox=\"0 0 48 48\"><title>Previous<\/title><g class=\"caret-left\"><polyline class=\"arrowhead\" points=\"29.018 36.036 16.982 24 29.018 11.964\" fill=\"none\" stroke=\"currentColor\" stroke-linecap=\"round\" stroke-linejoin=\"round\" stroke-width=\"3\"\/><\/g><\/svg><\/a> -->\n                <div class=\"slick-dots img-content-dots\"><\/div>\n                <!-- <a href=\"#\" class=\"js-img-next slick-control\" title=\"Next slide\"><svg width=\"24\" height=\"24\" xmlns=\"http:\/\/www.w3.org\/2000\/svg\" viewBox=\"0 0 48 48\"><title>Next<\/title><g class=\"caret-right\"><polyline class=\"arrowhead\" points=\"18.982 11.964 31.018 24 18.982 36.036\" fill=\"none\" stroke=\"currentColor\" stroke-linecap=\"round\" stroke-linejoin=\"round\" stroke-width=\"3\"\/><\/g><\/svg><\/a> -->\n            <\/div>                        <\/div>\n\n                        <div class=\"content\">\n                            <div class=\"content-inner\">\n                                <header>\n                                                                            <p class=\"mb-1 overline color-accent\" data-aos=\"fade-up\">\n                                            A partir de 120\u20ac par nuit                                        <\/p>\n                                    \n                                    <h2 class=\"h3\" data-aos=\"fade-up\">\n                                                                                    Chambre Double Classique \u267f                                                                                                                            <span class=\"subtitle\" data-aos=\"fade-up\" data-aos-delay=\"50\">\n                                                1-2 personnes                                            <\/span>\n                                                                            <\/h2>\n                                <\/header>\n\n                                <article class=\"content-wrap\" data-aos=\"fade-up\" data-aos-delay=\"150\">\n                                    <p>La Chambre Double Classique est adapt\u00e9e pour 2 personnes (+ 1 b\u00e9b\u00e9 de 0 \u00e0 2 ans)<\/p>\n                                <\/article>\n                                \n                                <div class=\"buttons\" data-aos=\"fade-up\" data-aos-delay=\"150\">\n                                    <a class=\"button secondary  js-single-modal-trigger-ajax\"  data-type=\"room\" data-id=\"3973\" data-modal=\"modal-2\" href=\"#\">\n                                        Plus d&rsquo;infos                                    <\/a>\n                                                                                                <a class=\"button button  primary\" href=\"https:\/\/www.secure-hotel-booking.com\/smart\/Hotel-l-Elysee-Val-d-Europe\/2VN9\/fr\/?serializedCookie=Y29va2llbGF3aW5mby1jaGVja2JveC1uZWNlc3Nhcnk9eWVz&#038;_gl=1*pejj9u*_ga*OTg3Mzg2NTguMTcwNzgzNTMyMw..*_ga_84KQ48NKY7*MTcwNzgzNTMyMi4xLjEuMTcwNzgzNTQwMC41OS4wLjA.*_gcl_au*MTgwMTU2MzYwNy4xNzA3ODM1MzIy&#038;_ga=2.41982693.1339717397.1707835323-98738658.1707835323\" target=\"_blank\" rel=\"noopener\"  >\n            R\u00e9server        <\/a>\n                                                                                                                    <a href=\"https:\/\/go.visitme360.com\/F1BESPx5IE\/42651646p&#038;36.28h&#038;79.28t\" target=\"_blank\" class=\"button minor icon-right tour-link\">\n                                            Vue 360                                            <svg xmlns=\"http:\/\/www.w3.org\/2000\/svg\" viewBox=\"0 0 24 24\"><path d=\"M13.55 19.7l1.5-.281a.366.366 0 0 1 .423.281l.282 1.5m-.515-1.4l-.235.376A3.862 3.862 0 0 1 12 22.1c-2.019 0-3.71-2.254-4.508-5.588l-.188-.8A24.816 24.816 0 0 1 6.928 12 19.476 19.476 0 0 1 7.3 8.29l.188-.8C8.29 4.158 9.981 1.9 12 1.9s3.71 2.254 4.508 5.588l.188.8A24.816 24.816 0 0 1 17.072 12a19.476 19.476 0 0 1-.376 3.71l-.188.8a6.556 6.556 0 0 1-.423 1.362M4.3 10.45l.281-1.5a.324.324 0 0 0-.281-.425l-1.5-.282m1.409.517l-.376.235A3.862 3.862 0 0 0 1.9 12c0 2.019 2.254 3.71 5.588 4.508l.8.188a24.816 24.816 0 0 0 3.71.376 19.476 19.476 0 0 0 3.71-.376l.8-.188C19.842 15.71 22.1 14.019 22.1 12s-2.254-3.71-5.588-4.508l-.8-.188A24.816 24.816 0 0 0 12 6.928a19.476 19.476 0 0 0-3.71.372l-.8.188a6.556 6.556 0 0 0-1.362.423\" fill=\"none\" stroke=\"currentColor\" stroke-linecap=\"round\" stroke-linejoin=\"round\" stroke-width=\"1.5\"\/><\/svg>\n                                        <\/a>\n                                                                    <\/div>\n                            <\/div>\n                        <\/div>\n                    <\/div>\n                                    <div class=\"img-content column\">\n                        <div class=\"img\" data-aos=\"fade-up\">\n                            <div class=\"media-container   image-carousel  js-image-carousel \"><img decoding=\"async\"\n            src=\"https:\/\/www.hotelelysee.com\/wp-content\/uploads\/2023\/11\/Standard-bleu-800x533.jpg\"\n    \n            loading=\"lazy\"          \n    \n    \n    onerror=\"this.onerror=null; this.src='data:image\/gif;base64,R0lGODlhAQABAIAAAMLCwgAAACH5BAAAAAAALAAAAAABAAEAAAICRAEAOw=='; this.srcset='data:image\/gif;base64,R0lGODlhAQABAIAAAMLCwgAAACH5BAAAAAAALAAAAAABAAEAAAICRAEAOw=='\"\n    alt=\"Double premium\"\n    width=\"800\"\n    height=\"533\"\n    class=\"\n        object-fit  set-aspect             \"\n\n            style=\"  --aspect-ratio: 4\/3;  \"\n        \n            srcset=\"https:\/\/www.hotelelysee.com\/wp-content\/uploads\/2023\/11\/Standard-bleu-188x125.jpg 188w, https:\/\/www.hotelelysee.com\/wp-content\/uploads\/2023\/11\/Standard-bleu-375x250.jpg 375w, https:\/\/www.hotelelysee.com\/wp-content\/uploads\/2023\/11\/Standard-bleu-500x333.jpg 500w, https:\/\/www.hotelelysee.com\/wp-content\/uploads\/2023\/11\/Standard-bleu-640x427.jpg 640w, https:\/\/www.hotelelysee.com\/wp-content\/uploads\/2023\/11\/Standard-bleu-800x533.jpg 800w, https:\/\/www.hotelelysee.com\/wp-content\/uploads\/2023\/11\/Standard-bleu-1024x683.jpg 1024w, https:\/\/www.hotelelysee.com\/wp-content\/uploads\/2023\/11\/Standard-bleu-1367x911.jpg 1367w, https:\/\/www.hotelelysee.com\/wp-content\/uploads\/2023\/11\/Standard-bleu.jpg 1920w, https:\/\/www.hotelelysee.com\/wp-content\/uploads\/2023\/11\/Standard-bleu.jpg 2200w\"\n    \n    sizes=\"auto, (max-width: 48em) 100vw, (max-width: 64em) 100vw, (min-width: 64em) 100vw\">\n<img decoding=\"async\"\n            src=\"https:\/\/www.hotelelysee.com\/wp-content\/uploads\/2023\/11\/Salle-de-bain-800x533.jpg\"\n    \n            loading=\"lazy\"          \n    \n    \n    onerror=\"this.onerror=null; this.src='data:image\/gif;base64,R0lGODlhAQABAIAAAMLCwgAAACH5BAAAAAAALAAAAAABAAEAAAICRAEAOw=='; this.srcset='data:image\/gif;base64,R0lGODlhAQABAIAAAMLCwgAAACH5BAAAAAAALAAAAAABAAEAAAICRAEAOw=='\"\n    alt=\"Salle de bain\"\n    width=\"800\"\n    height=\"533\"\n    class=\"\n        object-fit  set-aspect             \"\n\n            style=\"  --aspect-ratio: 4\/3;  \"\n        \n            srcset=\"https:\/\/www.hotelelysee.com\/wp-content\/uploads\/2023\/11\/Salle-de-bain-188x125.jpg 188w, https:\/\/www.hotelelysee.com\/wp-content\/uploads\/2023\/11\/Salle-de-bain-375x250.jpg 375w, https:\/\/www.hotelelysee.com\/wp-content\/uploads\/2023\/11\/Salle-de-bain-500x333.jpg 500w, https:\/\/www.hotelelysee.com\/wp-content\/uploads\/2023\/11\/Salle-de-bain-640x427.jpg 640w, https:\/\/www.hotelelysee.com\/wp-content\/uploads\/2023\/11\/Salle-de-bain-800x533.jpg 800w, https:\/\/www.hotelelysee.com\/wp-content\/uploads\/2023\/11\/Salle-de-bain-1024x683.jpg 1024w, https:\/\/www.hotelelysee.com\/wp-content\/uploads\/2023\/11\/Salle-de-bain-1367x911.jpg 1367w, https:\/\/www.hotelelysee.com\/wp-content\/uploads\/2023\/11\/Salle-de-bain.jpg 1920w, https:\/\/www.hotelelysee.com\/wp-content\/uploads\/2023\/11\/Salle-de-bain.jpg 2200w\"\n    \n    sizes=\"auto, (max-width: 48em) 100vw, (max-width: 64em) 100vw, (min-width: 64em) 100vw\">\n<img decoding=\"async\"\n            src=\"https:\/\/www.hotelelysee.com\/wp-content\/uploads\/2023\/11\/web_romainchambodut_hotel_elysee_016-800x533.jpg\"\n    \n            loading=\"lazy\"          \n    \n    \n    onerror=\"this.onerror=null; this.src='data:image\/gif;base64,R0lGODlhAQABAIAAAMLCwgAAACH5BAAAAAAALAAAAAABAAEAAAICRAEAOw=='; this.srcset='data:image\/gif;base64,R0lGODlhAQABAIAAAMLCwgAAACH5BAAAAAAALAAAAAABAAEAAAICRAEAOw=='\"\n    alt=\"web_romainchambodut_hotel_elysee_016\"\n    width=\"800\"\n    height=\"533\"\n    class=\"\n        object-fit  set-aspect             \"\n\n            style=\"  --aspect-ratio: 4\/3;  \"\n        \n            srcset=\"https:\/\/www.hotelelysee.com\/wp-content\/uploads\/2023\/11\/web_romainchambodut_hotel_elysee_016-188x125.jpg 188w, https:\/\/www.hotelelysee.com\/wp-content\/uploads\/2023\/11\/web_romainchambodut_hotel_elysee_016-375x250.jpg 375w, https:\/\/www.hotelelysee.com\/wp-content\/uploads\/2023\/11\/web_romainchambodut_hotel_elysee_016-500x333.jpg 500w, https:\/\/www.hotelelysee.com\/wp-content\/uploads\/2023\/11\/web_romainchambodut_hotel_elysee_016-640x427.jpg 640w, https:\/\/www.hotelelysee.com\/wp-content\/uploads\/2023\/11\/web_romainchambodut_hotel_elysee_016-800x533.jpg 800w, https:\/\/www.hotelelysee.com\/wp-content\/uploads\/2023\/11\/web_romainchambodut_hotel_elysee_016-1024x683.jpg 1024w, https:\/\/www.hotelelysee.com\/wp-content\/uploads\/2023\/11\/web_romainchambodut_hotel_elysee_016-1367x911.jpg 1367w, https:\/\/www.hotelelysee.com\/wp-content\/uploads\/2023\/11\/web_romainchambodut_hotel_elysee_016.jpg 1920w, https:\/\/www.hotelelysee.com\/wp-content\/uploads\/2023\/11\/web_romainchambodut_hotel_elysee_016.jpg 2200w\"\n    \n    sizes=\"auto, (max-width: 48em) 100vw, (max-width: 64em) 100vw, (min-width: 64em) 100vw\">\n<\/div><div class=\"slick-controls slick-media flex justify-center items-center\">\n                <!-- <a href=\"#\" class=\"js-img-prev slick-control\" title=\"Previous slide\"><svg width=\"24\" height=\"24\" xmlns=\"http:\/\/www.w3.org\/2000\/svg\" viewBox=\"0 0 48 48\"><title>Previous<\/title><g class=\"caret-left\"><polyline class=\"arrowhead\" points=\"29.018 36.036 16.982 24 29.018 11.964\" fill=\"none\" stroke=\"currentColor\" stroke-linecap=\"round\" stroke-linejoin=\"round\" stroke-width=\"3\"\/><\/g><\/svg><\/a> -->\n                <div class=\"slick-dots img-content-dots\"><\/div>\n                <!-- <a href=\"#\" class=\"js-img-next slick-control\" title=\"Next slide\"><svg width=\"24\" height=\"24\" xmlns=\"http:\/\/www.w3.org\/2000\/svg\" viewBox=\"0 0 48 48\"><title>Next<\/title><g class=\"caret-right\"><polyline class=\"arrowhead\" points=\"18.982 11.964 31.018 24 18.982 36.036\" fill=\"none\" stroke=\"currentColor\" stroke-linecap=\"round\" stroke-linejoin=\"round\" stroke-width=\"3\"\/><\/g><\/svg><\/a> -->\n            <\/div>                        <\/div>\n\n                        <div class=\"content\">\n                            <div class=\"content-inner\">\n                                <header>\n                                                                            <p class=\"mb-1 overline color-accent\" data-aos=\"fade-up\">\n                                            A partir de 130\u20ac par nuit                                        <\/p>\n                                    \n                                    <h2 class=\"h3\" data-aos=\"fade-up\">\n                                                                                    Chambre Double Premium                                                                                                                            <span class=\"subtitle\" data-aos=\"fade-up\" data-aos-delay=\"50\">\n                                                1-2 personnes                                            <\/span>\n                                                                            <\/h2>\n                                <\/header>\n\n                                <article class=\"content-wrap\" data-aos=\"fade-up\" data-aos-delay=\"150\">\n                                    <p>La chambre Double Premium est adapt\u00e9e pour 2 personnes (+ 1 b\u00e9b\u00e9 de 0 \u00e0 2 ans)<\/p>\n                                <\/article>\n                                \n                                <div class=\"buttons\" data-aos=\"fade-up\" data-aos-delay=\"150\">\n                                    <a class=\"button secondary  js-single-modal-trigger-ajax\"  data-type=\"room\" data-id=\"3966\" data-modal=\"modal-3\" href=\"#\">\n                                        Plus d&rsquo;infos                                    <\/a>\n                                                                                                <a class=\"button button  primary\" href=\"https:\/\/www.secure-hotel-booking.com\/smart\/Hotel-l-Elysee-Val-d-Europe\/2VN9\/fr\/?serializedCookie=Y29va2llbGF3aW5mby1jaGVja2JveC1uZWNlc3Nhcnk9eWVz&#038;_gl=1*11y9hwu*_ga*MTAwMzc3NDE3MC4xNzA4NTA3MzQ0*_ga_84KQ48NKY7*MTcwODUxMzQ3MC4yLjEuMTcwODUxNTQ4MC41OC4wLjA.*_gcl_au*MTI4MTYyMzExMi4xNzA4NTA3MzQy&#038;_ga=2.125062531.840581918.1708507344-1003774170.1708507344\" target=\"_blank\" rel=\"noopener\"  >\n            R\u00e9server        <\/a>\n                                                                                                                    <a href=\"https:\/\/go.visitme360.com\/F1BESPx5IE\/42651646p&#038;36.28h&#038;79.28t\" target=\"_blank\" class=\"button minor icon-right tour-link\">\n                                            Vue 360                                            <svg xmlns=\"http:\/\/www.w3.org\/2000\/svg\" viewBox=\"0 0 24 24\"><path d=\"M13.55 19.7l1.5-.281a.366.366 0 0 1 .423.281l.282 1.5m-.515-1.4l-.235.376A3.862 3.862 0 0 1 12 22.1c-2.019 0-3.71-2.254-4.508-5.588l-.188-.8A24.816 24.816 0 0 1 6.928 12 19.476 19.476 0 0 1 7.3 8.29l.188-.8C8.29 4.158 9.981 1.9 12 1.9s3.71 2.254 4.508 5.588l.188.8A24.816 24.816 0 0 1 17.072 12a19.476 19.476 0 0 1-.376 3.71l-.188.8a6.556 6.556 0 0 1-.423 1.362M4.3 10.45l.281-1.5a.324.324 0 0 0-.281-.425l-1.5-.282m1.409.517l-.376.235A3.862 3.862 0 0 0 1.9 12c0 2.019 2.254 3.71 5.588 4.508l.8.188a24.816 24.816 0 0 0 3.71.376 19.476 19.476 0 0 0 3.71-.376l.8-.188C19.842 15.71 22.1 14.019 22.1 12s-2.254-3.71-5.588-4.508l-.8-.188A24.816 24.816 0 0 0 12 6.928a19.476 19.476 0 0 0-3.71.372l-.8.188a6.556 6.556 0 0 0-1.362.423\" fill=\"none\" stroke=\"currentColor\" stroke-linecap=\"round\" stroke-linejoin=\"round\" stroke-width=\"1.5\"\/><\/svg>\n                                        <\/a>\n                                                                    <\/div>\n                            <\/div>\n                        <\/div>\n                    <\/div>\n                                    <div class=\"img-content column\">\n                        <div class=\"img\" data-aos=\"fade-up\">\n                            <div class=\"media-container   image-carousel  js-image-carousel \"><img decoding=\"async\"\n            src=\"https:\/\/www.hotelelysee.com\/wp-content\/uploads\/2023\/11\/hotel_elysee-710-800x1200.jpg\"\n    \n            loading=\"lazy\"          \n    \n    \n    onerror=\"this.onerror=null; this.src='data:image\/gif;base64,R0lGODlhAQABAIAAAMLCwgAAACH5BAAAAAAALAAAAAABAAEAAAICRAEAOw=='; this.srcset='data:image\/gif;base64,R0lGODlhAQABAIAAAMLCwgAAACH5BAAAAAAALAAAAAABAAEAAAICRAEAOw=='\"\n    alt=\"hotel_elysee-710\"\n    width=\"800\"\n    height=\"1200\"\n    class=\"\n        object-fit  set-aspect             \"\n\n            style=\"  --aspect-ratio: 4\/3;  \"\n        \n            srcset=\"https:\/\/www.hotelelysee.com\/wp-content\/uploads\/2023\/11\/hotel_elysee-710-188x282.jpg 188w, https:\/\/www.hotelelysee.com\/wp-content\/uploads\/2023\/11\/hotel_elysee-710-375x562.jpg 375w, https:\/\/www.hotelelysee.com\/wp-content\/uploads\/2023\/11\/hotel_elysee-710-500x750.jpg 500w, https:\/\/www.hotelelysee.com\/wp-content\/uploads\/2023\/11\/hotel_elysee-710-640x960.jpg 640w, https:\/\/www.hotelelysee.com\/wp-content\/uploads\/2023\/11\/hotel_elysee-710-800x1200.jpg 800w, https:\/\/www.hotelelysee.com\/wp-content\/uploads\/2023\/11\/hotel_elysee-710-1024x1536.jpg 1024w, https:\/\/www.hotelelysee.com\/wp-content\/uploads\/2023\/11\/hotel_elysee-710.jpg 1367w, https:\/\/www.hotelelysee.com\/wp-content\/uploads\/2023\/11\/hotel_elysee-710.jpg 1920w, https:\/\/www.hotelelysee.com\/wp-content\/uploads\/2023\/11\/hotel_elysee-710.jpg 2200w\"\n    \n    sizes=\"auto, (max-width: 48em) 100vw, (max-width: 64em) 100vw, (min-width: 64em) 100vw\">\n<img decoding=\"async\"\n            src=\"https:\/\/www.hotelelysee.com\/wp-content\/uploads\/2023\/11\/Salle-de-bain-800x533.jpg\"\n    \n            loading=\"lazy\"          \n    \n    \n    onerror=\"this.onerror=null; this.src='data:image\/gif;base64,R0lGODlhAQABAIAAAMLCwgAAACH5BAAAAAAALAAAAAABAAEAAAICRAEAOw=='; this.srcset='data:image\/gif;base64,R0lGODlhAQABAIAAAMLCwgAAACH5BAAAAAAALAAAAAABAAEAAAICRAEAOw=='\"\n    alt=\"Salle de bain\"\n    width=\"800\"\n    height=\"533\"\n    class=\"\n        object-fit  set-aspect             \"\n\n            style=\"  --aspect-ratio: 4\/3;  \"\n        \n            srcset=\"https:\/\/www.hotelelysee.com\/wp-content\/uploads\/2023\/11\/Salle-de-bain-188x125.jpg 188w, https:\/\/www.hotelelysee.com\/wp-content\/uploads\/2023\/11\/Salle-de-bain-375x250.jpg 375w, https:\/\/www.hotelelysee.com\/wp-content\/uploads\/2023\/11\/Salle-de-bain-500x333.jpg 500w, https:\/\/www.hotelelysee.com\/wp-content\/uploads\/2023\/11\/Salle-de-bain-640x427.jpg 640w, https:\/\/www.hotelelysee.com\/wp-content\/uploads\/2023\/11\/Salle-de-bain-800x533.jpg 800w, https:\/\/www.hotelelysee.com\/wp-content\/uploads\/2023\/11\/Salle-de-bain-1024x683.jpg 1024w, https:\/\/www.hotelelysee.com\/wp-content\/uploads\/2023\/11\/Salle-de-bain-1367x911.jpg 1367w, https:\/\/www.hotelelysee.com\/wp-content\/uploads\/2023\/11\/Salle-de-bain.jpg 1920w, https:\/\/www.hotelelysee.com\/wp-content\/uploads\/2023\/11\/Salle-de-bain.jpg 2200w\"\n    \n    sizes=\"auto, (max-width: 48em) 100vw, (max-width: 64em) 100vw, (min-width: 64em) 100vw\">\n<img decoding=\"async\"\n            src=\"https:\/\/www.hotelelysee.com\/wp-content\/uploads\/2024\/02\/4-pax-standard-800x534.jpg\"\n    \n            loading=\"lazy\"          \n    \n    \n    onerror=\"this.onerror=null; this.src='data:image\/gif;base64,R0lGODlhAQABAIAAAMLCwgAAACH5BAAAAAAALAAAAAABAAEAAAICRAEAOw=='; this.srcset='data:image\/gif;base64,R0lGODlhAQABAIAAAMLCwgAAACH5BAAAAAAALAAAAAABAAEAAAICRAEAOw=='\"\n    alt=\"Chambre Quadruple H\u00f4tel l'Elys\u00e9e Val d'Europe Disneyland Paris\"\n    width=\"800\"\n    height=\"534\"\n    class=\"\n        object-fit  set-aspect             \"\n\n            style=\"  --aspect-ratio: 4\/3;  \"\n        \n            srcset=\"https:\/\/www.hotelelysee.com\/wp-content\/uploads\/2024\/02\/4-pax-standard-188x125.jpg 188w, https:\/\/www.hotelelysee.com\/wp-content\/uploads\/2024\/02\/4-pax-standard-375x250.jpg 375w, https:\/\/www.hotelelysee.com\/wp-content\/uploads\/2024\/02\/4-pax-standard-500x334.jpg 500w, https:\/\/www.hotelelysee.com\/wp-content\/uploads\/2024\/02\/4-pax-standard-640x427.jpg 640w, https:\/\/www.hotelelysee.com\/wp-content\/uploads\/2024\/02\/4-pax-standard-800x534.jpg 800w, https:\/\/www.hotelelysee.com\/wp-content\/uploads\/2024\/02\/4-pax-standard.jpg 1024w, https:\/\/www.hotelelysee.com\/wp-content\/uploads\/2024\/02\/4-pax-standard.jpg 1367w, https:\/\/www.hotelelysee.com\/wp-content\/uploads\/2024\/02\/4-pax-standard.jpg 1920w, https:\/\/www.hotelelysee.com\/wp-content\/uploads\/2024\/02\/4-pax-standard.jpg 2200w\"\n    \n    sizes=\"auto, (max-width: 48em) 100vw, (max-width: 64em) 100vw, (min-width: 64em) 100vw\">\n<img decoding=\"async\"\n            src=\"https:\/\/www.hotelelysee.com\/wp-content\/uploads\/2023\/11\/hotel_elysee-699-800x534.jpg\"\n    \n            loading=\"lazy\"          \n    \n    \n    onerror=\"this.onerror=null; this.src='data:image\/gif;base64,R0lGODlhAQABAIAAAMLCwgAAACH5BAAAAAAALAAAAAABAAEAAAICRAEAOw=='; this.srcset='data:image\/gif;base64,R0lGODlhAQABAIAAAMLCwgAAACH5BAAAAAAALAAAAAABAAEAAAICRAEAOw=='\"\n    alt=\"hotel_elysee-699\"\n    width=\"800\"\n    height=\"534\"\n    class=\"\n        object-fit  set-aspect             \"\n\n            style=\"  --aspect-ratio: 4\/3;  \"\n        \n            srcset=\"https:\/\/www.hotelelysee.com\/wp-content\/uploads\/2023\/11\/hotel_elysee-699-188x125.jpg 188w, https:\/\/www.hotelelysee.com\/wp-content\/uploads\/2023\/11\/hotel_elysee-699-375x250.jpg 375w, https:\/\/www.hotelelysee.com\/wp-content\/uploads\/2023\/11\/hotel_elysee-699-500x334.jpg 500w, https:\/\/www.hotelelysee.com\/wp-content\/uploads\/2023\/11\/hotel_elysee-699-640x427.jpg 640w, https:\/\/www.hotelelysee.com\/wp-content\/uploads\/2023\/11\/hotel_elysee-699-800x534.jpg 800w, https:\/\/www.hotelelysee.com\/wp-content\/uploads\/2023\/11\/hotel_elysee-699-1024x683.jpg 1024w, https:\/\/www.hotelelysee.com\/wp-content\/uploads\/2023\/11\/hotel_elysee-699-1367x912.jpg 1367w, https:\/\/www.hotelelysee.com\/wp-content\/uploads\/2023\/11\/hotel_elysee-699-1920x1281.jpg 1920w, https:\/\/www.hotelelysee.com\/wp-content\/uploads\/2023\/11\/hotel_elysee-699.jpg 2200w\"\n    \n    sizes=\"auto, (max-width: 48em) 100vw, (max-width: 64em) 100vw, (min-width: 64em) 100vw\">\n<\/div><div class=\"slick-controls slick-media flex justify-center items-center\">\n                <!-- <a href=\"#\" class=\"js-img-prev slick-control\" title=\"Previous slide\"><svg width=\"24\" height=\"24\" xmlns=\"http:\/\/www.w3.org\/2000\/svg\" viewBox=\"0 0 48 48\"><title>Previous<\/title><g class=\"caret-left\"><polyline class=\"arrowhead\" points=\"29.018 36.036 16.982 24 29.018 11.964\" fill=\"none\" stroke=\"currentColor\" stroke-linecap=\"round\" stroke-linejoin=\"round\" stroke-width=\"3\"\/><\/g><\/svg><\/a> -->\n                <div class=\"slick-dots img-content-dots\"><\/div>\n                <!-- <a href=\"#\" class=\"js-img-next slick-control\" title=\"Next slide\"><svg width=\"24\" height=\"24\" xmlns=\"http:\/\/www.w3.org\/2000\/svg\" viewBox=\"0 0 48 48\"><title>Next<\/title><g class=\"caret-right\"><polyline class=\"arrowhead\" points=\"18.982 11.964 31.018 24 18.982 36.036\" fill=\"none\" stroke=\"currentColor\" stroke-linecap=\"round\" stroke-linejoin=\"round\" stroke-width=\"3\"\/><\/g><\/svg><\/a> -->\n            <\/div>                        <\/div>\n\n                        <div class=\"content\">\n                            <div class=\"content-inner\">\n                                <header>\n                                                                            <p class=\"mb-1 overline color-accent\" data-aos=\"fade-up\">\n                                            \u00c0 partir de 140\u20ac par nuit                                        <\/p>\n                                    \n                                    <h2 class=\"h3\" data-aos=\"fade-up\">\n                                                                                    Chambre Quadruple Classique                                                                                                                            <span class=\"subtitle\" data-aos=\"fade-up\" data-aos-delay=\"50\">\n                                                1-4 personnes                                            <\/span>\n                                                                            <\/h2>\n                                <\/header>\n\n                                <article class=\"content-wrap\" data-aos=\"fade-up\" data-aos-delay=\"150\">\n                                    <p>La chambre Quadruple Classique est adapt\u00e9e pour 4 personnes (+ 1 b\u00e9b\u00e9 de 0 \u00e0 2 ans)<\/p>\n                                <\/article>\n                                \n                                <div class=\"buttons\" data-aos=\"fade-up\" data-aos-delay=\"150\">\n                                    <a class=\"button secondary  js-single-modal-trigger-ajax\"  data-type=\"room\" data-id=\"3985\" data-modal=\"modal-4\" href=\"#\">\n                                        Plus d&rsquo;infos                                    <\/a>\n                                                                                                <a class=\"button button  primary\" href=\"https:\/\/www.secure-hotel-booking.com\/smart\/Hotel-l-Elysee-Val-d-Europe\/2VN9\/en-US\/?serializedCookie=Y29va2llbGF3aW5mby1jaGVja2JveC1uZWNlc3Nhcnk9eWVz&#038;_gl=1*pejj9u*_ga*OTg3Mzg2NTguMTcwNzgzNTMyMw..*_ga_84KQ48NKY7*MTcwNzgzNTMyMi4xLjEuMTcwNzgzNTQwMC41OS4wLjA.*_gcl_au*MTgwMTU2MzYwNy4xNzA3ODM1MzIy&#038;_ga=2.41982693.1339717397.1707835323-98738658.1707835323\" target=\"_blank\" rel=\"noopener\"  >\n            R\u00e9server        <\/a>\n                                                                                                                    <a href=\"https:\/\/go.visitme360.com\/F1BESPx5IE\/42651641p&#038;323.49h&#038;82.36t\" target=\"_blank\" class=\"button minor icon-right tour-link\">\n                                            Vue 360                                            <svg xmlns=\"http:\/\/www.w3.org\/2000\/svg\" viewBox=\"0 0 24 24\"><path d=\"M13.55 19.7l1.5-.281a.366.366 0 0 1 .423.281l.282 1.5m-.515-1.4l-.235.376A3.862 3.862 0 0 1 12 22.1c-2.019 0-3.71-2.254-4.508-5.588l-.188-.8A24.816 24.816 0 0 1 6.928 12 19.476 19.476 0 0 1 7.3 8.29l.188-.8C8.29 4.158 9.981 1.9 12 1.9s3.71 2.254 4.508 5.588l.188.8A24.816 24.816 0 0 1 17.072 12a19.476 19.476 0 0 1-.376 3.71l-.188.8a6.556 6.556 0 0 1-.423 1.362M4.3 10.45l.281-1.5a.324.324 0 0 0-.281-.425l-1.5-.282m1.409.517l-.376.235A3.862 3.862 0 0 0 1.9 12c0 2.019 2.254 3.71 5.588 4.508l.8.188a24.816 24.816 0 0 0 3.71.376 19.476 19.476 0 0 0 3.71-.376l.8-.188C19.842 15.71 22.1 14.019 22.1 12s-2.254-3.71-5.588-4.508l-.8-.188A24.816 24.816 0 0 0 12 6.928a19.476 19.476 0 0 0-3.71.372l-.8.188a6.556 6.556 0 0 0-1.362.423\" fill=\"none\" stroke=\"currentColor\" stroke-linecap=\"round\" stroke-linejoin=\"round\" stroke-width=\"1.5\"\/><\/svg>\n                                        <\/a>\n                                                                    <\/div>\n                            <\/div>\n                        <\/div>\n                    <\/div>\n                                    <div class=\"img-content column\">\n                        <div class=\"img\" data-aos=\"fade-up\">\n                            <div class=\"media-container   image-carousel  js-image-carousel \"><img decoding=\"async\"\n            src=\"https:\/\/www.hotelelysee.com\/wp-content\/uploads\/2023\/11\/Salle-de-Bain-4-pax-800x533.jpg\"\n    \n            loading=\"lazy\"          \n    \n    \n    onerror=\"this.onerror=null; this.src='data:image\/gif;base64,R0lGODlhAQABAIAAAMLCwgAAACH5BAAAAAAALAAAAAABAAEAAAICRAEAOw=='; this.srcset='data:image\/gif;base64,R0lGODlhAQABAIAAAMLCwgAAACH5BAAAAAAALAAAAAABAAEAAAICRAEAOw=='\"\n    alt=\"Salle de Bain 4 pax\"\n    width=\"800\"\n    height=\"533\"\n    class=\"\n        object-fit  set-aspect             \"\n\n            style=\"  --aspect-ratio: 4\/3;  \"\n        \n            srcset=\"https:\/\/www.hotelelysee.com\/wp-content\/uploads\/2023\/11\/Salle-de-Bain-4-pax-188x125.jpg 188w, https:\/\/www.hotelelysee.com\/wp-content\/uploads\/2023\/11\/Salle-de-Bain-4-pax-375x250.jpg 375w, https:\/\/www.hotelelysee.com\/wp-content\/uploads\/2023\/11\/Salle-de-Bain-4-pax-500x333.jpg 500w, https:\/\/www.hotelelysee.com\/wp-content\/uploads\/2023\/11\/Salle-de-Bain-4-pax-640x427.jpg 640w, https:\/\/www.hotelelysee.com\/wp-content\/uploads\/2023\/11\/Salle-de-Bain-4-pax-800x533.jpg 800w, https:\/\/www.hotelelysee.com\/wp-content\/uploads\/2023\/11\/Salle-de-Bain-4-pax-1024x683.jpg 1024w, https:\/\/www.hotelelysee.com\/wp-content\/uploads\/2023\/11\/Salle-de-Bain-4-pax-1367x911.jpg 1367w, https:\/\/www.hotelelysee.com\/wp-content\/uploads\/2023\/11\/Salle-de-Bain-4-pax.jpg 1920w, https:\/\/www.hotelelysee.com\/wp-content\/uploads\/2023\/11\/Salle-de-Bain-4-pax.jpg 2200w\"\n    \n    sizes=\"auto, (max-width: 48em) 100vw, (max-width: 64em) 100vw, (min-width: 64em) 100vw\">\n<img decoding=\"async\"\n            src=\"https:\/\/www.hotelelysee.com\/wp-content\/uploads\/2023\/11\/hotel_elysee-700-800x1200.jpg\"\n    \n            loading=\"lazy\"          \n    \n    \n    onerror=\"this.onerror=null; this.src='data:image\/gif;base64,R0lGODlhAQABAIAAAMLCwgAAACH5BAAAAAAALAAAAAABAAEAAAICRAEAOw=='; this.srcset='data:image\/gif;base64,R0lGODlhAQABAIAAAMLCwgAAACH5BAAAAAAALAAAAAABAAEAAAICRAEAOw=='\"\n    alt=\"hotel_elysee-700\"\n    width=\"800\"\n    height=\"1200\"\n    class=\"\n        object-fit  set-aspect             \"\n\n            style=\"  --aspect-ratio: 4\/3;  \"\n        \n            srcset=\"https:\/\/www.hotelelysee.com\/wp-content\/uploads\/2023\/11\/hotel_elysee-700-188x282.jpg 188w, https:\/\/www.hotelelysee.com\/wp-content\/uploads\/2023\/11\/hotel_elysee-700-375x562.jpg 375w, https:\/\/www.hotelelysee.com\/wp-content\/uploads\/2023\/11\/hotel_elysee-700-500x750.jpg 500w, https:\/\/www.hotelelysee.com\/wp-content\/uploads\/2023\/11\/hotel_elysee-700-640x960.jpg 640w, https:\/\/www.hotelelysee.com\/wp-content\/uploads\/2023\/11\/hotel_elysee-700-800x1200.jpg 800w, https:\/\/www.hotelelysee.com\/wp-content\/uploads\/2023\/11\/hotel_elysee-700-1024x1536.jpg 1024w, https:\/\/www.hotelelysee.com\/wp-content\/uploads\/2023\/11\/hotel_elysee-700.jpg 1367w, https:\/\/www.hotelelysee.com\/wp-content\/uploads\/2023\/11\/hotel_elysee-700.jpg 1920w, https:\/\/www.hotelelysee.com\/wp-content\/uploads\/2023\/11\/hotel_elysee-700.jpg 2200w\"\n    \n    sizes=\"auto, (max-width: 48em) 100vw, (max-width: 64em) 100vw, (min-width: 64em) 100vw\">\n<img decoding=\"async\"\n            src=\"https:\/\/www.hotelelysee.com\/wp-content\/uploads\/2023\/11\/Quadruple-Twin-Premium-800x534.png\"\n    \n            loading=\"lazy\"          \n    \n    \n    onerror=\"this.onerror=null; this.src='data:image\/gif;base64,R0lGODlhAQABAIAAAMLCwgAAACH5BAAAAAAALAAAAAABAAEAAAICRAEAOw=='; this.srcset='data:image\/gif;base64,R0lGODlhAQABAIAAAMLCwgAAACH5BAAAAAAALAAAAAABAAEAAAICRAEAOw=='\"\n    alt=\"Quadruple Premium\"\n    width=\"800\"\n    height=\"534\"\n    class=\"\n        object-fit  set-aspect             \"\n\n            style=\"  --aspect-ratio: 4\/3;  \"\n        \n            srcset=\"https:\/\/www.hotelelysee.com\/wp-content\/uploads\/2023\/11\/Quadruple-Twin-Premium-188x125.png 188w, https:\/\/www.hotelelysee.com\/wp-content\/uploads\/2023\/11\/Quadruple-Twin-Premium-375x250.png 375w, https:\/\/www.hotelelysee.com\/wp-content\/uploads\/2023\/11\/Quadruple-Twin-Premium-500x334.png 500w, https:\/\/www.hotelelysee.com\/wp-content\/uploads\/2023\/11\/Quadruple-Twin-Premium-640x427.png 640w, https:\/\/www.hotelelysee.com\/wp-content\/uploads\/2023\/11\/Quadruple-Twin-Premium-800x534.png 800w, https:\/\/www.hotelelysee.com\/wp-content\/uploads\/2023\/11\/Quadruple-Twin-Premium.png 1024w, https:\/\/www.hotelelysee.com\/wp-content\/uploads\/2023\/11\/Quadruple-Twin-Premium.png 1367w, https:\/\/www.hotelelysee.com\/wp-content\/uploads\/2023\/11\/Quadruple-Twin-Premium.png 1920w, https:\/\/www.hotelelysee.com\/wp-content\/uploads\/2023\/11\/Quadruple-Twin-Premium.png 2200w\"\n    \n    sizes=\"auto, (max-width: 48em) 100vw, (max-width: 64em) 100vw, (min-width: 64em) 100vw\">\n<img decoding=\"async\"\n            src=\"https:\/\/www.hotelelysee.com\/wp-content\/uploads\/2023\/11\/Salle-de-bain-800x533.jpg\"\n    \n            loading=\"lazy\"          \n    \n    \n    onerror=\"this.onerror=null; this.src='data:image\/gif;base64,R0lGODlhAQABAIAAAMLCwgAAACH5BAAAAAAALAAAAAABAAEAAAICRAEAOw=='; this.srcset='data:image\/gif;base64,R0lGODlhAQABAIAAAMLCwgAAACH5BAAAAAAALAAAAAABAAEAAAICRAEAOw=='\"\n    alt=\"Salle de bain\"\n    width=\"800\"\n    height=\"533\"\n    class=\"\n        object-fit  set-aspect             \"\n\n            style=\"  --aspect-ratio: 4\/3;  \"\n        \n            srcset=\"https:\/\/www.hotelelysee.com\/wp-content\/uploads\/2023\/11\/Salle-de-bain-188x125.jpg 188w, https:\/\/www.hotelelysee.com\/wp-content\/uploads\/2023\/11\/Salle-de-bain-375x250.jpg 375w, https:\/\/www.hotelelysee.com\/wp-content\/uploads\/2023\/11\/Salle-de-bain-500x333.jpg 500w, https:\/\/www.hotelelysee.com\/wp-content\/uploads\/2023\/11\/Salle-de-bain-640x427.jpg 640w, https:\/\/www.hotelelysee.com\/wp-content\/uploads\/2023\/11\/Salle-de-bain-800x533.jpg 800w, https:\/\/www.hotelelysee.com\/wp-content\/uploads\/2023\/11\/Salle-de-bain-1024x683.jpg 1024w, https:\/\/www.hotelelysee.com\/wp-content\/uploads\/2023\/11\/Salle-de-bain-1367x911.jpg 1367w, https:\/\/www.hotelelysee.com\/wp-content\/uploads\/2023\/11\/Salle-de-bain.jpg 1920w, https:\/\/www.hotelelysee.com\/wp-content\/uploads\/2023\/11\/Salle-de-bain.jpg 2200w\"\n    \n    sizes=\"auto, (max-width: 48em) 100vw, (max-width: 64em) 100vw, (min-width: 64em) 100vw\">\n<\/div><div class=\"slick-controls slick-media flex justify-center items-center\">\n                <!-- <a href=\"#\" class=\"js-img-prev slick-control\" title=\"Previous slide\"><svg width=\"24\" height=\"24\" xmlns=\"http:\/\/www.w3.org\/2000\/svg\" viewBox=\"0 0 48 48\"><title>Previous<\/title><g class=\"caret-left\"><polyline class=\"arrowhead\" points=\"29.018 36.036 16.982 24 29.018 11.964\" fill=\"none\" stroke=\"currentColor\" stroke-linecap=\"round\" stroke-linejoin=\"round\" stroke-width=\"3\"\/><\/g><\/svg><\/a> -->\n                <div class=\"slick-dots img-content-dots\"><\/div>\n                <!-- <a href=\"#\" class=\"js-img-next slick-control\" title=\"Next slide\"><svg width=\"24\" height=\"24\" xmlns=\"http:\/\/www.w3.org\/2000\/svg\" viewBox=\"0 0 48 48\"><title>Next<\/title><g class=\"caret-right\"><polyline class=\"arrowhead\" points=\"18.982 11.964 31.018 24 18.982 36.036\" fill=\"none\" stroke=\"currentColor\" stroke-linecap=\"round\" stroke-linejoin=\"round\" stroke-width=\"3\"\/><\/g><\/svg><\/a> -->\n            <\/div>                        <\/div>\n\n                        <div class=\"content\">\n                            <div class=\"content-inner\">\n                                <header>\n                                                                            <p class=\"mb-1 overline color-accent\" data-aos=\"fade-up\">\n                                            A partir de 160\u20ac par nuit                                        <\/p>\n                                    \n                                    <h2 class=\"h3\" data-aos=\"fade-up\">\n                                                                                    Chambre Quadruple Premium                                                                                                                            <span class=\"subtitle\" data-aos=\"fade-up\" data-aos-delay=\"50\">\n                                                1-4 personnes                                            <\/span>\n                                                                            <\/h2>\n                                <\/header>\n\n                                <article class=\"content-wrap\" data-aos=\"fade-up\" data-aos-delay=\"150\">\n                                    <p>La Chambre Quadruple Premium est adapt\u00e9e pour 4 personnes (+ 1 b\u00e9b\u00e9 de 0 \u00e0 2 ans)<\/p>\n                                <\/article>\n                                \n                                <div class=\"buttons\" data-aos=\"fade-up\" data-aos-delay=\"150\">\n                                    <a class=\"button secondary  js-single-modal-trigger-ajax\"  data-type=\"room\" data-id=\"3979\" data-modal=\"modal-5\" href=\"#\">\n                                        Plus d&rsquo;infos                                    <\/a>\n                                                                                                <a class=\"button button  primary\" href=\"https:\/\/www.secure-hotel-booking.com\/smart\/Hotel-l-Elysee-Val-d-Europe\/2VN9\/fr\/?serializedCookie=Y29va2llbGF3aW5mby1jaGVja2JveC1uZWNlc3Nhcnk9eWVz&#038;_gl=1*pejj9u*_ga*OTg3Mzg2NTguMTcwNzgzNTMyMw..*_ga_84KQ48NKY7*MTcwNzgzNTMyMi4xLjEuMTcwNzgzNTQwMC41OS4wLjA.*_gcl_au*MTgwMTU2MzYwNy4xNzA3ODM1MzIy&#038;_ga=2.41982693.1339717397.1707835323-98738658.1707835323\" target=\"_blank\" rel=\"noopener\"  >\n            R\u00e9server        <\/a>\n                                                                                                                    <a href=\"https:\/\/go.visitme360.com\/F1BESPx5IE\/42651600p&#038;321.95h&#038;83.87t\" target=\"_blank\" class=\"button minor icon-right tour-link\">\n                                            Vue 360                                            <svg xmlns=\"http:\/\/www.w3.org\/2000\/svg\" viewBox=\"0 0 24 24\"><path d=\"M13.55 19.7l1.5-.281a.366.366 0 0 1 .423.281l.282 1.5m-.515-1.4l-.235.376A3.862 3.862 0 0 1 12 22.1c-2.019 0-3.71-2.254-4.508-5.588l-.188-.8A24.816 24.816 0 0 1 6.928 12 19.476 19.476 0 0 1 7.3 8.29l.188-.8C8.29 4.158 9.981 1.9 12 1.9s3.71 2.254 4.508 5.588l.188.8A24.816 24.816 0 0 1 17.072 12a19.476 19.476 0 0 1-.376 3.71l-.188.8a6.556 6.556 0 0 1-.423 1.362M4.3 10.45l.281-1.5a.324.324 0 0 0-.281-.425l-1.5-.282m1.409.517l-.376.235A3.862 3.862 0 0 0 1.9 12c0 2.019 2.254 3.71 5.588 4.508l.8.188a24.816 24.816 0 0 0 3.71.376 19.476 19.476 0 0 0 3.71-.376l.8-.188C19.842 15.71 22.1 14.019 22.1 12s-2.254-3.71-5.588-4.508l-.8-.188A24.816 24.816 0 0 0 12 6.928a19.476 19.476 0 0 0-3.71.372l-.8.188a6.556 6.556 0 0 0-1.362.423\" fill=\"none\" stroke=\"currentColor\" stroke-linecap=\"round\" stroke-linejoin=\"round\" stroke-width=\"1.5\"\/><\/svg>\n                                        <\/a>\n                                                                    <\/div>\n                            <\/div>\n                        <\/div>\n                    <\/div>\n                                    <div class=\"img-content column\">\n                        <div class=\"img\" data-aos=\"fade-up\">\n                            <div class=\"media-container   image-carousel  js-image-carousel \"><img decoding=\"async\"\n            src=\"https:\/\/www.hotelelysee.com\/wp-content\/uploads\/2024\/02\/4-pax-communicantes-standards-800x533.jpg\"\n    \n            loading=\"lazy\"          \n    \n    \n    onerror=\"this.onerror=null; this.src='data:image\/gif;base64,R0lGODlhAQABAIAAAMLCwgAAACH5BAAAAAAALAAAAAABAAEAAAICRAEAOw=='; this.srcset='data:image\/gif;base64,R0lGODlhAQABAIAAAMLCwgAAACH5BAAAAAAALAAAAAABAAEAAAICRAEAOw=='\"\n    alt=\"4 pax communicantes standards\"\n    width=\"800\"\n    height=\"533\"\n    class=\"\n        object-fit  set-aspect             \"\n\n            style=\"  --aspect-ratio: 4\/3;  \"\n        \n            srcset=\"https:\/\/www.hotelelysee.com\/wp-content\/uploads\/2024\/02\/4-pax-communicantes-standards-188x125.jpg 188w, https:\/\/www.hotelelysee.com\/wp-content\/uploads\/2024\/02\/4-pax-communicantes-standards-375x250.jpg 375w, https:\/\/www.hotelelysee.com\/wp-content\/uploads\/2024\/02\/4-pax-communicantes-standards-500x333.jpg 500w, https:\/\/www.hotelelysee.com\/wp-content\/uploads\/2024\/02\/4-pax-communicantes-standards-640x427.jpg 640w, https:\/\/www.hotelelysee.com\/wp-content\/uploads\/2024\/02\/4-pax-communicantes-standards-800x533.jpg 800w, https:\/\/www.hotelelysee.com\/wp-content\/uploads\/2024\/02\/4-pax-communicantes-standards-1024x683.jpg 1024w, https:\/\/www.hotelelysee.com\/wp-content\/uploads\/2024\/02\/4-pax-communicantes-standards-1367x911.jpg 1367w, https:\/\/www.hotelelysee.com\/wp-content\/uploads\/2024\/02\/4-pax-communicantes-standards.jpg 1920w, https:\/\/www.hotelelysee.com\/wp-content\/uploads\/2024\/02\/4-pax-communicantes-standards.jpg 2200w\"\n    \n    sizes=\"auto, (max-width: 48em) 100vw, (max-width: 64em) 100vw, (min-width: 64em) 100vw\">\n<img decoding=\"async\"\n            src=\"https:\/\/www.hotelelysee.com\/wp-content\/uploads\/2023\/11\/web_romainchambodut_hotel_elysee_009-800x533.jpg\"\n    \n            loading=\"lazy\"          \n    \n    \n    onerror=\"this.onerror=null; this.src='data:image\/gif;base64,R0lGODlhAQABAIAAAMLCwgAAACH5BAAAAAAALAAAAAABAAEAAAICRAEAOw=='; this.srcset='data:image\/gif;base64,R0lGODlhAQABAIAAAMLCwgAAACH5BAAAAAAALAAAAAABAAEAAAICRAEAOw=='\"\n    alt=\"web_romainchambodut_hotel_elysee_009\"\n    width=\"800\"\n    height=\"533\"\n    class=\"\n        object-fit  set-aspect             \"\n\n            style=\"  --aspect-ratio: 4\/3;  \"\n        \n            srcset=\"https:\/\/www.hotelelysee.com\/wp-content\/uploads\/2023\/11\/web_romainchambodut_hotel_elysee_009-188x125.jpg 188w, https:\/\/www.hotelelysee.com\/wp-content\/uploads\/2023\/11\/web_romainchambodut_hotel_elysee_009-375x250.jpg 375w, https:\/\/www.hotelelysee.com\/wp-content\/uploads\/2023\/11\/web_romainchambodut_hotel_elysee_009-500x333.jpg 500w, https:\/\/www.hotelelysee.com\/wp-content\/uploads\/2023\/11\/web_romainchambodut_hotel_elysee_009-640x427.jpg 640w, https:\/\/www.hotelelysee.com\/wp-content\/uploads\/2023\/11\/web_romainchambodut_hotel_elysee_009-800x533.jpg 800w, https:\/\/www.hotelelysee.com\/wp-content\/uploads\/2023\/11\/web_romainchambodut_hotel_elysee_009-1024x683.jpg 1024w, https:\/\/www.hotelelysee.com\/wp-content\/uploads\/2023\/11\/web_romainchambodut_hotel_elysee_009-1367x911.jpg 1367w, https:\/\/www.hotelelysee.com\/wp-content\/uploads\/2023\/11\/web_romainchambodut_hotel_elysee_009.jpg 1920w, https:\/\/www.hotelelysee.com\/wp-content\/uploads\/2023\/11\/web_romainchambodut_hotel_elysee_009.jpg 2200w\"\n    \n    sizes=\"auto, (max-width: 48em) 100vw, (max-width: 64em) 100vw, (min-width: 64em) 100vw\">\n<img decoding=\"async\"\n            src=\"https:\/\/www.hotelelysee.com\/wp-content\/uploads\/2023\/11\/web_romainchambodut_hotel_elysee_018-800x533.jpg\"\n    \n            loading=\"lazy\"          \n    \n    \n    onerror=\"this.onerror=null; this.src='data:image\/gif;base64,R0lGODlhAQABAIAAAMLCwgAAACH5BAAAAAAALAAAAAABAAEAAAICRAEAOw=='; this.srcset='data:image\/gif;base64,R0lGODlhAQABAIAAAMLCwgAAACH5BAAAAAAALAAAAAABAAEAAAICRAEAOw=='\"\n    alt=\"web_romainchambodut_hotel_elysee_018\"\n    width=\"800\"\n    height=\"533\"\n    class=\"\n        object-fit  set-aspect             \"\n\n            style=\"  --aspect-ratio: 4\/3;  \"\n        \n            srcset=\"https:\/\/www.hotelelysee.com\/wp-content\/uploads\/2023\/11\/web_romainchambodut_hotel_elysee_018-188x125.jpg 188w, https:\/\/www.hotelelysee.com\/wp-content\/uploads\/2023\/11\/web_romainchambodut_hotel_elysee_018-375x250.jpg 375w, https:\/\/www.hotelelysee.com\/wp-content\/uploads\/2023\/11\/web_romainchambodut_hotel_elysee_018-500x333.jpg 500w, https:\/\/www.hotelelysee.com\/wp-content\/uploads\/2023\/11\/web_romainchambodut_hotel_elysee_018-640x427.jpg 640w, https:\/\/www.hotelelysee.com\/wp-content\/uploads\/2023\/11\/web_romainchambodut_hotel_elysee_018-800x533.jpg 800w, https:\/\/www.hotelelysee.com\/wp-content\/uploads\/2023\/11\/web_romainchambodut_hotel_elysee_018-1024x683.jpg 1024w, https:\/\/www.hotelelysee.com\/wp-content\/uploads\/2023\/11\/web_romainchambodut_hotel_elysee_018-1367x911.jpg 1367w, https:\/\/www.hotelelysee.com\/wp-content\/uploads\/2023\/11\/web_romainchambodut_hotel_elysee_018.jpg 1920w, https:\/\/www.hotelelysee.com\/wp-content\/uploads\/2023\/11\/web_romainchambodut_hotel_elysee_018.jpg 2200w\"\n    \n    sizes=\"auto, (max-width: 48em) 100vw, (max-width: 64em) 100vw, (min-width: 64em) 100vw\">\n<img decoding=\"async\"\n            src=\"https:\/\/www.hotelelysee.com\/wp-content\/uploads\/2023\/11\/Salle-de-bain-800x533.jpg\"\n    \n            loading=\"lazy\"          \n    \n    \n    onerror=\"this.onerror=null; this.src='data:image\/gif;base64,R0lGODlhAQABAIAAAMLCwgAAACH5BAAAAAAALAAAAAABAAEAAAICRAEAOw=='; this.srcset='data:image\/gif;base64,R0lGODlhAQABAIAAAMLCwgAAACH5BAAAAAAALAAAAAABAAEAAAICRAEAOw=='\"\n    alt=\"Salle de bain\"\n    width=\"800\"\n    height=\"533\"\n    class=\"\n        object-fit  set-aspect             \"\n\n            style=\"  --aspect-ratio: 4\/3;  \"\n        \n            srcset=\"https:\/\/www.hotelelysee.com\/wp-content\/uploads\/2023\/11\/Salle-de-bain-188x125.jpg 188w, https:\/\/www.hotelelysee.com\/wp-content\/uploads\/2023\/11\/Salle-de-bain-375x250.jpg 375w, https:\/\/www.hotelelysee.com\/wp-content\/uploads\/2023\/11\/Salle-de-bain-500x333.jpg 500w, https:\/\/www.hotelelysee.com\/wp-content\/uploads\/2023\/11\/Salle-de-bain-640x427.jpg 640w, https:\/\/www.hotelelysee.com\/wp-content\/uploads\/2023\/11\/Salle-de-bain-800x533.jpg 800w, https:\/\/www.hotelelysee.com\/wp-content\/uploads\/2023\/11\/Salle-de-bain-1024x683.jpg 1024w, https:\/\/www.hotelelysee.com\/wp-content\/uploads\/2023\/11\/Salle-de-bain-1367x911.jpg 1367w, https:\/\/www.hotelelysee.com\/wp-content\/uploads\/2023\/11\/Salle-de-bain.jpg 1920w, https:\/\/www.hotelelysee.com\/wp-content\/uploads\/2023\/11\/Salle-de-bain.jpg 2200w\"\n    \n    sizes=\"auto, (max-width: 48em) 100vw, (max-width: 64em) 100vw, (min-width: 64em) 100vw\">\n<img decoding=\"async\"\n            src=\"https:\/\/www.hotelelysee.com\/wp-content\/uploads\/2023\/11\/hotel_elysee-714-800x1200.jpg\"\n    \n            loading=\"lazy\"          \n    \n    \n    onerror=\"this.onerror=null; this.src='data:image\/gif;base64,R0lGODlhAQABAIAAAMLCwgAAACH5BAAAAAAALAAAAAABAAEAAAICRAEAOw=='; this.srcset='data:image\/gif;base64,R0lGODlhAQABAIAAAMLCwgAAACH5BAAAAAAALAAAAAABAAEAAAICRAEAOw=='\"\n    alt=\"hotel_elysee-714\"\n    width=\"800\"\n    height=\"1200\"\n    class=\"\n        object-fit  set-aspect             \"\n\n            style=\"  --aspect-ratio: 4\/3;  \"\n        \n            srcset=\"https:\/\/www.hotelelysee.com\/wp-content\/uploads\/2023\/11\/hotel_elysee-714-188x282.jpg 188w, https:\/\/www.hotelelysee.com\/wp-content\/uploads\/2023\/11\/hotel_elysee-714-375x562.jpg 375w, https:\/\/www.hotelelysee.com\/wp-content\/uploads\/2023\/11\/hotel_elysee-714-500x750.jpg 500w, https:\/\/www.hotelelysee.com\/wp-content\/uploads\/2023\/11\/hotel_elysee-714-640x960.jpg 640w, https:\/\/www.hotelelysee.com\/wp-content\/uploads\/2023\/11\/hotel_elysee-714-800x1200.jpg 800w, https:\/\/www.hotelelysee.com\/wp-content\/uploads\/2023\/11\/hotel_elysee-714-1024x1536.jpg 1024w, https:\/\/www.hotelelysee.com\/wp-content\/uploads\/2023\/11\/hotel_elysee-714.jpg 1367w, https:\/\/www.hotelelysee.com\/wp-content\/uploads\/2023\/11\/hotel_elysee-714.jpg 1920w, https:\/\/www.hotelelysee.com\/wp-content\/uploads\/2023\/11\/hotel_elysee-714.jpg 2200w\"\n    \n    sizes=\"auto, (max-width: 48em) 100vw, (max-width: 64em) 100vw, (min-width: 64em) 100vw\">\n<\/div><div class=\"slick-controls slick-media flex justify-center items-center\">\n                <!-- <a href=\"#\" class=\"js-img-prev slick-control\" title=\"Previous slide\"><svg width=\"24\" height=\"24\" xmlns=\"http:\/\/www.w3.org\/2000\/svg\" viewBox=\"0 0 48 48\"><title>Previous<\/title><g class=\"caret-left\"><polyline class=\"arrowhead\" points=\"29.018 36.036 16.982 24 29.018 11.964\" fill=\"none\" stroke=\"currentColor\" stroke-linecap=\"round\" stroke-linejoin=\"round\" stroke-width=\"3\"\/><\/g><\/svg><\/a> -->\n                <div class=\"slick-dots img-content-dots\"><\/div>\n                <!-- <a href=\"#\" class=\"js-img-next slick-control\" title=\"Next slide\"><svg width=\"24\" height=\"24\" xmlns=\"http:\/\/www.w3.org\/2000\/svg\" viewBox=\"0 0 48 48\"><title>Next<\/title><g class=\"caret-right\"><polyline class=\"arrowhead\" points=\"18.982 11.964 31.018 24 18.982 36.036\" fill=\"none\" stroke=\"currentColor\" stroke-linecap=\"round\" stroke-linejoin=\"round\" stroke-width=\"3\"\/><\/g><\/svg><\/a> -->\n            <\/div>                        <\/div>\n\n                        <div class=\"content\">\n                            <div class=\"content-inner\">\n                                <header>\n                                                                            <p class=\"mb-1 overline color-accent\" data-aos=\"fade-up\">\n                                            A partir de 310\u20ac par nuit                                        <\/p>\n                                    \n                                    <h2 class=\"h3\" data-aos=\"fade-up\">\n                                                                                    Chambres Communicantes                                                                                                                            <span class=\"subtitle\" data-aos=\"fade-up\" data-aos-delay=\"50\">\n                                                1-8 personnes                                            <\/span>\n                                                                            <\/h2>\n                                <\/header>\n\n                                <article class=\"content-wrap\" data-aos=\"fade-up\" data-aos-delay=\"150\">\n                                    <div class=\"room-desc\">\n<p>D\u2019une capacit\u00e9 de 1 \u00e0 8 personnes et d\u2019une surface de 48 m\u00b2, vous b\u00e9n\u00e9ficierez de 2 chambres quadruples communicantes, comprenant une literie confortable compos\u00e9e de 4 grands lits doubles avec couette et oreillers hypoallerg\u00e9niques.<\/p>\n<\/div>\n                                <\/article>\n                                \n                                <div class=\"buttons\" data-aos=\"fade-up\" data-aos-delay=\"150\">\n                                    <a class=\"button secondary  js-single-modal-trigger-ajax\"  data-type=\"room\" data-id=\"3988\" data-modal=\"modal-6\" href=\"#\">\n                                        Plus d&rsquo;infos                                    <\/a>\n                                                                                                                                                                                                    <a href=\"https:\/\/go.visitme360.com\/F1BESPx5IE\/42651581p&#038;318.15h&#038;78.99t\" target=\"_blank\" class=\"button minor icon-right tour-link\">\n                                            Vue 360                                            <svg xmlns=\"http:\/\/www.w3.org\/2000\/svg\" viewBox=\"0 0 24 24\"><path d=\"M13.55 19.7l1.5-.281a.366.366 0 0 1 .423.281l.282 1.5m-.515-1.4l-.235.376A3.862 3.862 0 0 1 12 22.1c-2.019 0-3.71-2.254-4.508-5.588l-.188-.8A24.816 24.816 0 0 1 6.928 12 19.476 19.476 0 0 1 7.3 8.29l.188-.8C8.29 4.158 9.981 1.9 12 1.9s3.71 2.254 4.508 5.588l.188.8A24.816 24.816 0 0 1 17.072 12a19.476 19.476 0 0 1-.376 3.71l-.188.8a6.556 6.556 0 0 1-.423 1.362M4.3 10.45l.281-1.5a.324.324 0 0 0-.281-.425l-1.5-.282m1.409.517l-.376.235A3.862 3.862 0 0 0 1.9 12c0 2.019 2.254 3.71 5.588 4.508l.8.188a24.816 24.816 0 0 0 3.71.376 19.476 19.476 0 0 0 3.71-.376l.8-.188C19.842 15.71 22.1 14.019 22.1 12s-2.254-3.71-5.588-4.508l-.8-.188A24.816 24.816 0 0 0 12 6.928a19.476 19.476 0 0 0-3.71.372l-.8.188a6.556 6.556 0 0 0-1.362.423\" fill=\"none\" stroke=\"currentColor\" stroke-linecap=\"round\" stroke-linejoin=\"round\" stroke-width=\"1.5\"\/><\/svg>\n                                        <\/a>\n                                                                    <\/div>\n                            <\/div>\n                        <\/div>\n                    <\/div>\n                                    <div class=\"img-content column\">\n                        <div class=\"img\" data-aos=\"fade-up\">\n                            <div class=\"media-container   image-carousel  js-image-carousel \"><img decoding=\"async\"\n            src=\"https:\/\/www.hotelelysee.com\/wp-content\/uploads\/2023\/11\/web_romainchambodut_hotel_elysee_019-800x533.jpg\"\n    \n            loading=\"lazy\"          \n    \n    \n    onerror=\"this.onerror=null; this.src='data:image\/gif;base64,R0lGODlhAQABAIAAAMLCwgAAACH5BAAAAAAALAAAAAABAAEAAAICRAEAOw=='; this.srcset='data:image\/gif;base64,R0lGODlhAQABAIAAAMLCwgAAACH5BAAAAAAALAAAAAABAAEAAAICRAEAOw=='\"\n    alt=\"web_romainchambodut_hotel_elysee_019\"\n    width=\"800\"\n    height=\"533\"\n    class=\"\n        object-fit  set-aspect             \"\n\n            style=\"  --aspect-ratio: 4\/3;  \"\n        \n            srcset=\"https:\/\/www.hotelelysee.com\/wp-content\/uploads\/2023\/11\/web_romainchambodut_hotel_elysee_019-188x125.jpg 188w, https:\/\/www.hotelelysee.com\/wp-content\/uploads\/2023\/11\/web_romainchambodut_hotel_elysee_019-375x250.jpg 375w, https:\/\/www.hotelelysee.com\/wp-content\/uploads\/2023\/11\/web_romainchambodut_hotel_elysee_019-500x333.jpg 500w, https:\/\/www.hotelelysee.com\/wp-content\/uploads\/2023\/11\/web_romainchambodut_hotel_elysee_019-640x427.jpg 640w, https:\/\/www.hotelelysee.com\/wp-content\/uploads\/2023\/11\/web_romainchambodut_hotel_elysee_019-800x533.jpg 800w, https:\/\/www.hotelelysee.com\/wp-content\/uploads\/2023\/11\/web_romainchambodut_hotel_elysee_019-1024x683.jpg 1024w, https:\/\/www.hotelelysee.com\/wp-content\/uploads\/2023\/11\/web_romainchambodut_hotel_elysee_019-1367x911.jpg 1367w, https:\/\/www.hotelelysee.com\/wp-content\/uploads\/2023\/11\/web_romainchambodut_hotel_elysee_019.jpg 1920w, https:\/\/www.hotelelysee.com\/wp-content\/uploads\/2023\/11\/web_romainchambodut_hotel_elysee_019.jpg 2200w\"\n    \n    sizes=\"auto, (max-width: 48em) 100vw, (max-width: 64em) 100vw, (min-width: 64em) 100vw\">\n<img decoding=\"async\"\n            src=\"https:\/\/www.hotelelysee.com\/wp-content\/uploads\/2023\/11\/web_romainchambodut_hotel_elysee_020-800x533.jpg\"\n    \n            loading=\"lazy\"          \n    \n    \n    onerror=\"this.onerror=null; this.src='data:image\/gif;base64,R0lGODlhAQABAIAAAMLCwgAAACH5BAAAAAAALAAAAAABAAEAAAICRAEAOw=='; this.srcset='data:image\/gif;base64,R0lGODlhAQABAIAAAMLCwgAAACH5BAAAAAAALAAAAAABAAEAAAICRAEAOw=='\"\n    alt=\"web_romainchambodut_hotel_elysee_020\"\n    width=\"800\"\n    height=\"533\"\n    class=\"\n        object-fit  set-aspect             \"\n\n            style=\"  --aspect-ratio: 4\/3;  \"\n        \n            srcset=\"https:\/\/www.hotelelysee.com\/wp-content\/uploads\/2023\/11\/web_romainchambodut_hotel_elysee_020-188x125.jpg 188w, https:\/\/www.hotelelysee.com\/wp-content\/uploads\/2023\/11\/web_romainchambodut_hotel_elysee_020-375x250.jpg 375w, https:\/\/www.hotelelysee.com\/wp-content\/uploads\/2023\/11\/web_romainchambodut_hotel_elysee_020-500x333.jpg 500w, https:\/\/www.hotelelysee.com\/wp-content\/uploads\/2023\/11\/web_romainchambodut_hotel_elysee_020-640x427.jpg 640w, https:\/\/www.hotelelysee.com\/wp-content\/uploads\/2023\/11\/web_romainchambodut_hotel_elysee_020-800x533.jpg 800w, https:\/\/www.hotelelysee.com\/wp-content\/uploads\/2023\/11\/web_romainchambodut_hotel_elysee_020-1024x683.jpg 1024w, https:\/\/www.hotelelysee.com\/wp-content\/uploads\/2023\/11\/web_romainchambodut_hotel_elysee_020-1367x911.jpg 1367w, https:\/\/www.hotelelysee.com\/wp-content\/uploads\/2023\/11\/web_romainchambodut_hotel_elysee_020.jpg 1920w, https:\/\/www.hotelelysee.com\/wp-content\/uploads\/2023\/11\/web_romainchambodut_hotel_elysee_020.jpg 2200w\"\n    \n    sizes=\"auto, (max-width: 48em) 100vw, (max-width: 64em) 100vw, (min-width: 64em) 100vw\">\n<img decoding=\"async\"\n            src=\"https:\/\/www.hotelelysee.com\/wp-content\/uploads\/2023\/11\/web_romainchambodut_hotel_elysee_018-800x533.jpg\"\n    \n            loading=\"lazy\"          \n    \n    \n    onerror=\"this.onerror=null; this.src='data:image\/gif;base64,R0lGODlhAQABAIAAAMLCwgAAACH5BAAAAAAALAAAAAABAAEAAAICRAEAOw=='; this.srcset='data:image\/gif;base64,R0lGODlhAQABAIAAAMLCwgAAACH5BAAAAAAALAAAAAABAAEAAAICRAEAOw=='\"\n    alt=\"web_romainchambodut_hotel_elysee_018\"\n    width=\"800\"\n    height=\"533\"\n    class=\"\n        object-fit  set-aspect             \"\n\n            style=\"  --aspect-ratio: 4\/3;  \"\n        \n            srcset=\"https:\/\/www.hotelelysee.com\/wp-content\/uploads\/2023\/11\/web_romainchambodut_hotel_elysee_018-188x125.jpg 188w, https:\/\/www.hotelelysee.com\/wp-content\/uploads\/2023\/11\/web_romainchambodut_hotel_elysee_018-375x250.jpg 375w, https:\/\/www.hotelelysee.com\/wp-content\/uploads\/2023\/11\/web_romainchambodut_hotel_elysee_018-500x333.jpg 500w, https:\/\/www.hotelelysee.com\/wp-content\/uploads\/2023\/11\/web_romainchambodut_hotel_elysee_018-640x427.jpg 640w, https:\/\/www.hotelelysee.com\/wp-content\/uploads\/2023\/11\/web_romainchambodut_hotel_elysee_018-800x533.jpg 800w, https:\/\/www.hotelelysee.com\/wp-content\/uploads\/2023\/11\/web_romainchambodut_hotel_elysee_018-1024x683.jpg 1024w, https:\/\/www.hotelelysee.com\/wp-content\/uploads\/2023\/11\/web_romainchambodut_hotel_elysee_018-1367x911.jpg 1367w, https:\/\/www.hotelelysee.com\/wp-content\/uploads\/2023\/11\/web_romainchambodut_hotel_elysee_018.jpg 1920w, https:\/\/www.hotelelysee.com\/wp-content\/uploads\/2023\/11\/web_romainchambodut_hotel_elysee_018.jpg 2200w\"\n    \n    sizes=\"auto, (max-width: 48em) 100vw, (max-width: 64em) 100vw, (min-width: 64em) 100vw\">\n<img decoding=\"async\"\n            src=\"https:\/\/www.hotelelysee.com\/wp-content\/uploads\/2023\/11\/web_romainchambodut_hotel_elysee_021-800x533.jpg\"\n    \n            loading=\"lazy\"          \n    \n    \n    onerror=\"this.onerror=null; this.src='data:image\/gif;base64,R0lGODlhAQABAIAAAMLCwgAAACH5BAAAAAAALAAAAAABAAEAAAICRAEAOw=='; this.srcset='data:image\/gif;base64,R0lGODlhAQABAIAAAMLCwgAAACH5BAAAAAAALAAAAAABAAEAAAICRAEAOw=='\"\n    alt=\"web_romainchambodut_hotel_elysee_021\"\n    width=\"800\"\n    height=\"533\"\n    class=\"\n        object-fit  set-aspect             \"\n\n            style=\"  --aspect-ratio: 4\/3;  \"\n        \n            srcset=\"https:\/\/www.hotelelysee.com\/wp-content\/uploads\/2023\/11\/web_romainchambodut_hotel_elysee_021-188x125.jpg 188w, https:\/\/www.hotelelysee.com\/wp-content\/uploads\/2023\/11\/web_romainchambodut_hotel_elysee_021-375x250.jpg 375w, https:\/\/www.hotelelysee.com\/wp-content\/uploads\/2023\/11\/web_romainchambodut_hotel_elysee_021-500x333.jpg 500w, https:\/\/www.hotelelysee.com\/wp-content\/uploads\/2023\/11\/web_romainchambodut_hotel_elysee_021-640x427.jpg 640w, https:\/\/www.hotelelysee.com\/wp-content\/uploads\/2023\/11\/web_romainchambodut_hotel_elysee_021-800x533.jpg 800w, https:\/\/www.hotelelysee.com\/wp-content\/uploads\/2023\/11\/web_romainchambodut_hotel_elysee_021-1024x683.jpg 1024w, https:\/\/www.hotelelysee.com\/wp-content\/uploads\/2023\/11\/web_romainchambodut_hotel_elysee_021-1367x911.jpg 1367w, https:\/\/www.hotelelysee.com\/wp-content\/uploads\/2023\/11\/web_romainchambodut_hotel_elysee_021.jpg 1920w, https:\/\/www.hotelelysee.com\/wp-content\/uploads\/2023\/11\/web_romainchambodut_hotel_elysee_021.jpg 2200w\"\n    \n    sizes=\"auto, (max-width: 48em) 100vw, (max-width: 64em) 100vw, (min-width: 64em) 100vw\">\n<img decoding=\"async\"\n            src=\"https:\/\/www.hotelelysee.com\/wp-content\/uploads\/2023\/11\/Salle-de-bain-800x533.jpg\"\n    \n            loading=\"lazy\"          \n    \n    \n    onerror=\"this.onerror=null; this.src='data:image\/gif;base64,R0lGODlhAQABAIAAAMLCwgAAACH5BAAAAAAALAAAAAABAAEAAAICRAEAOw=='; this.srcset='data:image\/gif;base64,R0lGODlhAQABAIAAAMLCwgAAACH5BAAAAAAALAAAAAABAAEAAAICRAEAOw=='\"\n    alt=\"Salle de bain\"\n    width=\"800\"\n    height=\"533\"\n    class=\"\n        object-fit  set-aspect             \"\n\n            style=\"  --aspect-ratio: 4\/3;  \"\n        \n            srcset=\"https:\/\/www.hotelelysee.com\/wp-content\/uploads\/2023\/11\/Salle-de-bain-188x125.jpg 188w, https:\/\/www.hotelelysee.com\/wp-content\/uploads\/2023\/11\/Salle-de-bain-375x250.jpg 375w, https:\/\/www.hotelelysee.com\/wp-content\/uploads\/2023\/11\/Salle-de-bain-500x333.jpg 500w, https:\/\/www.hotelelysee.com\/wp-content\/uploads\/2023\/11\/Salle-de-bain-640x427.jpg 640w, https:\/\/www.hotelelysee.com\/wp-content\/uploads\/2023\/11\/Salle-de-bain-800x533.jpg 800w, https:\/\/www.hotelelysee.com\/wp-content\/uploads\/2023\/11\/Salle-de-bain-1024x683.jpg 1024w, https:\/\/www.hotelelysee.com\/wp-content\/uploads\/2023\/11\/Salle-de-bain-1367x911.jpg 1367w, https:\/\/www.hotelelysee.com\/wp-content\/uploads\/2023\/11\/Salle-de-bain.jpg 1920w, https:\/\/www.hotelelysee.com\/wp-content\/uploads\/2023\/11\/Salle-de-bain.jpg 2200w\"\n    \n    sizes=\"auto, (max-width: 48em) 100vw, (max-width: 64em) 100vw, (min-width: 64em) 100vw\">\n<\/div><div class=\"slick-controls slick-media flex justify-center items-center\">\n                <!-- <a href=\"#\" class=\"js-img-prev slick-control\" title=\"Previous slide\"><svg width=\"24\" height=\"24\" xmlns=\"http:\/\/www.w3.org\/2000\/svg\" viewBox=\"0 0 48 48\"><title>Previous<\/title><g class=\"caret-left\"><polyline class=\"arrowhead\" points=\"29.018 36.036 16.982 24 29.018 11.964\" fill=\"none\" stroke=\"currentColor\" stroke-linecap=\"round\" stroke-linejoin=\"round\" stroke-width=\"3\"\/><\/g><\/svg><\/a> -->\n                <div class=\"slick-dots img-content-dots\"><\/div>\n                <!-- <a href=\"#\" class=\"js-img-next slick-control\" title=\"Next slide\"><svg width=\"24\" height=\"24\" xmlns=\"http:\/\/www.w3.org\/2000\/svg\" viewBox=\"0 0 48 48\"><title>Next<\/title><g class=\"caret-right\"><polyline class=\"arrowhead\" points=\"18.982 11.964 31.018 24 18.982 36.036\" fill=\"none\" stroke=\"currentColor\" stroke-linecap=\"round\" stroke-linejoin=\"round\" stroke-width=\"3\"\/><\/g><\/svg><\/a> -->\n            <\/div>                        <\/div>\n\n                        <div class=\"content\">\n                            <div class=\"content-inner\">\n                                <header>\n                                                                            <p class=\"mb-1 overline color-accent\" data-aos=\"fade-up\">\n                                            A partir de 150\u20ac par nuit                                        <\/p>\n                                    \n                                    <h2 class=\"h3\" data-aos=\"fade-up\">\n                                                                                    Chambre Triple Premium                                                                                                                            <span class=\"subtitle\" data-aos=\"fade-up\" data-aos-delay=\"50\">\n                                                1-3 personnes                                            <\/span>\n                                                                            <\/h2>\n                                <\/header>\n\n                                <article class=\"content-wrap\" data-aos=\"fade-up\" data-aos-delay=\"150\">\n                                    <p>La chambre Triple Premium est adapt\u00e9e pour 2 adultes + 1 enfant (de 3 \u00e0 11 ans) + 1 b\u00e9b\u00e9 (de 0 \u00e0 2 ans) ou de 1 adulte + 2 enfants (de 3 \u00e0 11 ans) + 1 b\u00e9b\u00e9 (de 0 \u00e0 2 ans).<\/p>\n                                <\/article>\n                                \n                                <div class=\"buttons\" data-aos=\"fade-up\" data-aos-delay=\"150\">\n                                    <a class=\"button secondary  js-single-modal-trigger-ajax\"  data-type=\"room\" data-id=\"3991\" data-modal=\"modal-7\" href=\"#\">\n                                        Plus d&rsquo;infos                                    <\/a>\n                                                                                                <a class=\"button button  primary\" href=\"https:\/\/www.secure-hotel-booking.com\/smart\/Hotel-l-Elysee-Val-d-Europe\/2VN9\/fr\/?serializedCookie=Y29va2llbGF3aW5mby1jaGVja2JveC1uZWNlc3Nhcnk9eWVz&#038;_gl=1*pejj9u*_ga*OTg3Mzg2NTguMTcwNzgzNTMyMw..*_ga_84KQ48NKY7*MTcwNzgzNTMyMi4xLjEuMTcwNzgzNTQwMC41OS4wLjA.*_gcl_au*MTgwMTU2MzYwNy4xNzA3ODM1MzIy&#038;_ga=2.41982693.1339717397.1707835323-98738658.1707835323\" target=\"_blank\" rel=\"noopener\"  >\n            R\u00e9server        <\/a>\n                                                                                                                    <a href=\"https:\/\/go.visitme360.com\/F1BESPx5IE\/42651600p&#038;315.75h&#038;81.69t\" target=\"_blank\" class=\"button minor icon-right tour-link\">\n                                            Vue 360                                            <svg xmlns=\"http:\/\/www.w3.org\/2000\/svg\" viewBox=\"0 0 24 24\"><path d=\"M13.55 19.7l1.5-.281a.366.366 0 0 1 .423.281l.282 1.5m-.515-1.4l-.235.376A3.862 3.862 0 0 1 12 22.1c-2.019 0-3.71-2.254-4.508-5.588l-.188-.8A24.816 24.816 0 0 1 6.928 12 19.476 19.476 0 0 1 7.3 8.29l.188-.8C8.29 4.158 9.981 1.9 12 1.9s3.71 2.254 4.508 5.588l.188.8A24.816 24.816 0 0 1 17.072 12a19.476 19.476 0 0 1-.376 3.71l-.188.8a6.556 6.556 0 0 1-.423 1.362M4.3 10.45l.281-1.5a.324.324 0 0 0-.281-.425l-1.5-.282m1.409.517l-.376.235A3.862 3.862 0 0 0 1.9 12c0 2.019 2.254 3.71 5.588 4.508l.8.188a24.816 24.816 0 0 0 3.71.376 19.476 19.476 0 0 0 3.71-.376l.8-.188C19.842 15.71 22.1 14.019 22.1 12s-2.254-3.71-5.588-4.508l-.8-.188A24.816 24.816 0 0 0 12 6.928a19.476 19.476 0 0 0-3.71.372l-.8.188a6.556 6.556 0 0 0-1.362.423\" fill=\"none\" stroke=\"currentColor\" stroke-linecap=\"round\" stroke-linejoin=\"round\" stroke-width=\"1.5\"\/><\/svg>\n                                        <\/a>\n                                                                    <\/div>\n                            <\/div>\n                        <\/div>\n                    <\/div>\n                        <\/div>\n        <div class=\"row featured-room-callout theme--accent\">\n                            <div class=\"room-callout-wrapper flex justify-between items-center\">\n                    <div class=\"room-callout-content-wrapper\">\n                        <div class=\"content-inner\">\n                            <header>\n                                                                        <p class=\"mb-1 overline color-accent\" data-aos=\"fade-up\">\n                                            A partir de 230\u20ac par nuit                                        <\/p>\n                                    \n                                    <h2 class=\"h3\" data-aos=\"fade-up\">\n                                                                                    Junior Suite \u267f                                                                                                                            <span class=\"subtitle\" data-aos=\"fade-up\" data-aos-delay=\"50\">\n                                                1-4 personnes                                            <\/span>\n                                                                            <\/h2>\n                            <\/header>\n\n                            <article class=\"content-wrap\" data-aos=\"fade-up\" data-aos-delay=\"150\">\n                                <p>Nos suites peuvent accueillir de 1 \u00e0 4 personnes. Avec une surface de 38 m\u00b2, vous b\u00e9n\u00e9ficierez d&rsquo;une literie confortable avec un grand lit double avec couette et oreillers hypoallerg\u00e9niques, ainsi qu&rsquo;un salon avec un canap\u00e9-lit double. Seule l&rsquo;une de nos 4 suites offre deux lits d&rsquo;appoint simples. (Veuillez nous contacter pour la disponibilit\u00e9).<\/p>\n<p>La Junior Suite est parfaite pour 4 personnes + 2 b\u00e9b\u00e9s (0 \u00e0 2 ans).<\/p>\n                            <\/article>\n                            \n                            <div class=\"buttons\" data-aos=\"fade-up\" data-aos-delay=\"150\">\n                                <a class=\"button secondary  js-single-modal-trigger-ajax\"  data-type=\"suite\" data-id=\"3995\" data-modal=\"modal-1\" href=\"#\">\n                                    Plus d&rsquo;infos                                <\/a>\n                                                                                        <a class=\"button button  primary\" href=\"https:\/\/www.secure-hotel-booking.com\/smart\/Hotel-l-Elysee-Val-d-Europe\/2VN9\/fr\/?serializedCookie=Y29va2llbGF3aW5mby1jaGVja2JveC1uZWNlc3Nhcnk9eWVzLGNvb2tpZWxhd2luZm8tY2hlY2tib3gtbmVjZXNzYXJ5PXllcw%3d%3d&#038;_gl=1*1mueevh*_ga*OTgzMTk4MTI4LjE3MDU1ODgzODY.*_ga_84KQ48NKY7*MTcwNzgyNDIwNi4zNi4xLjE3MDc4MjQ2NTAuNDYuMC4w*_gcl_au*ODE1MTExNzA3LjE3MDY1Mjg2ODk.&#038;_ga=2.154318008.1073220006.1707739233-983198128.1705588386#roomselection\" target=\"_blank\" rel=\"noopener\"  >\n            R\u00e9server        <\/a>\n                                                                                                        <a href=\"https:\/\/go.visitme360.com\/F1BESPx5IE\/42651595p&#038;33.13h&#038;84.82t\" target=\"_blank\" class=\"button minor icon-right tour-link\">\n                                        Vue 360                                        <svg xmlns=\"http:\/\/www.w3.org\/2000\/svg\" viewBox=\"0 0 24 24\"><path d=\"M13.55 19.7l1.5-.281a.366.366 0 0 1 .423.281l.282 1.5m-.515-1.4l-.235.376A3.862 3.862 0 0 1 12 22.1c-2.019 0-3.71-2.254-4.508-5.588l-.188-.8A24.816 24.816 0 0 1 6.928 12 19.476 19.476 0 0 1 7.3 8.29l.188-.8C8.29 4.158 9.981 1.9 12 1.9s3.71 2.254 4.508 5.588l.188.8A24.816 24.816 0 0 1 17.072 12a19.476 19.476 0 0 1-.376 3.71l-.188.8a6.556 6.556 0 0 1-.423 1.362M4.3 10.45l.281-1.5a.324.324 0 0 0-.281-.425l-1.5-.282m1.409.517l-.376.235A3.862 3.862 0 0 0 1.9 12c0 2.019 2.254 3.71 5.588 4.508l.8.188a24.816 24.816 0 0 0 3.71.376 19.476 19.476 0 0 0 3.71-.376l.8-.188C19.842 15.71 22.1 14.019 22.1 12s-2.254-3.71-5.588-4.508l-.8-.188A24.816 24.816 0 0 0 12 6.928a19.476 19.476 0 0 0-3.71.372l-.8.188a6.556 6.556 0 0 0-1.362.423\" fill=\"none\" stroke=\"currentColor\" stroke-linecap=\"round\" stroke-linejoin=\"round\" stroke-width=\"1.5\"\/><\/svg>\n                                    <\/a>\n                                                            <\/div>\n                        <\/div>\n                    <\/div>\n                    <div class=\"img\" data-aos=\"fade-up\">\n                        <div class=\"media-container   cut-corners  image-carousel  js-image-carousel \"><img decoding=\"async\"\n            src=\"https:\/\/www.hotelelysee.com\/wp-content\/uploads\/2023\/11\/Junior-Suite-Jaune-3-1367x911.jpg\"\n    \n            loading=\"lazy\"          \n    \n    \n    onerror=\"this.onerror=null; this.src='data:image\/gif;base64,R0lGODlhAQABAIAAAMLCwgAAACH5BAAAAAAALAAAAAABAAEAAAICRAEAOw=='; this.srcset='data:image\/gif;base64,R0lGODlhAQABAIAAAMLCwgAAACH5BAAAAAAALAAAAAABAAEAAAICRAEAOw=='\"\n    alt=\"Junior Suite Jaune 3\"\n    width=\"1367\"\n    height=\"911\"\n    class=\"\n        object-fit  set-aspect             \"\n\n            style=\"  --aspect-ratio: 4 \/ 5;  \"\n        \n            srcset=\"https:\/\/www.hotelelysee.com\/wp-content\/uploads\/2023\/11\/Junior-Suite-Jaune-3-188x125.jpg 188w, https:\/\/www.hotelelysee.com\/wp-content\/uploads\/2023\/11\/Junior-Suite-Jaune-3-375x250.jpg 375w, https:\/\/www.hotelelysee.com\/wp-content\/uploads\/2023\/11\/Junior-Suite-Jaune-3-500x333.jpg 500w, https:\/\/www.hotelelysee.com\/wp-content\/uploads\/2023\/11\/Junior-Suite-Jaune-3-640x427.jpg 640w, https:\/\/www.hotelelysee.com\/wp-content\/uploads\/2023\/11\/Junior-Suite-Jaune-3-800x533.jpg 800w, https:\/\/www.hotelelysee.com\/wp-content\/uploads\/2023\/11\/Junior-Suite-Jaune-3-1024x683.jpg 1024w, https:\/\/www.hotelelysee.com\/wp-content\/uploads\/2023\/11\/Junior-Suite-Jaune-3-1367x911.jpg 1367w, https:\/\/www.hotelelysee.com\/wp-content\/uploads\/2023\/11\/Junior-Suite-Jaune-3.jpg 1920w, https:\/\/www.hotelelysee.com\/wp-content\/uploads\/2023\/11\/Junior-Suite-Jaune-3.jpg 2200w\"\n    \n    sizes=\"auto, (max-width: 48em) 85vw, (max-width: 64em) 69vw, (min-width: 64em) 69vw\">\n<img decoding=\"async\"\n            src=\"https:\/\/www.hotelelysee.com\/wp-content\/uploads\/2023\/11\/Junior-Suite-Jaune-4-1367x911.jpg\"\n    \n            loading=\"lazy\"          \n    \n    \n    onerror=\"this.onerror=null; this.src='data:image\/gif;base64,R0lGODlhAQABAIAAAMLCwgAAACH5BAAAAAAALAAAAAABAAEAAAICRAEAOw=='; this.srcset='data:image\/gif;base64,R0lGODlhAQABAIAAAMLCwgAAACH5BAAAAAAALAAAAAABAAEAAAICRAEAOw=='\"\n    alt=\"Junior Suite Jaune 4\"\n    width=\"1367\"\n    height=\"911\"\n    class=\"\n        object-fit  set-aspect             \"\n\n            style=\"  --aspect-ratio: 4 \/ 5;  \"\n        \n            srcset=\"https:\/\/www.hotelelysee.com\/wp-content\/uploads\/2023\/11\/Junior-Suite-Jaune-4-188x125.jpg 188w, https:\/\/www.hotelelysee.com\/wp-content\/uploads\/2023\/11\/Junior-Suite-Jaune-4-375x250.jpg 375w, https:\/\/www.hotelelysee.com\/wp-content\/uploads\/2023\/11\/Junior-Suite-Jaune-4-500x333.jpg 500w, https:\/\/www.hotelelysee.com\/wp-content\/uploads\/2023\/11\/Junior-Suite-Jaune-4-640x427.jpg 640w, https:\/\/www.hotelelysee.com\/wp-content\/uploads\/2023\/11\/Junior-Suite-Jaune-4-800x533.jpg 800w, https:\/\/www.hotelelysee.com\/wp-content\/uploads\/2023\/11\/Junior-Suite-Jaune-4-1024x683.jpg 1024w, https:\/\/www.hotelelysee.com\/wp-content\/uploads\/2023\/11\/Junior-Suite-Jaune-4-1367x911.jpg 1367w, https:\/\/www.hotelelysee.com\/wp-content\/uploads\/2023\/11\/Junior-Suite-Jaune-4.jpg 1920w, https:\/\/www.hotelelysee.com\/wp-content\/uploads\/2023\/11\/Junior-Suite-Jaune-4.jpg 2200w\"\n    \n    sizes=\"auto, (max-width: 48em) 85vw, (max-width: 64em) 69vw, (min-width: 64em) 69vw\">\n<img decoding=\"async\"\n            src=\"https:\/\/www.hotelelysee.com\/wp-content\/uploads\/2023\/11\/Salle-de-bain2-1367x911.jpg\"\n    \n            loading=\"lazy\"          \n    \n    \n    onerror=\"this.onerror=null; this.src='data:image\/gif;base64,R0lGODlhAQABAIAAAMLCwgAAACH5BAAAAAAALAAAAAABAAEAAAICRAEAOw=='; this.srcset='data:image\/gif;base64,R0lGODlhAQABAIAAAMLCwgAAACH5BAAAAAAALAAAAAABAAEAAAICRAEAOw=='\"\n    alt=\"Salle de bain2\"\n    width=\"1367\"\n    height=\"911\"\n    class=\"\n        object-fit  set-aspect             \"\n\n            style=\"  --aspect-ratio: 4 \/ 5;  \"\n        \n            srcset=\"https:\/\/www.hotelelysee.com\/wp-content\/uploads\/2023\/11\/Salle-de-bain2-188x125.jpg 188w, https:\/\/www.hotelelysee.com\/wp-content\/uploads\/2023\/11\/Salle-de-bain2-375x250.jpg 375w, https:\/\/www.hotelelysee.com\/wp-content\/uploads\/2023\/11\/Salle-de-bain2-500x333.jpg 500w, https:\/\/www.hotelelysee.com\/wp-content\/uploads\/2023\/11\/Salle-de-bain2-640x427.jpg 640w, https:\/\/www.hotelelysee.com\/wp-content\/uploads\/2023\/11\/Salle-de-bain2-800x533.jpg 800w, https:\/\/www.hotelelysee.com\/wp-content\/uploads\/2023\/11\/Salle-de-bain2-1024x683.jpg 1024w, https:\/\/www.hotelelysee.com\/wp-content\/uploads\/2023\/11\/Salle-de-bain2-1367x911.jpg 1367w, https:\/\/www.hotelelysee.com\/wp-content\/uploads\/2023\/11\/Salle-de-bain2.jpg 1920w, https:\/\/www.hotelelysee.com\/wp-content\/uploads\/2023\/11\/Salle-de-bain2.jpg 2200w\"\n    \n    sizes=\"auto, (max-width: 48em) 85vw, (max-width: 64em) 69vw, (min-width: 64em) 69vw\">\n<\/div>                    <\/div>\n                <\/div>\n                    <\/div>\n    <\/section>\n\n\n    <section\n    class=\"row container spacing\"\n    id=\"block_8b55de4e39e5ad44b2ddc5c839c1aa46\"\n        >\n                \n        <div class=\"callouts flex flex-wrap justify-center\" data-aos=\"fade-up\">\n                                            <a href=\"\" class=\"callout flex items-center justify-between img-abs theme__card--accent\" >\n                                    <header>\n                        <h3 class=\"h4 xs:size-m no-margin\">\n                            Meilleur tarif garanti                        <\/h3>\n                                                    <p class=\"size-xs no-margin\">\n                                Obtenez les meilleurs tarif en r\u00e9servant en direct avec l&rsquo;H\u00f4tel l&rsquo;Elys\u00e9e Val d&rsquo;Europe                            <\/p>\n                                            <\/header>\n                                            <span class=\"button icon secondary no-margin\">\n                            <svg xmlns=\"http:\/\/www.w3.org\/2000\/svg\" width=\"24\" height=\"24\" viewBox=\"0 0 48 48\"><title>arrow-right<\/title><g class=\"arrow-right\"><line class=\"arrow-stem\" x1=\"39.964\" y1=\"23.964\" x2=\"7.964\" y2=\"23.964\" stroke-width=\"3\" stroke=\"currentColor\" stroke-linecap=\"round\" stroke-linejoin=\"round\" fill=\"none\"\/><polyline class=\"arrowhead\" points=\"28 11.929 40.036 23.964 28 36\" fill=\"none\" stroke=\"currentColor\" stroke-linecap=\"round\" stroke-linejoin=\"round\" stroke-width=\"3\"\/><\/g><\/svg>\n                        <\/span>\n                            \n                                                    <\/a>\n                                    <\/div>\n    <\/section>\n    \n\n    <section\n    class=\"row full-width-cta\"\n    id=\"block_221dfafcd710e2bd809852c530fe4e2f\"\n        >\n                \n        <div class=\"theme--image full-width-cta__wrapper flex items-end justify-start not-square img-abs\" data-aos=\"fade-up\">\n                            <div class=\"cta-nav-wrapper flex justify-between xs:items-center\">\n                    <div class=\"cta--nav flex items-center justify-center\" data-aos=\"fade-up\">\n                                                                                                <\/div>\n                <\/div>\n                                                            <div class=\"full-width-cta__inner text-left flex items-start flex-col justify-start active\" data-cta=\"category-1\">\n                        <header>\n                            \n                                                            <h2 class=\"h1\" data-aos=\"fade-up\" data-aos-delay=\"100\">R\u00e9servez en toute confiance                                                                    <\/h2>\n                                                    <\/header>\n\n                                                    <article data-aos=\"fade-up\" data-aos-delay=\"150\">\n                                <p>Notre \u00e9quipe est disponible 24h\/24 par t\u00e9l\u00e9phone. Contactez-nous pour toute demande d&rsquo;information !<\/p>\n\n                                <div class=\"buttons\">\n                                                                                                                        <a class=\"button primary\" href=\"https:\/\/www.hotelelysee.com\/fr\/contactez-nous\/\" >\n                                                Contactez-nous                                            <\/a>\n                                                                                                            <\/div>\n                            <\/article>    \n                        \n                    <\/div>\n                    <div class=\"image-wrapper active\" data-cta=\"category-1\">\n                        <img decoding=\"async\"\n            src=\"https:\/\/www.hotelelysee.com\/wp-content\/uploads\/2023\/11\/hotel_elysee-990-1920x1281.jpg\"\n    \n            loading=\"lazy\"          \n    \n    \n    onerror=\"this.onerror=null; this.src='data:image\/gif;base64,R0lGODlhAQABAIAAAMLCwgAAACH5BAAAAAAALAAAAAABAAEAAAICRAEAOw=='; this.srcset='data:image\/gif;base64,R0lGODlhAQABAIAAAMLCwgAAACH5BAAAAAAALAAAAAABAAEAAAICRAEAOw=='\"\n    alt=\"hotel_elysee-990\"\n    width=\"1920\"\n    height=\"1281\"\n    class=\"\n        object-fit             \"\n\n        \n            srcset=\"https:\/\/www.hotelelysee.com\/wp-content\/uploads\/2023\/11\/hotel_elysee-990-188x125.jpg 188w, https:\/\/www.hotelelysee.com\/wp-content\/uploads\/2023\/11\/hotel_elysee-990-375x250.jpg 375w, https:\/\/www.hotelelysee.com\/wp-content\/uploads\/2023\/11\/hotel_elysee-990-500x334.jpg 500w, https:\/\/www.hotelelysee.com\/wp-content\/uploads\/2023\/11\/hotel_elysee-990-640x427.jpg 640w, https:\/\/www.hotelelysee.com\/wp-content\/uploads\/2023\/11\/hotel_elysee-990-800x534.jpg 800w, https:\/\/www.hotelelysee.com\/wp-content\/uploads\/2023\/11\/hotel_elysee-990-1024x683.jpg 1024w, https:\/\/www.hotelelysee.com\/wp-content\/uploads\/2023\/11\/hotel_elysee-990-1367x912.jpg 1367w, https:\/\/www.hotelelysee.com\/wp-content\/uploads\/2023\/11\/hotel_elysee-990-1920x1281.jpg 1920w, https:\/\/www.hotelelysee.com\/wp-content\/uploads\/2023\/11\/hotel_elysee-990.jpg 2200w\"\n    \n    sizes=\"auto, (max-width: 48em) 100vw, (max-width: 64em) 100vw, (min-width: 64em) 100vw\">\n                    <\/div>\n                                    <\/div>\n    <\/section>\n    \n\n    <section\n    class=\"\n    row spacing\n    testimonial-block\n                \"\n    id=\"block_60d7574d62a20b6654803a4a9b056670\"\n        >\n        \n        <div class=\"\n        testimonial-carousel-wrapper\n                        \" data-aos=\"fade-up\">\n            <div class=\"testimonial-carousel js-testimonial-carousel\">\n                \n                    <div\n                    class=\"testimonial-carousel-slide\"\n                    >\n                        <div class=\"testimonial-carousel-slide-inner centered\">\n                            \n                                                            <h3 class=\"mb-4\">\u201cTr\u00e8s bel h\u00f4tel, accueil agr\u00e9able. Pas de bruit, restaurant avec de belle prestation. Un s\u00e9jour agr\u00e9able pr\u00e8s de tout\u2026\u201d<\/h3>\n                            \n                                                            <p class=\"mb-6 color-body-50\">Loic (Google), Novembre 2025<\/p>\n                            \n                        <\/div>\n\n                    <\/div>\n                \n                    <div\n                    class=\"testimonial-carousel-slide\"\n                    >\n                        <div class=\"testimonial-carousel-slide-inner centered\">\n                            \n                                                            <h3 class=\"mb-4\">\u201cExcellent s\u00e9jour H\u00f4tel au top, comme \u00e0 chaque fois ! Personnel tr\u00e8s \u00e0 l\u2019\u00e9coute et disponible, chambres tr\u00e8s propres. Navettes pour se rendre au parc.. L\u2019h\u00f4tel est feutr\u00e9, \u00e9l\u00e9gant et on s\u2019y sent vraiment bien. Allez-y les yeux ferm\u00e9s.\u201d<\/h3>\n                            \n                                                            <p class=\"mb-6 color-body-50\">S. (Google), Novembre 2025<\/p>\n                            \n                        <\/div>\n\n                    <\/div>\n                \n                    <div\n                    class=\"testimonial-carousel-slide\"\n                    >\n                        <div class=\"testimonial-carousel-slide-inner centered\">\n                            \n                                                            <h3 class=\"mb-4\">\u201cLe meilleur choix dans ce secteur. Je le recommande vivement \ud83d\udc4d\u201d<\/h3>\n                            \n                                                            <p class=\"mb-6 color-body-50\">Michael (Google), Novembre 2025<\/p>\n                            \n                        <\/div>\n\n                    <\/div>\n                \n                    <div\n                    class=\"testimonial-carousel-slide\"\n                    >\n                        <div class=\"testimonial-carousel-slide-inner centered\">\n                            \n                                                            <h3 class=\"mb-4\">\u201cId\u00e9al aussi bien pour un s\u00e9jour professionnel que touristique, cet \u00e9tablissement jouit d\u2019une situation g\u00e9ographique privil\u00e9gi\u00e9e, \u00e0 deux pas des transports en commun. Il garantit tranquillit\u00e9 et confort gr\u00e2ce \u00e0 une literie de qualit\u00e9.\u201d<\/h3>\n                            \n                                                            <p class=\"mb-6 color-body-50\">(Tripadvisor), Novembre 2025<\/p>\n                            \n                        <\/div>\n\n                    <\/div>\n                            <\/div>\n                            <div class=\"slick-controls flex justify-center items-center\">\n                    <div class=\"slick-dots testimonial-dots\"><\/div>\n                <\/div>\n                    <\/div>\n            <\/section>\n    ","protected":false},"excerpt":{"rendered":"","protected":false},"author":1,"featured_media":3199,"parent":0,"menu_order":0,"comment_status":"closed","ping_status":"closed","template":"","meta":{"_acf_changed":false,"footnotes":""},"class_list":["post-3819","page","type-page","status-publish","has-post-thumbnail","hentry"],"acf":[],"yoast_head":"<!-- This site is optimized with the Yoast SEO plugin v26.9 - https:\/\/yoast.com\/product\/yoast-seo-wordpress\/ -->\n<title>Chambres &amp; suites - H\u00f4tel L&#039;Elys\u00e9e Val d&#039;Europe | 4* Pr\u00e8s de Disneyland\u00ae Paris\u00ae<\/title>\n<meta name=\"description\" content=\"H\u00f4tel 4 \u00e9toiles pr\u00e8s de Disneyland\u00ae Paris ayant 152 chambres confortables id\u00e9ales pour les familles et les s\u00e9jours d&#039;affaires.\" \/>\n<meta name=\"robots\" content=\"index, follow, max-snippet:-1, max-image-preview:large, max-video-preview:-1\" \/>\n<link rel=\"canonical\" href=\"https:\/\/www.hotelelysee.com\/fr\/chambres-suites\/\" \/>\n<meta property=\"og:locale\" content=\"fr_FR\" \/>\n<meta property=\"og:type\" content=\"article\" \/>\n<meta property=\"og:title\" content=\"Chambres &amp; suites - H\u00f4tel L&#039;Elys\u00e9e Val d&#039;Europe | 4* Pr\u00e8s de Disneyland\u00ae Paris\u00ae\" \/>\n<meta property=\"og:description\" content=\"H\u00f4tel 4 \u00e9toiles pr\u00e8s de Disneyland\u00ae Paris ayant 152 chambres confortables id\u00e9ales pour les familles et les s\u00e9jours d&#039;affaires.\" \/>\n<meta property=\"og:url\" content=\"https:\/\/www.hotelelysee.com\/fr\/chambres-suites\/\" \/>\n<meta property=\"og:site_name\" content=\"H\u00f4tel L&#039;Elys\u00e9e Val d&#039;Europe | 4* Pr\u00e8s de Disneyland\u00ae Paris\u00ae\" \/>\n<meta property=\"article:modified_time\" content=\"2024-10-24T13:54:34+00:00\" \/>\n<meta property=\"og:image\" content=\"https:\/\/www.hotelelysee.com\/wp-content\/uploads\/2024\/02\/hotel_elysee-591.jpg\" \/>\n\t<meta property=\"og:image:width\" content=\"1881\" \/>\n\t<meta property=\"og:image:height\" content=\"1255\" \/>\n\t<meta property=\"og:image:type\" content=\"image\/jpeg\" \/>\n<meta name=\"twitter:card\" content=\"summary_large_image\" \/>\n<meta name=\"twitter:label1\" content=\"Dur\u00e9e de lecture estim\u00e9e\" \/>\n\t<meta name=\"twitter:data1\" content=\"1 minute\" \/>\n<script type=\"application\/ld+json\" class=\"yoast-schema-graph\">{\"@context\":\"https:\/\/schema.org\",\"@graph\":[{\"@type\":\"WebPage\",\"@id\":\"https:\/\/www.hotelelysee.com\/fr\/chambres-suites\/\",\"url\":\"https:\/\/www.hotelelysee.com\/fr\/chambres-suites\/\",\"name\":\"Chambres & suites - H\u00f4tel L&#039;Elys\u00e9e Val d&#039;Europe | 4* Pr\u00e8s de Disneyland\u00ae Paris\u00ae\",\"isPartOf\":{\"@id\":\"https:\/\/www.hotelelysee.com\/fr\/#website\"},\"primaryImageOfPage\":{\"@id\":\"https:\/\/www.hotelelysee.com\/fr\/chambres-suites\/#primaryimage\"},\"image\":{\"@id\":\"https:\/\/www.hotelelysee.com\/fr\/chambres-suites\/#primaryimage\"},\"thumbnailUrl\":\"https:\/\/www.hotelelysee.com\/wp-content\/uploads\/2024\/02\/hotel_elysee-591.jpg\",\"datePublished\":\"2020-12-02T08:49:18+00:00\",\"dateModified\":\"2024-10-24T13:54:34+00:00\",\"description\":\"H\u00f4tel 4 \u00e9toiles pr\u00e8s de Disneyland\u00ae Paris ayant 152 chambres confortables id\u00e9ales pour les familles et les s\u00e9jours d'affaires.\",\"breadcrumb\":{\"@id\":\"https:\/\/www.hotelelysee.com\/fr\/chambres-suites\/#breadcrumb\"},\"inLanguage\":\"fr-FR\",\"potentialAction\":[{\"@type\":\"ReadAction\",\"target\":[\"https:\/\/www.hotelelysee.com\/fr\/chambres-suites\/\"]}]},{\"@type\":\"ImageObject\",\"inLanguage\":\"fr-FR\",\"@id\":\"https:\/\/www.hotelelysee.com\/fr\/chambres-suites\/#primaryimage\",\"url\":\"https:\/\/www.hotelelysee.com\/wp-content\/uploads\/2024\/02\/hotel_elysee-591.jpg\",\"contentUrl\":\"https:\/\/www.hotelelysee.com\/wp-content\/uploads\/2024\/02\/hotel_elysee-591.jpg\",\"width\":1881,\"height\":1255,\"caption\":\"Hotel l'Elys\u00e9e Val d'Europe_Chambre double\"},{\"@type\":\"BreadcrumbList\",\"@id\":\"https:\/\/www.hotelelysee.com\/fr\/chambres-suites\/#breadcrumb\",\"itemListElement\":[{\"@type\":\"ListItem\",\"position\":1,\"name\":\"Accueil\",\"item\":\"https:\/\/www.hotelelysee.com\/fr\/\"},{\"@type\":\"ListItem\",\"position\":2,\"name\":\"Chambres &#038; suites\"}]},{\"@type\":\"WebSite\",\"@id\":\"https:\/\/www.hotelelysee.com\/fr\/#website\",\"url\":\"https:\/\/www.hotelelysee.com\/fr\/\",\"name\":\"H\u00f4tel L'Elys\u00e9e Val d'Europe | 4* near Disneyland\u00ae Paris\",\"description\":\"Un h\u00f4tel 4 \u00e9toiles parfait pour la famille... et les entreprises\",\"potentialAction\":[{\"@type\":\"SearchAction\",\"target\":{\"@type\":\"EntryPoint\",\"urlTemplate\":\"https:\/\/www.hotelelysee.com\/fr\/?s={search_term_string}\"},\"query-input\":{\"@type\":\"PropertyValueSpecification\",\"valueRequired\":true,\"valueName\":\"search_term_string\"}}],\"inLanguage\":\"fr-FR\"}]}<\/script>\n<!-- \/ Yoast SEO plugin. -->","yoast_head_json":{"title":"Chambres & suites - H\u00f4tel L&#039;Elys\u00e9e Val d&#039;Europe | 4* Pr\u00e8s de Disneyland\u00ae Paris\u00ae","description":"H\u00f4tel 4 \u00e9toiles pr\u00e8s de Disneyland\u00ae Paris ayant 152 chambres confortables id\u00e9ales pour les familles et les s\u00e9jours d'affaires.","robots":{"index":"index","follow":"follow","max-snippet":"max-snippet:-1","max-image-preview":"max-image-preview:large","max-video-preview":"max-video-preview:-1"},"canonical":"https:\/\/www.hotelelysee.com\/fr\/chambres-suites\/","og_locale":"fr_FR","og_type":"article","og_title":"Chambres & suites - H\u00f4tel L&#039;Elys\u00e9e Val d&#039;Europe | 4* Pr\u00e8s de Disneyland\u00ae Paris\u00ae","og_description":"H\u00f4tel 4 \u00e9toiles pr\u00e8s de Disneyland\u00ae Paris ayant 152 chambres confortables id\u00e9ales pour les familles et les s\u00e9jours d'affaires.","og_url":"https:\/\/www.hotelelysee.com\/fr\/chambres-suites\/","og_site_name":"H\u00f4tel L&#039;Elys\u00e9e Val d&#039;Europe | 4* Pr\u00e8s de Disneyland\u00ae Paris\u00ae","article_modified_time":"2024-10-24T13:54:34+00:00","og_image":[{"width":1881,"height":1255,"url":"https:\/\/www.hotelelysee.com\/wp-content\/uploads\/2024\/02\/hotel_elysee-591.jpg","type":"image\/jpeg"}],"twitter_card":"summary_large_image","twitter_misc":{"Dur\u00e9e de lecture estim\u00e9e":"1 minute"},"schema":{"@context":"https:\/\/schema.org","@graph":[{"@type":"WebPage","@id":"https:\/\/www.hotelelysee.com\/fr\/chambres-suites\/","url":"https:\/\/www.hotelelysee.com\/fr\/chambres-suites\/","name":"Chambres & suites - H\u00f4tel L&#039;Elys\u00e9e Val d&#039;Europe | 4* Pr\u00e8s de Disneyland\u00ae Paris\u00ae","isPartOf":{"@id":"https:\/\/www.hotelelysee.com\/fr\/#website"},"primaryImageOfPage":{"@id":"https:\/\/www.hotelelysee.com\/fr\/chambres-suites\/#primaryimage"},"image":{"@id":"https:\/\/www.hotelelysee.com\/fr\/chambres-suites\/#primaryimage"},"thumbnailUrl":"https:\/\/www.hotelelysee.com\/wp-content\/uploads\/2024\/02\/hotel_elysee-591.jpg","datePublished":"2020-12-02T08:49:18+00:00","dateModified":"2024-10-24T13:54:34+00:00","description":"H\u00f4tel 4 \u00e9toiles pr\u00e8s de Disneyland\u00ae Paris ayant 152 chambres confortables id\u00e9ales pour les familles et les s\u00e9jours d'affaires.","breadcrumb":{"@id":"https:\/\/www.hotelelysee.com\/fr\/chambres-suites\/#breadcrumb"},"inLanguage":"fr-FR","potentialAction":[{"@type":"ReadAction","target":["https:\/\/www.hotelelysee.com\/fr\/chambres-suites\/"]}]},{"@type":"ImageObject","inLanguage":"fr-FR","@id":"https:\/\/www.hotelelysee.com\/fr\/chambres-suites\/#primaryimage","url":"https:\/\/www.hotelelysee.com\/wp-content\/uploads\/2024\/02\/hotel_elysee-591.jpg","contentUrl":"https:\/\/www.hotelelysee.com\/wp-content\/uploads\/2024\/02\/hotel_elysee-591.jpg","width":1881,"height":1255,"caption":"Hotel l'Elys\u00e9e Val d'Europe_Chambre double"},{"@type":"BreadcrumbList","@id":"https:\/\/www.hotelelysee.com\/fr\/chambres-suites\/#breadcrumb","itemListElement":[{"@type":"ListItem","position":1,"name":"Accueil","item":"https:\/\/www.hotelelysee.com\/fr\/"},{"@type":"ListItem","position":2,"name":"Chambres &#038; suites"}]},{"@type":"WebSite","@id":"https:\/\/www.hotelelysee.com\/fr\/#website","url":"https:\/\/www.hotelelysee.com\/fr\/","name":"H\u00f4tel L'Elys\u00e9e Val d'Europe | 4* near Disneyland\u00ae Paris","description":"Un h\u00f4tel 4 \u00e9toiles parfait pour la famille... et les entreprises","potentialAction":[{"@type":"SearchAction","target":{"@type":"EntryPoint","urlTemplate":"https:\/\/www.hotelelysee.com\/fr\/?s={search_term_string}"},"query-input":{"@type":"PropertyValueSpecification","valueRequired":true,"valueName":"search_term_string"}}],"inLanguage":"fr-FR"}]}},"_links":{"self":[{"href":"https:\/\/www.hotelelysee.com\/fr\/wp-json\/wp\/v2\/pages\/3819","targetHints":{"allow":["GET"]}}],"collection":[{"href":"https:\/\/www.hotelelysee.com\/fr\/wp-json\/wp\/v2\/pages"}],"about":[{"href":"https:\/\/www.hotelelysee.com\/fr\/wp-json\/wp\/v2\/types\/page"}],"author":[{"embeddable":true,"href":"https:\/\/www.hotelelysee.com\/fr\/wp-json\/wp\/v2\/users\/1"}],"replies":[{"embeddable":true,"href":"https:\/\/www.hotelelysee.com\/fr\/wp-json\/wp\/v2\/comments?post=3819"}],"version-history":[{"count":15,"href":"https:\/\/www.hotelelysee.com\/fr\/wp-json\/wp\/v2\/pages\/3819\/revisions"}],"predecessor-version":[{"id":6247,"href":"https:\/\/www.hotelelysee.com\/fr\/wp-json\/wp\/v2\/pages\/3819\/revisions\/6247"}],"wp:featuredmedia":[{"embeddable":true,"href":"https:\/\/www.hotelelysee.com\/fr\/wp-json\/wp\/v2\/media\/3199"}],"wp:attachment":[{"href":"https:\/\/www.hotelelysee.com\/fr\/wp-json\/wp\/v2\/media?parent=3819"}],"curies":[{"name":"wp","href":"https:\/\/api.w.org\/{rel}","templated":true}]}}