{"id":3876,"date":"2023-12-01T15:51:44","date_gmt":"2023-12-01T15:51:44","guid":{"rendered":"https:\/\/www.hotelelysee.com\/seminars-2\/"},"modified":"2026-01-19T09:41:31","modified_gmt":"2026-01-19T09:41:31","slug":"seminaires-et-evenements","status":"publish","type":"page","link":"https:\/\/www.hotelelysee.com\/fr\/seminaires-et-evenements\/","title":{"rendered":"S\u00e9minaires"},"content":{"rendered":"\n    \n    \n\n    <section\n    class=\"row container banner-block flex justify-center items-center flex-col theme--image\"\n    id=\"block_03ac3991e83b0449519569243eac4de6\"\n    style=\"\n        min-height: 100svh;\n                \"\n    >\n                    <div class=\"block-bg-img\n            \">\n                <img loading=\"lazy\" decoding=\"async\"\n            src=\"https:\/\/www.hotelelysee.com\/wp-content\/uploads\/2024\/02\/1080x1920_CARNOT-MARCEAU-en-THEATRE.jpg\"\n    \n    \n    \n    onerror=\"this.onerror=null; this.src='data:image\/gif;base64,R0lGODlhAQABAIAAAMLCwgAAACH5BAAAAAAALAAAAAABAAEAAAICRAEAOw=='; this.srcset='data:image\/gif;base64,R0lGODlhAQABAIAAAMLCwgAAACH5BAAAAAAALAAAAAABAAEAAAICRAEAOw=='\"\n    alt=\"S\u00e9minaire Hotel l'Elys\u00e9e Val d'Europe_MARCEAU th\u00e9\u00e2tre\"\n    width=\"1920\"\n    height=\"1080\"\n    class=\"\n        object-fit             \"\n\n        \n            srcset=\"https:\/\/www.hotelelysee.com\/wp-content\/uploads\/2024\/02\/1080x1920_CARNOT-MARCEAU-en-THEATRE-188x106.jpg 188w, https:\/\/www.hotelelysee.com\/wp-content\/uploads\/2024\/02\/1080x1920_CARNOT-MARCEAU-en-THEATRE-375x211.jpg 375w, https:\/\/www.hotelelysee.com\/wp-content\/uploads\/2024\/02\/1080x1920_CARNOT-MARCEAU-en-THEATRE-500x281.jpg 500w, https:\/\/www.hotelelysee.com\/wp-content\/uploads\/2024\/02\/1080x1920_CARNOT-MARCEAU-en-THEATRE-640x360.jpg 640w, https:\/\/www.hotelelysee.com\/wp-content\/uploads\/2024\/02\/1080x1920_CARNOT-MARCEAU-en-THEATRE-800x450.jpg 800w, https:\/\/www.hotelelysee.com\/wp-content\/uploads\/2024\/02\/1080x1920_CARNOT-MARCEAU-en-THEATRE-1024x576.jpg 1024w, https:\/\/www.hotelelysee.com\/wp-content\/uploads\/2024\/02\/1080x1920_CARNOT-MARCEAU-en-THEATRE-1367x769.jpg 1367w, https:\/\/www.hotelelysee.com\/wp-content\/uploads\/2024\/02\/1080x1920_CARNOT-MARCEAU-en-THEATRE.jpg 1920w, https:\/\/www.hotelelysee.com\/wp-content\/uploads\/2024\/02\/1080x1920_CARNOT-MARCEAU-en-THEATRE.jpg 2200w\"\n    \n    sizes=\"auto, (max-width: 48em) 100vw, (max-width: 64em) 100vw, (min-width: 64em) 100vw\">\n            <\/div>\n                <div class=\"banner-content-block banner-content-block-script\">\n                                                    <h1 class=\"mb-2\">S\u00e9minaires &#038; \u00e9v\u00e9nements                                            <span class=\"subtitle\">\n                            Profitez d&rsquo;un emplacement exceptionnel \u00e0 Marne-la-Vall\u00e9e                        <\/span>\n                                    <\/h1>\n            \n                            <div id=\"mp-booking-engine-iframe-container\" style=\"height: 168px;\"><\/div>\n                                            <\/div>\n                            <a href=\"#\" class=\"js-scroll-next-block banner-scroll\">\n                <svg class=\"\" width=\"32\" height=\"32\" xmlns=\"http:\/\/www.w3.org\/2000\/svg\" viewBox=\"0 0 48 48\"><title>mouse<\/title><rect x=\"12.152\" y=\"4.186\" width=\"23.696\" height=\"39.628\" rx=\"11.848\" fill=\"none\" stroke=\"#fff\" stroke-miterlimit=\"10\" stroke-width=\"3\"\/><line x1=\"24\" y1=\"12.716\" x2=\"24\" y2=\"17.23\" fill=\"none\" stroke=\"#fff\" stroke-linecap=\"round\" stroke-miterlimit=\"10\" stroke-width=\"3\"\/><\/svg>\n            <\/a>\n                \n            <\/section>\n    \n\n    <section\n    class=\"row spacing container\"\n    id=\"block_70f6ff2bbf5e5021fab92c3864c73387\"\n    data-aos=\"fade-up\"\n        >\n        \n        <div class=\"content-block featured-content text-align-center\">\n                                        <h2 class=\"h4 mb-6 xs:size-xl\" data-aos=\"fade-up\">\n                    <p>B\u00e9n\u00e9ficiez d\u2019une situation privil\u00e9gi\u00e9e \u00e0 Marne-la-Vall\u00e9e, au c\u0153ur du Val d\u2019Europe, dans l\u2019un des principaux centres urbains et d\u2019affaires de l\u2019est francilien pour convier vos \u00e9quipes.<\/p>\n<p>Vous pourrez rejoindre facilement Paris en une trentaine de minutes, gr\u00e2ce au RER situ\u00e9 en face de l\u2019h\u00f4tel et stationner gratuitement dans notre parking priv\u00e9. Vous serez accompagn\u00e9 de A \u00e0 Z par un interlocuteur privil\u00e9gi\u00e9 qui veillera \u00e0 votre enti\u00e8re satisfaction tout au long de votre collaboration.<\/p>\n<p>Pour toute demande d\u2019information ou de devis, vous pouvez nous \u00e9crire \u00e0\u00a0<a href=\"mailto:commercial@hotelelysee.com\" target=\"_blank\" rel=\"noopener\">commercial@hotelelysee.com<\/a>\u00a0ou nous appeler au\u00a0<a href=\"tel:0164633389\">01.64.63.33.89<\/a>.<\/p>\n                <\/h2>\n                                <div class=\"featured-diamond\"><\/div>\n            \n        <\/div>\n    <\/section>\n    \n\n    <section\n    class=\"row spacing container img-content-row\"\n    id=\"block_1631da3944bdcd5db846375c1f108d69\"\n        >\n                \n        <div class=\"img-content image-text\">\n            <div class=\"img\" data-aos=\"fade-up\">\n                <div class=\"media-container   cut-corners  image-carousel  js-image-carousel \"><img decoding=\"async\"\n            src=\"https:\/\/www.hotelelysee.com\/wp-content\/uploads\/2024\/02\/MARCEAU-HOCHE-en-CABARET-2-retouches-rouges-1367x912.jpg\"\n    \n            loading=\"lazy\"          \n    \n    \n    onerror=\"this.onerror=null; this.src='data:image\/gif;base64,R0lGODlhAQABAIAAAMLCwgAAACH5BAAAAAAALAAAAAABAAEAAAICRAEAOw=='; this.srcset='data:image\/gif;base64,R0lGODlhAQABAIAAAMLCwgAAACH5BAAAAAAALAAAAAABAAEAAAICRAEAOw=='\"\n    alt=\"S\u00e9minaire H\u00f4tel l'Elys\u00e9e Val d'Europe Salons Carnot Marceau en cabaret\"\n    width=\"1367\"\n    height=\"912\"\n    class=\"\n        object-fit  set-aspect             \"\n\n            style=\"  --aspect-ratio: 4 \/ 3;  \"\n        \n            srcset=\"https:\/\/www.hotelelysee.com\/wp-content\/uploads\/2024\/02\/MARCEAU-HOCHE-en-CABARET-2-retouches-rouges-188x125.jpg 188w, https:\/\/www.hotelelysee.com\/wp-content\/uploads\/2024\/02\/MARCEAU-HOCHE-en-CABARET-2-retouches-rouges-375x250.jpg 375w, https:\/\/www.hotelelysee.com\/wp-content\/uploads\/2024\/02\/MARCEAU-HOCHE-en-CABARET-2-retouches-rouges-500x334.jpg 500w, https:\/\/www.hotelelysee.com\/wp-content\/uploads\/2024\/02\/MARCEAU-HOCHE-en-CABARET-2-retouches-rouges-640x427.jpg 640w, https:\/\/www.hotelelysee.com\/wp-content\/uploads\/2024\/02\/MARCEAU-HOCHE-en-CABARET-2-retouches-rouges-800x534.jpg 800w, https:\/\/www.hotelelysee.com\/wp-content\/uploads\/2024\/02\/MARCEAU-HOCHE-en-CABARET-2-retouches-rouges-1024x683.jpg 1024w, https:\/\/www.hotelelysee.com\/wp-content\/uploads\/2024\/02\/MARCEAU-HOCHE-en-CABARET-2-retouches-rouges-1367x912.jpg 1367w, https:\/\/www.hotelelysee.com\/wp-content\/uploads\/2024\/02\/MARCEAU-HOCHE-en-CABARET-2-retouches-rouges-1920x1281.jpg 1920w, https:\/\/www.hotelelysee.com\/wp-content\/uploads\/2024\/02\/MARCEAU-HOCHE-en-CABARET-2-retouches-rouges.jpg 2200w\"\n    \n    sizes=\"auto, (max-width: 48em) 43vw, (max-width: 64em) 41vw, (min-width: 64em) 41vw\">\n<img decoding=\"async\"\n            src=\"https:\/\/www.hotelelysee.com\/wp-content\/uploads\/2024\/02\/IMG_5889-1367x912.jpg\"\n    \n            loading=\"lazy\"          \n    \n    \n    onerror=\"this.onerror=null; this.src='data:image\/gif;base64,R0lGODlhAQABAIAAAMLCwgAAACH5BAAAAAAALAAAAAABAAEAAAICRAEAOw=='; this.srcset='data:image\/gif;base64,R0lGODlhAQABAIAAAMLCwgAAACH5BAAAAAAALAAAAAABAAEAAAICRAEAOw=='\"\n    alt=\"S\u00e9minaire H\u00f4tel l'Elys\u00e9e Val d'Europe Salon Vend\u00f4me\"\n    width=\"1367\"\n    height=\"912\"\n    class=\"\n        object-fit  set-aspect             \"\n\n            style=\"  --aspect-ratio: 4 \/ 3;  \"\n        \n            srcset=\"https:\/\/www.hotelelysee.com\/wp-content\/uploads\/2024\/02\/IMG_5889-188x125.jpg 188w, https:\/\/www.hotelelysee.com\/wp-content\/uploads\/2024\/02\/IMG_5889-375x250.jpg 375w, https:\/\/www.hotelelysee.com\/wp-content\/uploads\/2024\/02\/IMG_5889-500x333.jpg 500w, https:\/\/www.hotelelysee.com\/wp-content\/uploads\/2024\/02\/IMG_5889-640x427.jpg 640w, https:\/\/www.hotelelysee.com\/wp-content\/uploads\/2024\/02\/IMG_5889-800x533.jpg 800w, https:\/\/www.hotelelysee.com\/wp-content\/uploads\/2024\/02\/IMG_5889-1024x683.jpg 1024w, https:\/\/www.hotelelysee.com\/wp-content\/uploads\/2024\/02\/IMG_5889-1367x912.jpg 1367w, https:\/\/www.hotelelysee.com\/wp-content\/uploads\/2024\/02\/IMG_5889-1920x1280.jpg 1920w, https:\/\/www.hotelelysee.com\/wp-content\/uploads\/2024\/02\/IMG_5889.jpg 2200w\"\n    \n    sizes=\"auto, (max-width: 48em) 43vw, (max-width: 64em) 41vw, (min-width: 64em) 41vw\">\n<img decoding=\"async\"\n            src=\"https:\/\/www.hotelelysee.com\/wp-content\/uploads\/2024\/02\/hotel_elysee-126-1367x912.jpg\"\n    \n            loading=\"lazy\"          \n    \n    \n    onerror=\"this.onerror=null; this.src='data:image\/gif;base64,R0lGODlhAQABAIAAAMLCwgAAACH5BAAAAAAALAAAAAABAAEAAAICRAEAOw=='; this.srcset='data:image\/gif;base64,R0lGODlhAQABAIAAAMLCwgAAACH5BAAAAAAALAAAAAABAAEAAAICRAEAOw=='\"\n    alt=\"hotel_elysee-126\"\n    width=\"1367\"\n    height=\"912\"\n    class=\"\n        object-fit  set-aspect             \"\n\n            style=\"  --aspect-ratio: 4 \/ 3;  \"\n        \n            srcset=\"https:\/\/www.hotelelysee.com\/wp-content\/uploads\/2024\/02\/hotel_elysee-126-188x125.jpg 188w, https:\/\/www.hotelelysee.com\/wp-content\/uploads\/2024\/02\/hotel_elysee-126-375x250.jpg 375w, https:\/\/www.hotelelysee.com\/wp-content\/uploads\/2024\/02\/hotel_elysee-126-500x334.jpg 500w, https:\/\/www.hotelelysee.com\/wp-content\/uploads\/2024\/02\/hotel_elysee-126-640x427.jpg 640w, https:\/\/www.hotelelysee.com\/wp-content\/uploads\/2024\/02\/hotel_elysee-126-800x534.jpg 800w, https:\/\/www.hotelelysee.com\/wp-content\/uploads\/2024\/02\/hotel_elysee-126-1024x683.jpg 1024w, https:\/\/www.hotelelysee.com\/wp-content\/uploads\/2024\/02\/hotel_elysee-126-1367x912.jpg 1367w, https:\/\/www.hotelelysee.com\/wp-content\/uploads\/2024\/02\/hotel_elysee-126-1920x1281.jpg 1920w, https:\/\/www.hotelelysee.com\/wp-content\/uploads\/2024\/02\/hotel_elysee-126.jpg 2200w\"\n    \n    sizes=\"auto, (max-width: 48em) 43vw, (max-width: 64em) 41vw, (min-width: 64em) 41vw\">\n<\/div><div class=\"slick-controls slick-media flex justify-center items-center\">\n                <!-- <a href=\"#\" class=\"js-img-prev slick-control\" title=\"Previous slide\"><svg width=\"24\" height=\"24\" xmlns=\"http:\/\/www.w3.org\/2000\/svg\" viewBox=\"0 0 48 48\"><title>Previous<\/title><g class=\"caret-left\"><polyline class=\"arrowhead\" points=\"29.018 36.036 16.982 24 29.018 11.964\" fill=\"none\" stroke=\"currentColor\" stroke-linecap=\"round\" stroke-linejoin=\"round\" stroke-width=\"3\"\/><\/g><\/svg><\/a> -->\n                <div class=\"slick-dots img-content-dots\"><\/div>\n                <!-- <a href=\"#\" class=\"js-img-next slick-control\" title=\"Next slide\"><svg width=\"24\" height=\"24\" xmlns=\"http:\/\/www.w3.org\/2000\/svg\" viewBox=\"0 0 48 48\"><title>Next<\/title><g class=\"caret-right\"><polyline class=\"arrowhead\" points=\"18.982 11.964 31.018 24 18.982 36.036\" fill=\"none\" stroke=\"currentColor\" stroke-linecap=\"round\" stroke-linejoin=\"round\" stroke-width=\"3\"\/><\/g><\/svg><\/a> -->\n            <\/div>            <\/div>\n\n            <div class=\"content\">\n                <div class=\"content-inner\">\n                    <header>\n                                                    <p class=\"mb-1 overline color-accent\" data-aos=\"fade-up\">\n                                Modulables &#038; Lumineux                            <\/p>\n                        \n                                                    <h2 data-aos=\"fade-up\">Nos espaces                                                            <\/h2>\n                                            <\/header>\n\n                    <article class=\"content-wrap\" data-aos=\"fade-up\" data-aos-delay=\"150\">\n                        <p>Avec une surface totale de 200 m\u00b2 r\u00e9partie sur 4 salons de 23 \u00e0 186 m\u00b2, nos salles de r\u00e9union sont toutes \u00e9quip\u00e9es du mat\u00e9riel n\u00e9cessaire \u00e0 la r\u00e9ussite de vos \u00e9v\u00e9nements professionnels ou priv\u00e9s.<\/p>\n<p>Les am\u00e9nagements peuvent \u00eatre r\u00e9alis\u00e9s selon diff\u00e9rentes configurations, afin de s\u2019adapter \u00e0 tous vos besoins.<\/p>\n<p>Pour toute demande d\u2019information ou de devis, vous pouvez nous \u00e9crire \u00e0\u00a0<a href=\"mailto:commercial@hotelelysee.com\" target=\"_blank\" rel=\"noopener\">commercial@hotelelysee.com<\/a>\u00a0ou nous appeler au\u00a0<a href=\"tel:0164633389\">01.64.63.33.89<\/a>.<\/p>\n                    <\/article>\n                    \n                                <div class=\"buttons no-margin\" data-aos=\"fade-up\"data-aos-delay=\"150\">\n                                                <a class=\"button primary  \" href=\"mailto:commercial@hotelelysee.com\" target=\"_blank\" rel=\"noopener\"  >\n            Demander un devis        <\/a>\n                                                                        <a class=\"button secondary  \" href=\"https:\/\/www.hotelelysee.com\/wp-content\/uploads\/2024\/07\/Capacite-de-salles-EVE-2024-FR.jpg\" target=\"_blank\" rel=\"noopener\"  >\n            Capacit\u00e9 des salles        <\/a>\n                                                    <\/div>\n                        <\/div>\n            <\/div>\n        <\/div>\n    <\/section>\n    \n\n    <section\n    class=\"row spacing container img-content-row\"\n    id=\"block_70a151f5ca07287c0c60cf9343e5ddbd\"\n        >\n                \n        <div class=\"img-content text-image\">\n            <div class=\"img\" data-aos=\"fade-up\">\n                <div class=\"media-container   cut-corners  image-carousel  js-image-carousel \"><img decoding=\"async\"\n            src=\"https:\/\/www.hotelelysee.com\/wp-content\/uploads\/2024\/02\/hotel_elysee-1-1367x912.jpg\"\n    \n            loading=\"lazy\"          \n    \n    \n    onerror=\"this.onerror=null; this.src='data:image\/gif;base64,R0lGODlhAQABAIAAAMLCwgAAACH5BAAAAAAALAAAAAABAAEAAAICRAEAOw=='; this.srcset='data:image\/gif;base64,R0lGODlhAQABAIAAAMLCwgAAACH5BAAAAAAALAAAAAABAAEAAAICRAEAOw=='\"\n    alt=\"Pause Bar S\u00e9minaire H\u00f4tel l'Elys\u00e9e Val d'Europe\"\n    width=\"1367\"\n    height=\"912\"\n    class=\"\n        object-fit  set-aspect             \"\n\n            style=\"  --aspect-ratio: 4 \/ 3;  \"\n        \n            srcset=\"https:\/\/www.hotelelysee.com\/wp-content\/uploads\/2024\/02\/hotel_elysee-1-188x125.jpg 188w, https:\/\/www.hotelelysee.com\/wp-content\/uploads\/2024\/02\/hotel_elysee-1-375x250.jpg 375w, https:\/\/www.hotelelysee.com\/wp-content\/uploads\/2024\/02\/hotel_elysee-1-500x334.jpg 500w, https:\/\/www.hotelelysee.com\/wp-content\/uploads\/2024\/02\/hotel_elysee-1-640x427.jpg 640w, https:\/\/www.hotelelysee.com\/wp-content\/uploads\/2024\/02\/hotel_elysee-1-800x534.jpg 800w, https:\/\/www.hotelelysee.com\/wp-content\/uploads\/2024\/02\/hotel_elysee-1-1024x683.jpg 1024w, https:\/\/www.hotelelysee.com\/wp-content\/uploads\/2024\/02\/hotel_elysee-1-1367x912.jpg 1367w, https:\/\/www.hotelelysee.com\/wp-content\/uploads\/2024\/02\/hotel_elysee-1-1920x1281.jpg 1920w, https:\/\/www.hotelelysee.com\/wp-content\/uploads\/2024\/02\/hotel_elysee-1.jpg 2200w\"\n    \n    sizes=\"auto, (max-width: 48em) 43vw, (max-width: 64em) 41vw, (min-width: 64em) 41vw\">\n<img decoding=\"async\"\n            src=\"https:\/\/www.hotelelysee.com\/wp-content\/uploads\/2024\/02\/hotel_elysee-591-1367x912.jpg\"\n    \n            loading=\"lazy\"          \n    \n    \n    onerror=\"this.onerror=null; this.src='data:image\/gif;base64,R0lGODlhAQABAIAAAMLCwgAAACH5BAAAAAAALAAAAAABAAEAAAICRAEAOw=='; this.srcset='data:image\/gif;base64,R0lGODlhAQABAIAAAMLCwgAAACH5BAAAAAAALAAAAAABAAEAAAICRAEAOw=='\"\n    alt=\"Hotel l'Elys\u00e9e Val d'Europe_Chambre double\"\n    width=\"1367\"\n    height=\"912\"\n    class=\"\n        object-fit  set-aspect             \"\n\n            style=\"  --aspect-ratio: 4 \/ 3;  \"\n        \n            srcset=\"https:\/\/www.hotelelysee.com\/wp-content\/uploads\/2024\/02\/hotel_elysee-591-188x125.jpg 188w, https:\/\/www.hotelelysee.com\/wp-content\/uploads\/2024\/02\/hotel_elysee-591-375x250.jpg 375w, https:\/\/www.hotelelysee.com\/wp-content\/uploads\/2024\/02\/hotel_elysee-591-500x334.jpg 500w, https:\/\/www.hotelelysee.com\/wp-content\/uploads\/2024\/02\/hotel_elysee-591-640x427.jpg 640w, https:\/\/www.hotelelysee.com\/wp-content\/uploads\/2024\/02\/hotel_elysee-591-800x534.jpg 800w, https:\/\/www.hotelelysee.com\/wp-content\/uploads\/2024\/02\/hotel_elysee-591-1024x683.jpg 1024w, https:\/\/www.hotelelysee.com\/wp-content\/uploads\/2024\/02\/hotel_elysee-591-1367x912.jpg 1367w, https:\/\/www.hotelelysee.com\/wp-content\/uploads\/2024\/02\/hotel_elysee-591.jpg 1920w, https:\/\/www.hotelelysee.com\/wp-content\/uploads\/2024\/02\/hotel_elysee-591.jpg 2200w\"\n    \n    sizes=\"auto, (max-width: 48em) 43vw, (max-width: 64em) 41vw, (min-width: 64em) 41vw\">\n<\/div><div class=\"slick-controls slick-media flex justify-center items-center\">\n                <!-- <a href=\"#\" class=\"js-img-prev slick-control\" title=\"Previous slide\"><svg width=\"24\" height=\"24\" xmlns=\"http:\/\/www.w3.org\/2000\/svg\" viewBox=\"0 0 48 48\"><title>Previous<\/title><g class=\"caret-left\"><polyline class=\"arrowhead\" points=\"29.018 36.036 16.982 24 29.018 11.964\" fill=\"none\" stroke=\"currentColor\" stroke-linecap=\"round\" stroke-linejoin=\"round\" stroke-width=\"3\"\/><\/g><\/svg><\/a> -->\n                <div class=\"slick-dots img-content-dots\"><\/div>\n                <!-- <a href=\"#\" class=\"js-img-next slick-control\" title=\"Next slide\"><svg width=\"24\" height=\"24\" xmlns=\"http:\/\/www.w3.org\/2000\/svg\" viewBox=\"0 0 48 48\"><title>Next<\/title><g class=\"caret-right\"><polyline class=\"arrowhead\" points=\"18.982 11.964 31.018 24 18.982 36.036\" fill=\"none\" stroke=\"currentColor\" stroke-linecap=\"round\" stroke-linejoin=\"round\" stroke-width=\"3\"\/><\/g><\/svg><\/a> -->\n            <\/div>            <\/div>\n\n            <div class=\"content\">\n                <div class=\"content-inner\">\n                    <header>\n                                                    <p class=\"mb-1 overline color-accent\" data-aos=\"fade-up\">\n                                Sur-mesure                            <\/p>\n                        \n                                                    <h2 data-aos=\"fade-up\">Prestations                                                            <\/h2>\n                                            <\/header>\n\n                    <article class=\"content-wrap\" data-aos=\"fade-up\" data-aos-delay=\"150\">\n                        <p>Afin de faciliter l\u2019organisation de vos r\u00e9unions et vous permettre de ma\u00eetriser votre budget, notre \u00e9quipe vous propose des formules compl\u00e8tes.<\/p>\n<p>Vous d\u00e9couvrirez ci-dessous les diff\u00e9rentes solutions pour vos conf\u00e9rences, r\u00e9unions de travail, s\u00e9minaires r\u00e9sidentiels, cocktails, repas d\u2019affaires\u2026 ainsi que des options personnalis\u00e9es pour vos \u00e9v\u00e9nements sp\u00e9cifiques.<\/p>\n<p>Pour toute demande d\u2019information ou de devis, vous pouvez nous \u00e9crire \u00e0\u00a0<a href=\"mailto:commercial@hotelelysee.com\" target=\"_blank\" rel=\"noopener\">commercial@hotelelysee.com<\/a>\u00a0ou nous appeler au\u00a0<a href=\"tel:0164633389\">01.64.63.33.89<\/a>.<\/p>\n                    <\/article>\n                    \n                                <div class=\"buttons no-margin\" data-aos=\"fade-up\"data-aos-delay=\"150\">\n                                                <a class=\"button primary  \" href=\"mailto:commercial@hotelelysee.com\" target=\"_blank\" rel=\"noopener\"  >\n            Demander un devis        <\/a>\n                                                                        <a class=\"button secondary  \" href=\"https:\/\/www.hotelelysee.com\/wp-content\/uploads\/2024\/03\/FORFAITS-2023.pdf\" target=\"_blank\" rel=\"noopener\"  >\n            Voir les forfaits        <\/a>\n                                                    <\/div>\n                        <\/div>\n            <\/div>\n        <\/div>\n    <\/section>\n    \n\n    <section\n    class=\"row spacing container img-content-row\"\n    id=\"block_8b3470dbedb86ee07e26247e4161c570\"\n        >\n                \n        <div class=\"img-content image-text\">\n            <div class=\"img\" data-aos=\"fade-up\">\n                <div class=\"media-container   cut-corners  image-carousel  js-image-carousel \"><img decoding=\"async\"\n            src=\"https:\/\/www.hotelelysee.com\/wp-content\/uploads\/2024\/02\/Groupe-en-verriere-crop-1367x1276.jpg\"\n    \n            loading=\"lazy\"          \n    \n    \n    onerror=\"this.onerror=null; this.src='data:image\/gif;base64,R0lGODlhAQABAIAAAMLCwgAAACH5BAAAAAAALAAAAAABAAEAAAICRAEAOw=='; this.srcset='data:image\/gif;base64,R0lGODlhAQABAIAAAMLCwgAAACH5BAAAAAAALAAAAAABAAEAAAICRAEAOw=='\"\n    alt=\"Restaurant Le George Serris S\u00e9minaires Val d'Europe\"\n    width=\"1367\"\n    height=\"1276\"\n    class=\"\n        object-fit  set-aspect             \"\n\n            style=\"  --aspect-ratio: 4 \/ 3;  \"\n        \n            srcset=\"https:\/\/www.hotelelysee.com\/wp-content\/uploads\/2024\/02\/Groupe-en-verriere-crop-188x175.jpg 188w, https:\/\/www.hotelelysee.com\/wp-content\/uploads\/2024\/02\/Groupe-en-verriere-crop-375x350.jpg 375w, https:\/\/www.hotelelysee.com\/wp-content\/uploads\/2024\/02\/Groupe-en-verriere-crop-500x467.jpg 500w, https:\/\/www.hotelelysee.com\/wp-content\/uploads\/2024\/02\/Groupe-en-verriere-crop-640x597.jpg 640w, https:\/\/www.hotelelysee.com\/wp-content\/uploads\/2024\/02\/Groupe-en-verriere-crop-800x746.jpg 800w, https:\/\/www.hotelelysee.com\/wp-content\/uploads\/2024\/02\/Groupe-en-verriere-crop-1024x955.jpg 1024w, https:\/\/www.hotelelysee.com\/wp-content\/uploads\/2024\/02\/Groupe-en-verriere-crop-1367x1276.jpg 1367w, https:\/\/www.hotelelysee.com\/wp-content\/uploads\/2024\/02\/Groupe-en-verriere-crop.jpg 1920w, https:\/\/www.hotelelysee.com\/wp-content\/uploads\/2024\/02\/Groupe-en-verriere-crop.jpg 2200w\"\n    \n    sizes=\"auto, (max-width: 48em) 43vw, (max-width: 64em) 41vw, (min-width: 64em) 41vw\">\n<img decoding=\"async\"\n            src=\"https:\/\/www.hotelelysee.com\/wp-content\/uploads\/2024\/02\/rang-2-1.jpg\"\n    \n            loading=\"lazy\"          \n    \n    \n    onerror=\"this.onerror=null; this.src='data:image\/gif;base64,R0lGODlhAQABAIAAAMLCwgAAACH5BAAAAAAALAAAAAABAAEAAAICRAEAOw=='; this.srcset='data:image\/gif;base64,R0lGODlhAQABAIAAAMLCwgAAACH5BAAAAAAALAAAAAABAAEAAAICRAEAOw=='\"\n    alt=\"Le George Restaurant H\u00f4tel l'Elys\u00e9e Val d'Europe\"\n    width=\"1200\"\n    height=\"800\"\n    class=\"\n        object-fit  set-aspect             \"\n\n            style=\"  --aspect-ratio: 4 \/ 3;  \"\n        \n            srcset=\"https:\/\/www.hotelelysee.com\/wp-content\/uploads\/2024\/02\/rang-2-1-188x125.jpg 188w, https:\/\/www.hotelelysee.com\/wp-content\/uploads\/2024\/02\/rang-2-1-375x250.jpg 375w, https:\/\/www.hotelelysee.com\/wp-content\/uploads\/2024\/02\/rang-2-1-500x333.jpg 500w, https:\/\/www.hotelelysee.com\/wp-content\/uploads\/2024\/02\/rang-2-1-640x427.jpg 640w, https:\/\/www.hotelelysee.com\/wp-content\/uploads\/2024\/02\/rang-2-1-800x533.jpg 800w, https:\/\/www.hotelelysee.com\/wp-content\/uploads\/2024\/02\/rang-2-1-1024x683.jpg 1024w, https:\/\/www.hotelelysee.com\/wp-content\/uploads\/2024\/02\/rang-2-1.jpg 1367w, https:\/\/www.hotelelysee.com\/wp-content\/uploads\/2024\/02\/rang-2-1.jpg 1920w, https:\/\/www.hotelelysee.com\/wp-content\/uploads\/2024\/02\/rang-2-1.jpg 2200w\"\n    \n    sizes=\"auto, (max-width: 48em) 43vw, (max-width: 64em) 41vw, (min-width: 64em) 41vw\">\n<\/div><div class=\"slick-controls slick-media flex justify-center items-center\">\n                <!-- <a href=\"#\" class=\"js-img-prev slick-control\" title=\"Previous slide\"><svg width=\"24\" height=\"24\" xmlns=\"http:\/\/www.w3.org\/2000\/svg\" viewBox=\"0 0 48 48\"><title>Previous<\/title><g class=\"caret-left\"><polyline class=\"arrowhead\" points=\"29.018 36.036 16.982 24 29.018 11.964\" fill=\"none\" stroke=\"currentColor\" stroke-linecap=\"round\" stroke-linejoin=\"round\" stroke-width=\"3\"\/><\/g><\/svg><\/a> -->\n                <div class=\"slick-dots img-content-dots\"><\/div>\n                <!-- <a href=\"#\" class=\"js-img-next slick-control\" title=\"Next slide\"><svg width=\"24\" height=\"24\" xmlns=\"http:\/\/www.w3.org\/2000\/svg\" viewBox=\"0 0 48 48\"><title>Next<\/title><g class=\"caret-right\"><polyline class=\"arrowhead\" points=\"18.982 11.964 31.018 24 18.982 36.036\" fill=\"none\" stroke=\"currentColor\" stroke-linecap=\"round\" stroke-linejoin=\"round\" stroke-width=\"3\"\/><\/g><\/svg><\/a> -->\n            <\/div>            <\/div>\n\n            <div class=\"content\">\n                <div class=\"content-inner\">\n                    <header>\n                                                    <p class=\"mb-1 overline color-accent\" data-aos=\"fade-up\">\n                                \u00e0 table !                            <\/p>\n                        \n                                                    <h2 data-aos=\"fade-up\">Restaurant                                                            <\/h2>\n                                            <\/header>\n\n                    <article class=\"content-wrap\" data-aos=\"fade-up\" data-aos-delay=\"150\">\n                        <p>Pour vos d\u00e9jeuners et d\u00eeners, notre chef vous propose une s\u00e9lection de plats variant au gr\u00e9 des saisons et accompagn\u00e9s d\u2019un vin de notre s\u00e9lection.<\/p>\n<p>Vous appr\u00e9cierez l\u2019attention port\u00e9e par notre \u00e9quipe au choix des produits, associ\u00e9 \u00e0 un travail soucieux des saveurs et de la pr\u00e9sentation.<\/p>\n<p>A l\u2019\u00e9coute de tous vos projets, nous saurons vous proposer, selon vos envies, des menus raffin\u00e9s, cocktails d\u00e9jeunatoires ou d\u00eenatoires et bien d\u2019autres formules.<\/p>\n<p>Pour toute demande d\u2019information ou de devis, vous pouvez nous \u00e9crire \u00e0\u00a0<a href=\"mailto:commercial@hotelelysee.com\" target=\"_blank\" rel=\"noopener\">commercial@hotelelysee.com<\/a>\u00a0ou nous appeler au\u00a0<a href=\"tel:0164633389\">01.64.63.33.89<\/a>.<\/p>\n                    <\/article>\n                    \n                                <div class=\"buttons no-margin\" data-aos=\"fade-up\"data-aos-delay=\"150\">\n                                                <a class=\"button primary  \" href=\"mailto:commercial@hotelelysee.com\" target=\"_blank\" rel=\"noopener\"  >\n            Demander un devis        <\/a>\n                                                                        <a class=\"button secondary  \" href=\"https:\/\/www.hotelelysee.com\/fr\/restaurant-et-bar\/\"   >\n            Le restaurant        <\/a>\n                                                    <\/div>\n                        <\/div>\n            <\/div>\n        <\/div>\n    <\/section>\n    ","protected":false},"excerpt":{"rendered":"","protected":false},"author":1,"featured_media":3497,"parent":0,"menu_order":0,"comment_status":"closed","ping_status":"closed","template":"","meta":{"_acf_changed":false,"footnotes":""},"class_list":["post-3876","page","type-page","status-publish","has-post-thumbnail","hentry"],"acf":[],"yoast_head":"<!-- This site is optimized with the Yoast SEO plugin v26.9 - https:\/\/yoast.com\/product\/yoast-seo-wordpress\/ -->\n<title>S\u00e9minaires - H\u00f4tel L&#039;Elys\u00e9e Val d&#039;Europe | 4* Pr\u00e8s de Disneyland\u00ae Paris\u00ae<\/title>\n<meta name=\"description\" content=\"Organisez vos s\u00e9minaires \u00e0 l&#039;H\u00f4tel l&#039;Elys\u00e9e Val d&#039;Europe : emplacement facile d&#039;acc\u00e8s, \u00e9quipements complets pour r\u00e9unions et team building.\" \/>\n<meta name=\"robots\" content=\"index, follow, max-snippet:-1, max-image-preview:large, max-video-preview:-1\" \/>\n<link rel=\"canonical\" href=\"https:\/\/www.hotelelysee.com\/fr\/seminaires-et-evenements\/\" \/>\n<meta property=\"og:locale\" content=\"fr_FR\" \/>\n<meta property=\"og:type\" content=\"article\" \/>\n<meta property=\"og:title\" content=\"S\u00e9minaires - H\u00f4tel L&#039;Elys\u00e9e Val d&#039;Europe | 4* Pr\u00e8s de Disneyland\u00ae Paris\u00ae\" \/>\n<meta property=\"og:description\" content=\"Organisez vos s\u00e9minaires \u00e0 l&#039;H\u00f4tel l&#039;Elys\u00e9e Val d&#039;Europe : emplacement facile d&#039;acc\u00e8s, \u00e9quipements complets pour r\u00e9unions et team building.\" \/>\n<meta property=\"og:url\" content=\"https:\/\/www.hotelelysee.com\/fr\/seminaires-et-evenements\/\" \/>\n<meta property=\"og:site_name\" content=\"H\u00f4tel L&#039;Elys\u00e9e Val d&#039;Europe | 4* Pr\u00e8s de Disneyland\u00ae Paris\u00ae\" \/>\n<meta property=\"article:modified_time\" content=\"2026-01-19T09:41:31+00:00\" \/>\n<meta property=\"og:image\" content=\"https:\/\/www.hotelelysee.com\/wp-content\/uploads\/2024\/02\/Groupe-en-verriere-crop.jpg\" \/>\n\t<meta property=\"og:image:width\" content=\"1898\" \/>\n\t<meta property=\"og:image:height\" content=\"1771\" \/>\n\t<meta property=\"og:image:type\" content=\"image\/jpeg\" \/>\n<meta name=\"twitter:card\" content=\"summary_large_image\" \/>\n<meta name=\"twitter:label1\" content=\"Dur\u00e9e de lecture estim\u00e9e\" \/>\n\t<meta name=\"twitter:data1\" content=\"4 minutes\" \/>\n<script type=\"application\/ld+json\" class=\"yoast-schema-graph\">{\"@context\":\"https:\/\/schema.org\",\"@graph\":[{\"@type\":\"WebPage\",\"@id\":\"https:\/\/www.hotelelysee.com\/fr\/seminaires-et-evenements\/\",\"url\":\"https:\/\/www.hotelelysee.com\/fr\/seminaires-et-evenements\/\",\"name\":\"S\u00e9minaires - H\u00f4tel L&#039;Elys\u00e9e Val d&#039;Europe | 4* Pr\u00e8s de Disneyland\u00ae Paris\u00ae\",\"isPartOf\":{\"@id\":\"https:\/\/www.hotelelysee.com\/fr\/#website\"},\"primaryImageOfPage\":{\"@id\":\"https:\/\/www.hotelelysee.com\/fr\/seminaires-et-evenements\/#primaryimage\"},\"image\":{\"@id\":\"https:\/\/www.hotelelysee.com\/fr\/seminaires-et-evenements\/#primaryimage\"},\"thumbnailUrl\":\"https:\/\/www.hotelelysee.com\/wp-content\/uploads\/2024\/02\/Groupe-en-verriere-crop.jpg\",\"datePublished\":\"2023-12-01T15:51:44+00:00\",\"dateModified\":\"2026-01-19T09:41:31+00:00\",\"description\":\"Organisez vos s\u00e9minaires \u00e0 l'H\u00f4tel l'Elys\u00e9e Val d'Europe : emplacement facile d'acc\u00e8s, \u00e9quipements complets pour r\u00e9unions et team building.\",\"breadcrumb\":{\"@id\":\"https:\/\/www.hotelelysee.com\/fr\/seminaires-et-evenements\/#breadcrumb\"},\"inLanguage\":\"fr-FR\",\"potentialAction\":[{\"@type\":\"ReadAction\",\"target\":[\"https:\/\/www.hotelelysee.com\/fr\/seminaires-et-evenements\/\"]}]},{\"@type\":\"ImageObject\",\"inLanguage\":\"fr-FR\",\"@id\":\"https:\/\/www.hotelelysee.com\/fr\/seminaires-et-evenements\/#primaryimage\",\"url\":\"https:\/\/www.hotelelysee.com\/wp-content\/uploads\/2024\/02\/Groupe-en-verriere-crop.jpg\",\"contentUrl\":\"https:\/\/www.hotelelysee.com\/wp-content\/uploads\/2024\/02\/Groupe-en-verriere-crop.jpg\",\"width\":1898,\"height\":1771,\"caption\":\"Restaurant Le George Serris S\u00e9minaires Val d'Europe\"},{\"@type\":\"BreadcrumbList\",\"@id\":\"https:\/\/www.hotelelysee.com\/fr\/seminaires-et-evenements\/#breadcrumb\",\"itemListElement\":[{\"@type\":\"ListItem\",\"position\":1,\"name\":\"Accueil\",\"item\":\"https:\/\/www.hotelelysee.com\/fr\/\"},{\"@type\":\"ListItem\",\"position\":2,\"name\":\"S\u00e9minaires\"}]},{\"@type\":\"WebSite\",\"@id\":\"https:\/\/www.hotelelysee.com\/fr\/#website\",\"url\":\"https:\/\/www.hotelelysee.com\/fr\/\",\"name\":\"H\u00f4tel L'Elys\u00e9e Val d'Europe | 4* near Disneyland\u00ae Paris\",\"description\":\"Un h\u00f4tel 4 \u00e9toiles parfait pour la famille... et les entreprises\",\"potentialAction\":[{\"@type\":\"SearchAction\",\"target\":{\"@type\":\"EntryPoint\",\"urlTemplate\":\"https:\/\/www.hotelelysee.com\/fr\/?s={search_term_string}\"},\"query-input\":{\"@type\":\"PropertyValueSpecification\",\"valueRequired\":true,\"valueName\":\"search_term_string\"}}],\"inLanguage\":\"fr-FR\"}]}<\/script>\n<!-- \/ Yoast SEO plugin. -->","yoast_head_json":{"title":"S\u00e9minaires - H\u00f4tel L&#039;Elys\u00e9e Val d&#039;Europe | 4* Pr\u00e8s de Disneyland\u00ae Paris\u00ae","description":"Organisez vos s\u00e9minaires \u00e0 l'H\u00f4tel l'Elys\u00e9e Val d'Europe : emplacement facile d'acc\u00e8s, \u00e9quipements complets pour r\u00e9unions et team building.","robots":{"index":"index","follow":"follow","max-snippet":"max-snippet:-1","max-image-preview":"max-image-preview:large","max-video-preview":"max-video-preview:-1"},"canonical":"https:\/\/www.hotelelysee.com\/fr\/seminaires-et-evenements\/","og_locale":"fr_FR","og_type":"article","og_title":"S\u00e9minaires - H\u00f4tel L&#039;Elys\u00e9e Val d&#039;Europe | 4* Pr\u00e8s de Disneyland\u00ae Paris\u00ae","og_description":"Organisez vos s\u00e9minaires \u00e0 l'H\u00f4tel l'Elys\u00e9e Val d'Europe : emplacement facile d'acc\u00e8s, \u00e9quipements complets pour r\u00e9unions et team building.","og_url":"https:\/\/www.hotelelysee.com\/fr\/seminaires-et-evenements\/","og_site_name":"H\u00f4tel L&#039;Elys\u00e9e Val d&#039;Europe | 4* Pr\u00e8s de Disneyland\u00ae Paris\u00ae","article_modified_time":"2026-01-19T09:41:31+00:00","og_image":[{"width":1898,"height":1771,"url":"https:\/\/www.hotelelysee.com\/wp-content\/uploads\/2024\/02\/Groupe-en-verriere-crop.jpg","type":"image\/jpeg"}],"twitter_card":"summary_large_image","twitter_misc":{"Dur\u00e9e de lecture estim\u00e9e":"4 minutes"},"schema":{"@context":"https:\/\/schema.org","@graph":[{"@type":"WebPage","@id":"https:\/\/www.hotelelysee.com\/fr\/seminaires-et-evenements\/","url":"https:\/\/www.hotelelysee.com\/fr\/seminaires-et-evenements\/","name":"S\u00e9minaires - H\u00f4tel L&#039;Elys\u00e9e Val d&#039;Europe | 4* Pr\u00e8s de Disneyland\u00ae Paris\u00ae","isPartOf":{"@id":"https:\/\/www.hotelelysee.com\/fr\/#website"},"primaryImageOfPage":{"@id":"https:\/\/www.hotelelysee.com\/fr\/seminaires-et-evenements\/#primaryimage"},"image":{"@id":"https:\/\/www.hotelelysee.com\/fr\/seminaires-et-evenements\/#primaryimage"},"thumbnailUrl":"https:\/\/www.hotelelysee.com\/wp-content\/uploads\/2024\/02\/Groupe-en-verriere-crop.jpg","datePublished":"2023-12-01T15:51:44+00:00","dateModified":"2026-01-19T09:41:31+00:00","description":"Organisez vos s\u00e9minaires \u00e0 l'H\u00f4tel l'Elys\u00e9e Val d'Europe : emplacement facile d'acc\u00e8s, \u00e9quipements complets pour r\u00e9unions et team building.","breadcrumb":{"@id":"https:\/\/www.hotelelysee.com\/fr\/seminaires-et-evenements\/#breadcrumb"},"inLanguage":"fr-FR","potentialAction":[{"@type":"ReadAction","target":["https:\/\/www.hotelelysee.com\/fr\/seminaires-et-evenements\/"]}]},{"@type":"ImageObject","inLanguage":"fr-FR","@id":"https:\/\/www.hotelelysee.com\/fr\/seminaires-et-evenements\/#primaryimage","url":"https:\/\/www.hotelelysee.com\/wp-content\/uploads\/2024\/02\/Groupe-en-verriere-crop.jpg","contentUrl":"https:\/\/www.hotelelysee.com\/wp-content\/uploads\/2024\/02\/Groupe-en-verriere-crop.jpg","width":1898,"height":1771,"caption":"Restaurant Le George Serris S\u00e9minaires Val d'Europe"},{"@type":"BreadcrumbList","@id":"https:\/\/www.hotelelysee.com\/fr\/seminaires-et-evenements\/#breadcrumb","itemListElement":[{"@type":"ListItem","position":1,"name":"Accueil","item":"https:\/\/www.hotelelysee.com\/fr\/"},{"@type":"ListItem","position":2,"name":"S\u00e9minaires"}]},{"@type":"WebSite","@id":"https:\/\/www.hotelelysee.com\/fr\/#website","url":"https:\/\/www.hotelelysee.com\/fr\/","name":"H\u00f4tel L'Elys\u00e9e Val d'Europe | 4* near Disneyland\u00ae Paris","description":"Un h\u00f4tel 4 \u00e9toiles parfait pour la famille... et les entreprises","potentialAction":[{"@type":"SearchAction","target":{"@type":"EntryPoint","urlTemplate":"https:\/\/www.hotelelysee.com\/fr\/?s={search_term_string}"},"query-input":{"@type":"PropertyValueSpecification","valueRequired":true,"valueName":"search_term_string"}}],"inLanguage":"fr-FR"}]}},"_links":{"self":[{"href":"https:\/\/www.hotelelysee.com\/fr\/wp-json\/wp\/v2\/pages\/3876","targetHints":{"allow":["GET"]}}],"collection":[{"href":"https:\/\/www.hotelelysee.com\/fr\/wp-json\/wp\/v2\/pages"}],"about":[{"href":"https:\/\/www.hotelelysee.com\/fr\/wp-json\/wp\/v2\/types\/page"}],"author":[{"embeddable":true,"href":"https:\/\/www.hotelelysee.com\/fr\/wp-json\/wp\/v2\/users\/1"}],"replies":[{"embeddable":true,"href":"https:\/\/www.hotelelysee.com\/fr\/wp-json\/wp\/v2\/comments?post=3876"}],"version-history":[{"count":38,"href":"https:\/\/www.hotelelysee.com\/fr\/wp-json\/wp\/v2\/pages\/3876\/revisions"}],"predecessor-version":[{"id":8266,"href":"https:\/\/www.hotelelysee.com\/fr\/wp-json\/wp\/v2\/pages\/3876\/revisions\/8266"}],"wp:featuredmedia":[{"embeddable":true,"href":"https:\/\/www.hotelelysee.com\/fr\/wp-json\/wp\/v2\/media\/3497"}],"wp:attachment":[{"href":"https:\/\/www.hotelelysee.com\/fr\/wp-json\/wp\/v2\/media?parent=3876"}],"curies":[{"name":"wp","href":"https:\/\/api.w.org\/{rel}","templated":true}]}}