{"id":4009,"date":"2026-01-23T13:47:07","date_gmt":"2026-01-23T13:47:07","guid":{"rendered":"https:\/\/www.hotelelysee.com\/faqs\/"},"modified":"2026-04-02T09:06:19","modified_gmt":"2026-04-02T08:06:19","slug":"faq","status":"publish","type":"page","link":"https:\/\/www.hotelelysee.com\/fr\/faq\/","title":{"rendered":"FAQ"},"content":{"rendered":"\n    \n    \n\n    <section\n    class=\"row container banner-block flex justify-center items-center flex-col theme--image\"\n    id=\"block_5b74ea31651d2650191e61b7d3484212\"\n    style=\"\n        min-height: 100svh;\n                \"\n    >\n                    <div class=\"block-bg-img\n            \">\n                <img loading=\"lazy\" decoding=\"async\"\n            src=\"https:\/\/www.hotelelysee.com\/wp-content\/uploads\/2023\/11\/hotel_elysee-710-Copie.jpg\"\n    \n    \n    \n    onerror=\"this.onerror=null; this.src='data:image\/gif;base64,R0lGODlhAQABAIAAAMLCwgAAACH5BAAAAAAALAAAAAABAAEAAAICRAEAOw=='; this.srcset='data:image\/gif;base64,R0lGODlhAQABAIAAAMLCwgAAACH5BAAAAAAALAAAAAABAAEAAAICRAEAOw=='\"\n    alt=\"hotel_elysee-710 &#8211; Copie\"\n    width=\"1320\"\n    height=\"956\"\n    class=\"\n        object-fit             \"\n\n        \n            srcset=\"https:\/\/www.hotelelysee.com\/wp-content\/uploads\/2023\/11\/hotel_elysee-710-Copie-188x136.jpg 188w, https:\/\/www.hotelelysee.com\/wp-content\/uploads\/2023\/11\/hotel_elysee-710-Copie-375x272.jpg 375w, https:\/\/www.hotelelysee.com\/wp-content\/uploads\/2023\/11\/hotel_elysee-710-Copie-500x362.jpg 500w, https:\/\/www.hotelelysee.com\/wp-content\/uploads\/2023\/11\/hotel_elysee-710-Copie-640x464.jpg 640w, https:\/\/www.hotelelysee.com\/wp-content\/uploads\/2023\/11\/hotel_elysee-710-Copie-800x579.jpg 800w, https:\/\/www.hotelelysee.com\/wp-content\/uploads\/2023\/11\/hotel_elysee-710-Copie-1024x742.jpg 1024w, https:\/\/www.hotelelysee.com\/wp-content\/uploads\/2023\/11\/hotel_elysee-710-Copie.jpg 1367w, https:\/\/www.hotelelysee.com\/wp-content\/uploads\/2023\/11\/hotel_elysee-710-Copie.jpg 1920w, https:\/\/www.hotelelysee.com\/wp-content\/uploads\/2023\/11\/hotel_elysee-710-Copie.jpg 2200w\"\n    \n    sizes=\"auto, (max-width: 48em) 100vw, (max-width: 64em) 100vw, (min-width: 64em) 100vw\">\n            <\/div>\n                <div class=\"banner-content-block \">\n                                                    <h1 class=\"mb-2\">Avez-vous des questions ?                                    <\/h1>\n            \n                                            <\/div>\n                            <a href=\"#\" class=\"js-scroll-next-block banner-scroll\">\n                <svg class=\"\" width=\"32\" height=\"32\" xmlns=\"http:\/\/www.w3.org\/2000\/svg\" viewBox=\"0 0 48 48\"><title>mouse<\/title><rect x=\"12.152\" y=\"4.186\" width=\"23.696\" height=\"39.628\" rx=\"11.848\" fill=\"none\" stroke=\"#fff\" stroke-miterlimit=\"10\" stroke-width=\"3\"\/><line x1=\"24\" y1=\"12.716\" x2=\"24\" y2=\"17.23\" fill=\"none\" stroke=\"#fff\" stroke-linecap=\"round\" stroke-miterlimit=\"10\" stroke-width=\"3\"\/><\/svg>\n            <\/a>\n                \n            <\/section>\n    \n\n    <section\n    class=\"row faqs spacing container\"\n    id=\"block_a9b35e700f79c828fb6d3c7c6fa290b6\"\n        >\n            <div class=\"faqs-sidebar stick-in\">\n            <form action=\"\" class=\"js-live-search faqs-search\" method=\"post\">\n                <svg width=\"24\" height=\"24\" xmlns=\"http:\/\/www.w3.org\/2000\/svg\" viewBox=\"0 0 24 24\"><g><line x1=\"20.39\" y1=\"20.39\" x2=\"12.91\" y2=\"12.91\" fill=\"none\" stroke=\"currentColor\" stroke-linecap=\"round\" stroke-linejoin=\"round\" stroke-width=\"1.5\"\/><circle cx=\"9.059\" cy=\"9.059\" r=\"5.449\" fill=\"none\" stroke=\"currentColor\" stroke-linecap=\"round\" stroke-linejoin=\"round\" stroke-width=\"1.5\"\/><\/g><\/svg>\n                <input type=\"text\" placeholder=\"Recherchez dans les FAQ, par ex. 'enregistrement'\" class=\"text-input js-filter-desktop\" value=\"\" \/>\n            <\/form>\n            <div class=\"faqs-nav-wrapper\">\n                <ul class=\"faq-nav\" data-gumshoe>\n                                            <li><h5 class=\"mb-0\"><a href=\"#group-1\" class=\"scroll-to js-faq-nav\">RESERVATION<\/a><\/h5><\/li>\n                                            <li><h5 class=\"mb-0\"><a href=\"#group-2\" class=\"scroll-to js-faq-nav\">RECEPTION<\/a><\/h5><\/li>\n                                            <li><h5 class=\"mb-0\"><a href=\"#group-3\" class=\"scroll-to js-faq-nav\">CHAMBRES<\/a><\/h5><\/li>\n                                            <li><h5 class=\"mb-0\"><a href=\"#group-4\" class=\"scroll-to js-faq-nav\">RESTAURATION<\/a><\/h5><\/li>\n                                            <li><h5 class=\"mb-0\"><a href=\"#group-5\" class=\"scroll-to js-faq-nav\">TRANSPORTS<\/a><\/h5><\/li>\n                                            <li><h5 class=\"mb-0\"><a href=\"#group-6\" class=\"scroll-to js-faq-nav\">DISNEYLAND\u00ae PARIS<\/a><\/h5><\/li>\n                                            <li><h5 class=\"mb-0\"><a href=\"#group-7\" class=\"scroll-to js-faq-nav\">PARIS<\/a><\/h5><\/li>\n                                            <li><h5 class=\"mb-0\"><a href=\"#group-8\" class=\"scroll-to js-faq-nav\">PROFESSIONNELS \/ RECRUTEMENT<\/a><\/h5><\/li>\n                                            <li><h5 class=\"mb-0\"><a href=\"#group-9\" class=\"scroll-to js-faq-nav\">DIVERS<\/a><\/h5><\/li>\n                                    <\/ul>\n                <a href=\"https:\/\/www.hotelelysee.com\/fr\/contactez-nous\/\" class=\"faqs-cta flex has-background theme--accent items-center justify-between\">\n                    <div class=\"flex-grow faqs-cta-content flex flex-col items-start justify-center\">\n                        <h4 class=\"mb-0\">Vous ne trouvez pas la r\u00e9ponse \u00e0 votre question ?<\/h4>\n                        <p class=\"size-xs mb-0\">Prenez contact avec nos \u00e9quipes<\/p>\n                    <\/div>\n\n                    <div class=\"button icon secondary no-margin\">\n                        <svg width=\"24\" height=\"24\" xmlns=\"http:\/\/www.w3.org\/2000\/svg\" viewBox=\"0 0 24 24\"><g><line x1=\"19.982\" y1=\"12\" x2=\"3.982\" y2=\"12\" fill=\"none\" stroke=\"currentColor\" stroke-linecap=\"round\" stroke-linejoin=\"round\" stroke-width=\"1.5\"\/><polyline points=\"14.333 6.315 20.018 12 14.333 17.685\" fill=\"none\" stroke=\"currentColor\" stroke-linecap=\"round\" stroke-linejoin=\"round\" stroke-width=\"1.5\"\/><\/g><\/svg>\n                    <\/div>\n                <\/a>\n            <\/div>\n        <\/div>\n        <div class=\"faqs-content\">\n            <div class=\"faqs-content-inner\">\n                <div class=\"faq-top-content sm:hidden\">\n                    <div class=\"faqs-notification\">\n                        <span class=\"results-for\">\n                            <strong>Search results for:<\/strong> \n                            <span class=\"js-search-term\"><\/span>\n                        <\/span>\n\n                        <span class=\"filter-count flex items-center\">\n                        <\/span>\n                    <\/div>\n                <\/div>\n                                    <div class=\"faq-group\" id=\"group-1\">\n                        <p class=\"overline color-accent\"><\/p>\n                        <h2>RESERVATION<\/h2>\n                        <div class=\"accordion\">\n                                                            <div class=\"accordion-group\">\n                                    <div class=\"accordion-title has-icon\">\n                                        <h4>\n                                            \u00c0 QUELLES P\u00c9RIODES DE L\u2019ANN\u00c9E L\u2019H\u00d4TEL L\u2019ELYS\u00c9E VAL D&rsquo;EUROPE EST-IL OUVERT ?                                            <span class=\"button secondary icon\"><svg width=\"24\" height=\"24\" xmlns=\"http:\/\/www.w3.org\/2000\/svg\" viewBox=\"0 0 48 48\"><title>caret-down<\/title><g class=\"caret-down\"><polyline class=\"arrowhead\" points=\"36.036 18.982 24 31.018 11.964 18.982\" fill=\"none\" stroke=\"currentColor\" stroke-linecap=\"round\" stroke-linejoin=\"round\" stroke-width=\"3\"\/><\/g><\/svg><\/span>\n                                        <\/h4>\n                                    <\/div>\n                                    <div class=\"accordion-content\">\n                                        <p>L\u2019H\u00f4tel l\u2019Elys\u00e9e Val d\u2019Europe est ouvert tous les jours de l\u2019ann\u00e9e, du 1er janvier au 31 d\u00e9cembre.<\/p>\n                                    <\/div>\n                                <\/div>\n                                                            <div class=\"accordion-group\">\n                                    <div class=\"accordion-title has-icon\">\n                                        <h4>\n                                            QUELS SONT LES HORAIRES DU CHECK-IN ET DU CHECK-OUT ?                                            <span class=\"button secondary icon\"><svg width=\"24\" height=\"24\" xmlns=\"http:\/\/www.w3.org\/2000\/svg\" viewBox=\"0 0 48 48\"><title>caret-down<\/title><g class=\"caret-down\"><polyline class=\"arrowhead\" points=\"36.036 18.982 24 31.018 11.964 18.982\" fill=\"none\" stroke=\"currentColor\" stroke-linecap=\"round\" stroke-linejoin=\"round\" stroke-width=\"3\"\/><\/g><\/svg><\/span>\n                                        <\/h4>\n                                    <\/div>\n                                    <div class=\"accordion-content\">\n                                        <p>Le check-in s\u2019effectue \u00e0 partir de 15h. Le check-out, lui, doit \u00eatre effectu\u00e9 avant 11h.<\/p>\n<p>L\u2019H\u00f4tel l\u2019Elys\u00e9e Val d\u2019Europe met \u00e0 votre disposition l\u2019option Early Check-in. Avec elle, il vous est possible d\u2019acc\u00e9der \u00e0 votre chambre plus t\u00f4t, selon sa disponibilit\u00e9 le jour de votre arriv\u00e9e \u00e0 notre h\u00f4tel. Un suppl\u00e9ment de 30 euros vous sera demand\u00e9.<\/p>\n<p>L\u2019H\u00f4tel l\u2019Elys\u00e9e Val d\u2019Europe met \u00e9galement \u00e0 votre disposition l\u2019option Late Check-out. Avec elle, il vous est possible de quitter votre chambre plus tard, selon nos disponibilit\u00e9s le jour de votre d\u00e9part. Un suppl\u00e9ment de 10 euros par heure suppl\u00e9mentaire vous sera demand\u00e9 \u00e0 partir de 11h.<\/p>\n<p>Nous mettons \u00e9galement une bagagerie \u00e0 votre disposition le jour de votre arriv\u00e9e et le jour de votre d\u00e9part, sans frais suppl\u00e9mentaires.<\/p>\n                                    <\/div>\n                                <\/div>\n                                                            <div class=\"accordion-group\">\n                                    <div class=\"accordion-title has-icon\">\n                                        <h4>\n                                            PUIS-JE ANNULER MA R\u00c9SERVATION ?                                            <span class=\"button secondary icon\"><svg width=\"24\" height=\"24\" xmlns=\"http:\/\/www.w3.org\/2000\/svg\" viewBox=\"0 0 48 48\"><title>caret-down<\/title><g class=\"caret-down\"><polyline class=\"arrowhead\" points=\"36.036 18.982 24 31.018 11.964 18.982\" fill=\"none\" stroke=\"currentColor\" stroke-linecap=\"round\" stroke-linejoin=\"round\" stroke-width=\"3\"\/><\/g><\/svg><\/span>\n                                        <\/h4>\n                                    <\/div>\n                                    <div class=\"accordion-content\">\n                                        <p>Il existe deux tarifs diff\u00e9rents\u00a0:<\/p>\n<ul>\n<li>Si vous avez opt\u00e9 pour un tarif flexible, votre r\u00e9servation est annulable jusqu\u2019\u00e0 12h (midi) la veille du jour de votre arriv\u00e9e.<\/li>\n<li>Si vous avez opt\u00e9 pour une r\u00e9servation avec un tarif non-remboursable et non-annulable, le paiement est requis au moment de la r\u00e9servation et celle-ci n\u2019est pas annulable ni modifiable.<\/li>\n<\/ul>\n                                    <\/div>\n                                <\/div>\n                                                            <div class=\"accordion-group\">\n                                    <div class=\"accordion-title has-icon\">\n                                        <h4>\n                                            DOIS-JE PAYER MON S\u00c9JOUR AVANT MA VENUE OU APR\u00c8S MA VISITE ?                                            <span class=\"button secondary icon\"><svg width=\"24\" height=\"24\" xmlns=\"http:\/\/www.w3.org\/2000\/svg\" viewBox=\"0 0 48 48\"><title>caret-down<\/title><g class=\"caret-down\"><polyline class=\"arrowhead\" points=\"36.036 18.982 24 31.018 11.964 18.982\" fill=\"none\" stroke=\"currentColor\" stroke-linecap=\"round\" stroke-linejoin=\"round\" stroke-width=\"3\"\/><\/g><\/svg><\/span>\n                                        <\/h4>\n                                    <\/div>\n                                    <div class=\"accordion-content\">\n                                        <p>Si vous avez opt\u00e9 pour un tarif non-flexible, le paiement aura d\u00e9j\u00e0 \u00e9t\u00e9 effectu\u00e9 avant votre s\u00e9jour. Si vous avez opt\u00e9 pour un tarif flexible, une empreinte (ou pr\u00e9-autorisation) sera effectu\u00e9e sur la carte bancaire donn\u00e9e en garantie, correspondant au montant de la 1<sup>\u00e8re<\/sup>\u00a0nuit\u00e9e. Le paiement du s\u00e9jour est demand\u00e9 au check-in.<\/p>\n                                    <\/div>\n                                <\/div>\n                                                            <div class=\"accordion-group\">\n                                    <div class=\"accordion-title has-icon\">\n                                        <h4>\n                                            QUEL EST LE MONTANT DE LA CAUTION \u00c0 VERSER ?                                            <span class=\"button secondary icon\"><svg width=\"24\" height=\"24\" xmlns=\"http:\/\/www.w3.org\/2000\/svg\" viewBox=\"0 0 48 48\"><title>caret-down<\/title><g class=\"caret-down\"><polyline class=\"arrowhead\" points=\"36.036 18.982 24 31.018 11.964 18.982\" fill=\"none\" stroke=\"currentColor\" stroke-linecap=\"round\" stroke-linejoin=\"round\" stroke-width=\"3\"\/><\/g><\/svg><\/span>\n                                        <\/h4>\n                                    <\/div>\n                                    <div class=\"accordion-content\">\n                                        <p>Une carte bancaire vous sera demand\u00e9e le jour de votre arriv\u00e9e pour garantir toutes d\u00e9penses suppl\u00e9mentaires. Le cas \u00e9ch\u00e9ant, une caution de 150\u20ac vous sera demand\u00e9e en esp\u00e8ces.<\/p>\n                                    <\/div>\n                                <\/div>\n                                                            <div class=\"accordion-group\">\n                                    <div class=\"accordion-title has-icon\">\n                                        <h4>\n                                            QUEL EST LE MONTANT DE LA TAXE DE S\u00c9JOUR \u00c0 VERSER ?                                            <span class=\"button secondary icon\"><svg width=\"24\" height=\"24\" xmlns=\"http:\/\/www.w3.org\/2000\/svg\" viewBox=\"0 0 48 48\"><title>caret-down<\/title><g class=\"caret-down\"><polyline class=\"arrowhead\" points=\"36.036 18.982 24 31.018 11.964 18.982\" fill=\"none\" stroke=\"currentColor\" stroke-linecap=\"round\" stroke-linejoin=\"round\" stroke-width=\"3\"\/><\/g><\/svg><\/span>\n                                        <\/h4>\n                                    <\/div>\n                                    <div class=\"accordion-content\">\n                                        <p>La taxe de s\u00e9jour sera \u00e0 r\u00e9gler lors de l\u2019arriv\u00e9e. Le montant est de 8,45 \u20ac par adulte et par nuit. Le montant de cette taxe est susceptible de changer \u00e0 tout moment, en fonction des lois en vigueur.<\/p>\n                                    <\/div>\n                                <\/div>\n                                                            <div class=\"accordion-group\">\n                                    <div class=\"accordion-title has-icon\">\n                                        <h4>\n                                            Y A-T-IL UNE DUR\u00c9E DE S\u00c9JOUR MINIMALE ?                                            <span class=\"button secondary icon\"><svg width=\"24\" height=\"24\" xmlns=\"http:\/\/www.w3.org\/2000\/svg\" viewBox=\"0 0 48 48\"><title>caret-down<\/title><g class=\"caret-down\"><polyline class=\"arrowhead\" points=\"36.036 18.982 24 31.018 11.964 18.982\" fill=\"none\" stroke=\"currentColor\" stroke-linecap=\"round\" stroke-linejoin=\"round\" stroke-width=\"3\"\/><\/g><\/svg><\/span>\n                                        <\/h4>\n                                    <\/div>\n                                    <div class=\"accordion-content\">\n                                        <p>Non, il n\u2019y a pas de dur\u00e9e de s\u00e9jour minimale. En revanche, certaines dates peuvent avoir une restriction de 2 ou 3 nuits minimum en fonction de la demande.<\/p>\n                                    <\/div>\n                                <\/div>\n                                                            <div class=\"accordion-group\">\n                                    <div class=\"accordion-title has-icon\">\n                                        <h4>\n                                            PUIS-JE R\u00c9SERVER UN LONG S\u00c9JOUR SUR LE SITE INTERNET DE L\u2019H\u00d4TEL L\u2019ELYS\u00c9E VAL D&rsquo;EUROPE ?                                            <span class=\"button secondary icon\"><svg width=\"24\" height=\"24\" xmlns=\"http:\/\/www.w3.org\/2000\/svg\" viewBox=\"0 0 48 48\"><title>caret-down<\/title><g class=\"caret-down\"><polyline class=\"arrowhead\" points=\"36.036 18.982 24 31.018 11.964 18.982\" fill=\"none\" stroke=\"currentColor\" stroke-linecap=\"round\" stroke-linejoin=\"round\" stroke-width=\"3\"\/><\/g><\/svg><\/span>\n                                        <\/h4>\n                                    <\/div>\n                                    <div class=\"accordion-content\">\n                                        <p>Les demandes de long s\u00e9jour sont \u00e0 effectuer directement aupr\u00e8s de notre service R\u00e9servation \u00e0 l\u2019adresse\u00a0<a href=\"mailto:info@hotelelysee.com\">info@hotelelysee.com<\/a>.<\/p>\n                                    <\/div>\n                                <\/div>\n                                                            <div class=\"accordion-group\">\n                                    <div class=\"accordion-title has-icon\">\n                                        <h4>\n                                            PUIS-JE R\u00c9SERVER UN S\u00c9JOUR DE GROUPE \u00c0 L\u2019H\u00d4TEL L\u2019ELYS\u00c9E VAL D&rsquo;EUROPE ?                                            <span class=\"button secondary icon\"><svg width=\"24\" height=\"24\" xmlns=\"http:\/\/www.w3.org\/2000\/svg\" viewBox=\"0 0 48 48\"><title>caret-down<\/title><g class=\"caret-down\"><polyline class=\"arrowhead\" points=\"36.036 18.982 24 31.018 11.964 18.982\" fill=\"none\" stroke=\"currentColor\" stroke-linecap=\"round\" stroke-linejoin=\"round\" stroke-width=\"3\"\/><\/g><\/svg><\/span>\n                                        <\/h4>\n                                    <\/div>\n                                    <div class=\"accordion-content\">\n                                        <p>Oui. Pour toute r\u00e9servation pour un groupe de minimum 10 personnes, nous vous demandons de contacter directement notre service R\u00e9servation \u00e0 l\u2019adresse\u00a0<a href=\"mailto:info@hotelelysee.com\">info@hotelelysee.com<\/a>.<\/p>\n                                    <\/div>\n                                <\/div>\n                                                            <div class=\"accordion-group\">\n                                    <div class=\"accordion-title has-icon\">\n                                        <h4>\n                                            DES MINEURS NON ACCOMPAGN\u00c9S PEUVENT-ILS S\u00c9JOURNER \u00c0 L&rsquo;H\u00d4TEL L&rsquo;ELYS\u00c9E VAL D&rsquo;EUROPE ?                                            <span class=\"button secondary icon\"><svg width=\"24\" height=\"24\" xmlns=\"http:\/\/www.w3.org\/2000\/svg\" viewBox=\"0 0 48 48\"><title>caret-down<\/title><g class=\"caret-down\"><polyline class=\"arrowhead\" points=\"36.036 18.982 24 31.018 11.964 18.982\" fill=\"none\" stroke=\"currentColor\" stroke-linecap=\"round\" stroke-linejoin=\"round\" stroke-width=\"3\"\/><\/g><\/svg><\/span>\n                                        <\/h4>\n                                    <\/div>\n                                    <div class=\"accordion-content\">\n                                        <p>Non. Chaque r\u00e9servation doit inclure au moins une personne majeure par chambre.<\/p>\n                                    <\/div>\n                                <\/div>\n                                                            <div class=\"accordion-group\">\n                                    <div class=\"accordion-title has-icon\">\n                                        <h4>\n                                            O\u00d9 CONSULTER LES OFFRES SP\u00c9CIALES DE L\u2019H\u00d4TEL L\u2019ELYS\u00c9E VAL D&rsquo;EUROPE ?                                            <span class=\"button secondary icon\"><svg width=\"24\" height=\"24\" xmlns=\"http:\/\/www.w3.org\/2000\/svg\" viewBox=\"0 0 48 48\"><title>caret-down<\/title><g class=\"caret-down\"><polyline class=\"arrowhead\" points=\"36.036 18.982 24 31.018 11.964 18.982\" fill=\"none\" stroke=\"currentColor\" stroke-linecap=\"round\" stroke-linejoin=\"round\" stroke-width=\"3\"\/><\/g><\/svg><\/span>\n                                        <\/h4>\n                                    <\/div>\n                                    <div class=\"accordion-content\">\n                                        <p>Pour consulter toutes nos offres,\u00a0<a href=\"https:\/\/www.hotelelysee.com\/fr\/offers\/?serializedCookie=Y29va2llbGF3aW5mby1jaGVja2JveC1uZWNlc3Nhcnk9eWVzLGNvb2tpZWxhd2luZm8tY2hlY2tib3gtbmVjZXNzYXJ5PXllcw==\">rendez-vous sur la page d\u00e9di\u00e9e de notre site internet<\/a>.<\/p>\n                                    <\/div>\n                                <\/div>\n                                                            <div class=\"accordion-group\">\n                                    <div class=\"accordion-title has-icon\">\n                                        <h4>\n                                            QUEL EST LE MONTANT MAXIMUM AUTORIS\u00c9 DE PAIEMENT EN ESP\u00c8CES \u00c0 LA R\u00c9CEPTION ?                                            <span class=\"button secondary icon\"><svg width=\"24\" height=\"24\" xmlns=\"http:\/\/www.w3.org\/2000\/svg\" viewBox=\"0 0 48 48\"><title>caret-down<\/title><g class=\"caret-down\"><polyline class=\"arrowhead\" points=\"36.036 18.982 24 31.018 11.964 18.982\" fill=\"none\" stroke=\"currentColor\" stroke-linecap=\"round\" stroke-linejoin=\"round\" stroke-width=\"3\"\/><\/g><\/svg><\/span>\n                                        <\/h4>\n                                    <\/div>\n                                    <div class=\"accordion-content\">\n                                        <p>Le paiement en esp\u00e8ces \u00e0 la r\u00e9ception est autoris\u00e9 jusqu\u2019\u00e0 1 000 \u20ac.<br \/>\nCe plafond est \u00e9tendu \u00e0 15 000 \u20ac si votre domicile fiscal est \u00e0 l\u2019\u00e9tranger. Vous devrez pr\u00e9senter une pi\u00e8ce d\u2019identit\u00e9 ou un passeport pour tout paiement sup\u00e9rieur \u00e0 1 000 \u20ac.<\/p>\n                                    <\/div>\n                                <\/div>\n                                                            <div class=\"accordion-group\">\n                                    <div class=\"accordion-title has-icon\">\n                                        <h4>\n                                            QUE FAIRE EN CAS DE LITIGE OU DE R\u00c9CLAMATION CONCERNANT MON S\u00c9JOUR ?                                            <span class=\"button secondary icon\"><svg width=\"24\" height=\"24\" xmlns=\"http:\/\/www.w3.org\/2000\/svg\" viewBox=\"0 0 48 48\"><title>caret-down<\/title><g class=\"caret-down\"><polyline class=\"arrowhead\" points=\"36.036 18.982 24 31.018 11.964 18.982\" fill=\"none\" stroke=\"currentColor\" stroke-linecap=\"round\" stroke-linejoin=\"round\" stroke-width=\"3\"\/><\/g><\/svg><\/span>\n                                        <\/h4>\n                                    <\/div>\n                                    <div class=\"accordion-content\">\n                                        <p>Si vous avez des questions ou rencontrez un probl\u00e8me concernant votre s\u00e9jour, nous vous invitons \u00e0 nous contacter par e-mail \u00e0 <a rel=\"noopener\" data-start=\"146\" data-end=\"166\" data-is-only-node=\"\">info@hotelelysee.com<\/a>.<\/p>\n<p>En application de l\u2019article R.616-1 du Code de la consommation et \u00e0 d\u00e9faut de r\u00e9ponse satisfaisante dans les 3 semaines, le client peut saisir le m\u00e9diateur du tourisme et du voyage, dont les coordonn\u00e9es figurent ci-apr\u00e8s :<\/p>\n<p>Adresse postale : M\u00e9diation Tourisme et Voyage, BP 80, 303 75 823 Paris Cedex 17 Site internet : <a href=\"http:\/\/www.mtv.travel\">www.mtv.travel<\/a><br \/>\n<a href=\"https:\/\/www.mtv.travel\/demande-saisine\/\">https:\/\/www.mtv.travel\/demande-saisine\/<\/a><\/p>\n<p>Pour les clients n\u2019ayant pas la nationalit\u00e9 fran\u00e7aise, les litiges peuvent d\u2019abord \u00eatre soumis \u00e0 la plateforme de r\u00e8glement en ligne des litiges de la Commission europ\u00e9enne : <a href=\"https:\/\/ec.europa.eu\/consumers\/odr\">R\u00e8glement en ligne des litiges | Commission europ\u00e9enne (europa.eu)<\/a>.<\/p>\n<p>\u00c0 d\u00e9faut de r\u00e9ponse satisfaisante, ils pourront ensuite saisir la M\u00e9diation Tourisme et Voyage.<\/p>\n                                    <\/div>\n                                <\/div>\n                                                    <\/div>\n                    <\/div>\n                                    <div class=\"faq-group\" id=\"group-2\">\n                        <p class=\"overline color-accent\"><\/p>\n                        <h2>RECEPTION<\/h2>\n                        <div class=\"accordion\">\n                                                            <div class=\"accordion-group\">\n                                    <div class=\"accordion-title has-icon\">\n                                        <h4>\n                                            QUELS SONT LES HORAIRES D&rsquo;OUVERTURE DE LA R\u00c9CEPTION DE L&rsquo;H\u00d4TEL L&rsquo;ELYS\u00c9E ?                                            <span class=\"button secondary icon\"><svg width=\"24\" height=\"24\" xmlns=\"http:\/\/www.w3.org\/2000\/svg\" viewBox=\"0 0 48 48\"><title>caret-down<\/title><g class=\"caret-down\"><polyline class=\"arrowhead\" points=\"36.036 18.982 24 31.018 11.964 18.982\" fill=\"none\" stroke=\"currentColor\" stroke-linecap=\"round\" stroke-linejoin=\"round\" stroke-width=\"3\"\/><\/g><\/svg><\/span>\n                                        <\/h4>\n                                    <\/div>\n                                    <div class=\"accordion-content\">\n                                        <p>Notre r\u00e9ception vous accueille 7 jours sur 7, 24 heures sur 24, au minimum en fran\u00e7ais et en anglais. Vous pouvez donc arriver \u00e0 toute heure\u00a0: il y aura toujours quelqu\u2019un pour vous accueillir.<\/p>\n                                    <\/div>\n                                <\/div>\n                                                            <div class=\"accordion-group\">\n                                    <div class=\"accordion-title has-icon\">\n                                        <h4>\n                                            PEUT-ON D\u00c9POSER SES BAGAGES GRATUITEMENT \u00c0 LA R\u00c9CEPTION DE L\u2019H\u00d4TEL L\u2019ELYS\u00c9E AVANT LE CHECK-IN OU LES LAISSER APR\u00c8S LE CHECK-OUT ?                                            <span class=\"button secondary icon\"><svg width=\"24\" height=\"24\" xmlns=\"http:\/\/www.w3.org\/2000\/svg\" viewBox=\"0 0 48 48\"><title>caret-down<\/title><g class=\"caret-down\"><polyline class=\"arrowhead\" points=\"36.036 18.982 24 31.018 11.964 18.982\" fill=\"none\" stroke=\"currentColor\" stroke-linecap=\"round\" stroke-linejoin=\"round\" stroke-width=\"3\"\/><\/g><\/svg><\/span>\n                                        <\/h4>\n                                    <\/div>\n                                    <div class=\"accordion-content\">\n                                        <p>Oui\u00a0: nous mettons une bagagerie \u00e0 votre disposition le jour de votre arriv\u00e9e et le jour de votre d\u00e9part, sans frais suppl\u00e9mentaire.<\/p>\n                                    <\/div>\n                                <\/div>\n                                                            <div class=\"accordion-group\">\n                                    <div class=\"accordion-title has-icon\">\n                                        <h4>\n                                            COMMENT CONTACTER L\u2019H\u00d4TEL L&rsquo;ELYS\u00c9E VAL D&rsquo;EUROPE ?                                            <span class=\"button secondary icon\"><svg width=\"24\" height=\"24\" xmlns=\"http:\/\/www.w3.org\/2000\/svg\" viewBox=\"0 0 48 48\"><title>caret-down<\/title><g class=\"caret-down\"><polyline class=\"arrowhead\" points=\"36.036 18.982 24 31.018 11.964 18.982\" fill=\"none\" stroke=\"currentColor\" stroke-linecap=\"round\" stroke-linejoin=\"round\" stroke-width=\"3\"\/><\/g><\/svg><\/span>\n                                        <\/h4>\n                                    <\/div>\n                                    <div class=\"accordion-content\">\n                                        <p>Vous pouvez poser toutes vos questions \u00e0 nos \u00e9quipes :<\/p>\n<ul>\n<li>par t\u00e9l\u00e9phone au <a href=\"tel:+331.64.63.33.33\">+331.64.63.33.33<\/a><\/li>\n<li>par e-mail \u00e0 l\u2019adresse\u00a0<a href=\"mailto:info@hotelelysee.com\">info@hotelelysee.com<\/a><\/li>\n<\/ul>\n                                    <\/div>\n                                <\/div>\n                                                    <\/div>\n                    <\/div>\n                                    <div class=\"faq-group\" id=\"group-3\">\n                        <p class=\"overline color-accent\"><\/p>\n                        <h2>CHAMBRES<\/h2>\n                        <div class=\"accordion\">\n                                                            <div class=\"accordion-group\">\n                                    <div class=\"accordion-title has-icon\">\n                                        <h4>\n                                            COMBIEN DE PERSONNES CHAQUE CHAMBRE DE L\u2019H\u00d4TEL L&rsquo;ELYS\u00c9E VAL D&rsquo;EUROPE PEUT-ELLE ACCUEILLIR ?                                            <span class=\"button secondary icon\"><svg width=\"24\" height=\"24\" xmlns=\"http:\/\/www.w3.org\/2000\/svg\" viewBox=\"0 0 48 48\"><title>caret-down<\/title><g class=\"caret-down\"><polyline class=\"arrowhead\" points=\"36.036 18.982 24 31.018 11.964 18.982\" fill=\"none\" stroke=\"currentColor\" stroke-linecap=\"round\" stroke-linejoin=\"round\" stroke-width=\"3\"\/><\/g><\/svg><\/span>\n                                        <\/h4>\n                                    <\/div>\n                                    <div class=\"accordion-content\">\n                                        <p>La capacit\u00e9 d\u2019accueil de<a href=\"https:\/\/www.hotelelysee.com\/fr\/nos-chambres\/?serializedCookie=Y29va2llbGF3aW5mby1jaGVja2JveC1uZWNlc3Nhcnk9eWVz\">\u00a0nos chambres<\/a>\u00a0s\u2019articule comme suit\u00a0:<\/p>\n<ul>\n<li>Chambre Double Classique et Double Premium : 2 personnes (+ 1 b\u00e9b\u00e9 au maximum)<\/li>\n<li>Chambre Triple Premium : 3 personnes (2 adultes maximum + 1 enfants de 3 \u00e0 11 ans ou 1 adulte + 2 enfants de 3 \u00e0 11 ans) + 1 b\u00e9b\u00e9<\/li>\n<li>Chambre Quadruple Classique et Quadruple Premium : 4 personnes (+ 1 b\u00e9b\u00e9 au maximum)<\/li>\n<li>Junior Suite : 4 personnes + 2\u00a0 b\u00e9b\u00e9s<\/li>\n<\/ul>\n<p>Attention : la Chambre Quadruple Classique et Quadruple Premium n\u2019est pas con\u00e7ue pour accueillir deux lits-b\u00e9b\u00e9 simultan\u00e9ment.<\/p>\n                                    <\/div>\n                                <\/div>\n                                                            <div class=\"accordion-group\">\n                                    <div class=\"accordion-title has-icon\">\n                                        <h4>\n                                            LES SUPERFICIES DES CHAMBRES DE L\u2019H\u00d4TEL L&rsquo;ELYS\u00c9E VAL D&rsquo;EUROPE VARIENT-ELLES ?                                            <span class=\"button secondary icon\"><svg width=\"24\" height=\"24\" xmlns=\"http:\/\/www.w3.org\/2000\/svg\" viewBox=\"0 0 48 48\"><title>caret-down<\/title><g class=\"caret-down\"><polyline class=\"arrowhead\" points=\"36.036 18.982 24 31.018 11.964 18.982\" fill=\"none\" stroke=\"currentColor\" stroke-linecap=\"round\" stroke-linejoin=\"round\" stroke-width=\"3\"\/><\/g><\/svg><\/span>\n                                        <\/h4>\n                                    <\/div>\n                                    <div class=\"accordion-content\">\n                                        <p>Toutes nos chambres font la m\u00eame superficie (24m\u00b2) \u00e0 l\u2019exception des Junior Suites, plus grandes (38m\u00b2).<\/p>\n                                    <\/div>\n                                <\/div>\n                                                            <div class=\"accordion-group\">\n                                    <div class=\"accordion-title has-icon\">\n                                        <h4>\n                                            COMBIEN DE LITS CHAQUE CHAMBRE DE L\u2019H\u00d4TEL L&rsquo;ELYS\u00c9E VAL D&rsquo;EUROPE COMPREND-T-ELLE ?                                            <span class=\"button secondary icon\"><svg width=\"24\" height=\"24\" xmlns=\"http:\/\/www.w3.org\/2000\/svg\" viewBox=\"0 0 48 48\"><title>caret-down<\/title><g class=\"caret-down\"><polyline class=\"arrowhead\" points=\"36.036 18.982 24 31.018 11.964 18.982\" fill=\"none\" stroke=\"currentColor\" stroke-linecap=\"round\" stroke-linejoin=\"round\" stroke-width=\"3\"\/><\/g><\/svg><\/span>\n                                        <\/h4>\n                                    <\/div>\n                                    <div class=\"accordion-content\">\n                                        <p>Le nombre de lits dans nos chambres s\u2019articule comme suit\u00a0:<\/p>\n<ul>\n<li>Chambre Double Classique et Double Premium : 1 lit double<\/li>\n<li>Chambre Triple Premium : 1 lit double et 1 canap\u00e9-lit simple<\/li>\n<li>Chambre Quadruple Classique et Quadruple Premium : 2 lits doubles<\/li>\n<li>Junior Suite : 1 lit double et 1 canap\u00e9-lit double. Une seule de nos 4 Suites propose deux fauteuil-lits une place.<br \/>\n(Merci de nous contacter pour la disponibilit\u00e9)<\/li>\n<\/ul>\n<p>Nous ne pouvons pas ajouter de lit suppl\u00e9mentaire dans nos chambres.<\/p>\n                                    <\/div>\n                                <\/div>\n                                                            <div class=\"accordion-group\">\n                                    <div class=\"accordion-title has-icon\">\n                                        <h4>\n                                            QUELS SONT LES AVANTAGES DES CHAMBRES PREMIUM ?                                            <span class=\"button secondary icon\"><svg width=\"24\" height=\"24\" xmlns=\"http:\/\/www.w3.org\/2000\/svg\" viewBox=\"0 0 48 48\"><title>caret-down<\/title><g class=\"caret-down\"><polyline class=\"arrowhead\" points=\"36.036 18.982 24 31.018 11.964 18.982\" fill=\"none\" stroke=\"currentColor\" stroke-linecap=\"round\" stroke-linejoin=\"round\" stroke-width=\"3\"\/><\/g><\/svg><\/span>\n                                        <\/h4>\n                                    <\/div>\n                                    <div class=\"accordion-content\">\n                                        <p>Chaque Chambre Premium propose :<\/p>\n<ul>\n<li style=\"list-style-type: none;\">\n<ul>\n<li>un minibar avec bouteilles d&rsquo;eau \u00e0 disposition<\/li>\n<li>un plateau de courtoisie<\/li>\n<li>une machine Nespresso\u00ae<\/li>\n<li>des peignoirs et des chaussons<\/li>\n<li>un fer et une table \u00e0 repasser<\/li>\n<li>10 % de r\u00e9duction dans notre\u00a0<a href=\"https:\/\/www.hotelelysee.com\/fr\/restaurant-val-deurope\/?serializedCookie=Y29va2llbGF3aW5mby1jaGVja2JveC1uZWNlc3Nhcnk9eWVz\">restaurant Le George<\/a><\/li>\n<\/ul>\n<\/li>\n<\/ul>\n                                    <\/div>\n                                <\/div>\n                                                            <div class=\"accordion-group\">\n                                    <div class=\"accordion-title has-icon\">\n                                        <h4>\n                                            L\u2019H\u00d4TEL L\u2019ELYS\u00c9E VAL D&rsquo;EUROPE COMPREND-T-IL DES CHAMBRES COMMUNICANTES ?                                            <span class=\"button secondary icon\"><svg width=\"24\" height=\"24\" xmlns=\"http:\/\/www.w3.org\/2000\/svg\" viewBox=\"0 0 48 48\"><title>caret-down<\/title><g class=\"caret-down\"><polyline class=\"arrowhead\" points=\"36.036 18.982 24 31.018 11.964 18.982\" fill=\"none\" stroke=\"currentColor\" stroke-linecap=\"round\" stroke-linejoin=\"round\" stroke-width=\"3\"\/><\/g><\/svg><\/span>\n                                        <\/h4>\n                                    <\/div>\n                                    <div class=\"accordion-content\">\n                                        <p>Oui. Nous pouvons vous accueillir dans des chambres communicantes selon leur disponibilit\u00e9. Ce sont des chambres Quadruples, Classiques ou Premium, pouvant accueillir de 1 \u00e0 8 personnes<br \/>\n(4 personnes par chambre). Un suppl\u00e9ment vous sera demand\u00e9 pour ce type de chambre.<\/p>\n<p>A noter\u00a0: Pour r\u00e9server des chambres communicantes, vous pouvez envoyer une demande \u00e0 notre \u00e9quipe de R\u00e9servation par email \u00e0\u00a0<a href=\"mailto:info@hotelelysee.com\">info@hotelelysee.com<\/a>.\u00a0La r\u00e9servation des chambres communicantes n\u2019est pas disponible sur notre site internet.<\/p>\n                                    <\/div>\n                                <\/div>\n                                                            <div class=\"accordion-group\">\n                                    <div class=\"accordion-title has-icon\">\n                                        <h4>\n                                            EST-IL POSSIBLE D\u2019OBTENIR UN LIT-B\u00c9B\u00c9 POUR UN S\u00c9JOUR DANS UNE CHAMBRE DE L\u2019H\u00d4TEL L\u2019ELYS\u00c9E VAL D&rsquo;EUROPE ?                                            <span class=\"button secondary icon\"><svg width=\"24\" height=\"24\" xmlns=\"http:\/\/www.w3.org\/2000\/svg\" viewBox=\"0 0 48 48\"><title>caret-down<\/title><g class=\"caret-down\"><polyline class=\"arrowhead\" points=\"36.036 18.982 24 31.018 11.964 18.982\" fill=\"none\" stroke=\"currentColor\" stroke-linecap=\"round\" stroke-linejoin=\"round\" stroke-width=\"3\"\/><\/g><\/svg><\/span>\n                                        <\/h4>\n                                    <\/div>\n                                    <div class=\"accordion-content\">\n                                        <p>Oui : il vous suffit de nous demander un lit-b\u00e9b\u00e9 (lit-parapluie) dans la r\u00e9servation, ou en nous appelant. C\u2019est un service gratuit.<\/p>\n                                    <\/div>\n                                <\/div>\n                                                            <div class=\"accordion-group\">\n                                    <div class=\"accordion-title has-icon\">\n                                        <h4>\n                                            L\u2019H\u00d4TEL L\u2019ELYS\u00c9E VAL D&rsquo;EUROPE COMPREND-T-IL DES CHAMBRES POUR PERSONNES \u00c0 MOBILIT\u00c9 R\u00c9DUITE ?                                            <span class=\"button secondary icon\"><svg width=\"24\" height=\"24\" xmlns=\"http:\/\/www.w3.org\/2000\/svg\" viewBox=\"0 0 48 48\"><title>caret-down<\/title><g class=\"caret-down\"><polyline class=\"arrowhead\" points=\"36.036 18.982 24 31.018 11.964 18.982\" fill=\"none\" stroke=\"currentColor\" stroke-linecap=\"round\" stroke-linejoin=\"round\" stroke-width=\"3\"\/><\/g><\/svg><\/span>\n                                        <\/h4>\n                                    <\/div>\n                                    <div class=\"accordion-content\">\n                                        <p>Oui. Nous proposons 5 chambres pour personnes \u00e0 mobilit\u00e9 r\u00e9duite. Ces chambres sont chacune \u00e9quip\u00e9e d\u2019un lit-double. La salle de bain\u00a0 ne comporte pas de baignoire mais une large douche \u00e0 l\u2019italienne.<\/p>\n<p>De plus,\u00a0<a href=\"https:\/\/www.hotelelysee.com\/wp-content\/uploads\/2022\/09\/A4-chaises-PMR-chambres_H_FR.pdf?serializedCookie=Y29va2llbGF3aW5mby1jaGVja2JveC1uZWNlc3Nhcnk9eWVzLGNvb2tpZWxhd2luZm8tY2hlY2tib3gtbmVjZXNzYXJ5PXllcw==\" target=\"_blank\" rel=\"noopener\">3 types de chaises de douche et de bai<\/a>n\u00a0 adapt\u00e9es \u00e0 vos besoins sont disponibles sur demande lors de votre r\u00e9servation.<\/p>\n<p>\u00c0 noter : l\u2019une de nos chambres Junior Suite est la seule chambre PMR de l\u2019h\u00f4tel \u00e0 pouvoir accueillir 4 personnes + 2 b\u00e9b\u00e9s.<\/p>\n                                    <\/div>\n                                <\/div>\n                                                            <div class=\"accordion-group\">\n                                    <div class=\"accordion-title has-icon\">\n                                        <h4>\n                                            Y A-T-IL DES CHAMBRES POUR FUMEURS ?                                            <span class=\"button secondary icon\"><svg width=\"24\" height=\"24\" xmlns=\"http:\/\/www.w3.org\/2000\/svg\" viewBox=\"0 0 48 48\"><title>caret-down<\/title><g class=\"caret-down\"><polyline class=\"arrowhead\" points=\"36.036 18.982 24 31.018 11.964 18.982\" fill=\"none\" stroke=\"currentColor\" stroke-linecap=\"round\" stroke-linejoin=\"round\" stroke-width=\"3\"\/><\/g><\/svg><\/span>\n                                        <\/h4>\n                                    <\/div>\n                                    <div class=\"accordion-content\">\n                                        <p>L\u2019H\u00f4tel l\u2019Elys\u00e9e Val d\u2019Europe, ses chambres et toutes les zones publiques sont int\u00e9gralement non-fumeurs. Une p\u00e9nalit\u00e9 de 150\u20ac sera appliqu\u00e9e en cas de non-respect de cette r\u00e8gle.<\/p>\n                                    <\/div>\n                                <\/div>\n                                                            <div class=\"accordion-group\">\n                                    <div class=\"accordion-title has-icon\">\n                                        <h4>\n                                            LES ANIMAUX DE COMPAGNIE SONT-ILS ADMIS \u00c0 L&rsquo;H\u00d4TEL L&rsquo;ELYS\u00c9E VAL D&rsquo;EUROPE ?                                            <span class=\"button secondary icon\"><svg width=\"24\" height=\"24\" xmlns=\"http:\/\/www.w3.org\/2000\/svg\" viewBox=\"0 0 48 48\"><title>caret-down<\/title><g class=\"caret-down\"><polyline class=\"arrowhead\" points=\"36.036 18.982 24 31.018 11.964 18.982\" fill=\"none\" stroke=\"currentColor\" stroke-linecap=\"round\" stroke-linejoin=\"round\" stroke-width=\"3\"\/><\/g><\/svg><\/span>\n                                        <\/h4>\n                                    <\/div>\n                                    <div class=\"accordion-content\">\n                                        <p>\u00c0 l\u2019exception des chiens-guides et des animaux d\u2019accompagnement, nos amis chiens, chats et autres ne sont pas admis \u00e0 l\u2019H\u00f4tel l\u2019Elys\u00e9e Val d\u2019Europe.<\/p>\n                                    <\/div>\n                                <\/div>\n                                                            <div class=\"accordion-group\">\n                                    <div class=\"accordion-title has-icon\">\n                                        <h4>\n                                            L\u2019H\u00d4TEL L\u2019ELYS\u00c9E VAL D&rsquo;EUROPE FOURNIT-IL LES \u00c9QUIPEMENTS D\u2019HYGI\u00c8NE DE BASE ?                                            <span class=\"button secondary icon\"><svg width=\"24\" height=\"24\" xmlns=\"http:\/\/www.w3.org\/2000\/svg\" viewBox=\"0 0 48 48\"><title>caret-down<\/title><g class=\"caret-down\"><polyline class=\"arrowhead\" points=\"36.036 18.982 24 31.018 11.964 18.982\" fill=\"none\" stroke=\"currentColor\" stroke-linecap=\"round\" stroke-linejoin=\"round\" stroke-width=\"3\"\/><\/g><\/svg><\/span>\n                                        <\/h4>\n                                    <\/div>\n                                    <div class=\"accordion-content\">\n                                        <p>Oui. Shampooing, gel douche et savon mains sont fournis en chambre, d\u2019autres produits d\u2019accueil sont disponibles sur simple demande aupr\u00e8s de nos r\u00e9ceptionnistes.<\/p>\n                                    <\/div>\n                                <\/div>\n                                                            <div class=\"accordion-group\">\n                                    <div class=\"accordion-title has-icon\">\n                                        <h4>\n                                            QUELS SONT LES PRODUITS D&rsquo;ACCUEIL DISPONIBLES SUR DEMANDE ?                                            <span class=\"button secondary icon\"><svg width=\"24\" height=\"24\" xmlns=\"http:\/\/www.w3.org\/2000\/svg\" viewBox=\"0 0 48 48\"><title>caret-down<\/title><g class=\"caret-down\"><polyline class=\"arrowhead\" points=\"36.036 18.982 24 31.018 11.964 18.982\" fill=\"none\" stroke=\"currentColor\" stroke-linecap=\"round\" stroke-linejoin=\"round\" stroke-width=\"3\"\/><\/g><\/svg><\/span>\n                                        <\/h4>\n                                    <\/div>\n                                    <div class=\"accordion-content\">\n                                        <p>Les produits d\u2019accueil suivants sont disponibles sur demande \u00e0 la r\u00e9ception : Apr\u00e8s-shampooing, bonnet de douche, boules quies, couches b\u00e9b\u00e9, cr\u00e8me corps, gant \u00e0 chaussures, kit couture, kit dentaire, kit rasage, peigne, pr\u00e9servatifs, savonnettes, serviettes hygi\u00e9niques, set vanity &amp; manucure, tampons, etc\u2026<\/p>\n                                    <\/div>\n                                <\/div>\n                                                            <div class=\"accordion-group\">\n                                    <div class=\"accordion-title has-icon\">\n                                        <h4>\n                                            L\u2019H\u00d4TEL L\u2019ELYS\u00c9E VAL D&rsquo;EUROPE COMPREND-T-IL DES CHAMBRES AVEC BAIGNOIRE ?                                            <span class=\"button secondary icon\"><svg width=\"24\" height=\"24\" xmlns=\"http:\/\/www.w3.org\/2000\/svg\" viewBox=\"0 0 48 48\"><title>caret-down<\/title><g class=\"caret-down\"><polyline class=\"arrowhead\" points=\"36.036 18.982 24 31.018 11.964 18.982\" fill=\"none\" stroke=\"currentColor\" stroke-linecap=\"round\" stroke-linejoin=\"round\" stroke-width=\"3\"\/><\/g><\/svg><\/span>\n                                        <\/h4>\n                                    <\/div>\n                                    <div class=\"accordion-content\">\n                                        <p>Toutes nos chambres sont \u00e9quip\u00e9es de baignoire, \u00e0 l\u2019exception des chambres pour personnes \u00e0 mobilit\u00e9 r\u00e9duite qui sont dot\u00e9es d\u2019une large douche \u00e0 l\u2019italienne.<\/p>\n                                    <\/div>\n                                <\/div>\n                                                            <div class=\"accordion-group\">\n                                    <div class=\"accordion-title has-icon\">\n                                        <h4>\n                                            L\u2019H\u00d4TEL L\u2019ELYS\u00c9E VAL D&rsquo;EUROPE COMPREND-T-IL DES CHAMBRES AVEC BALCON ?                                            <span class=\"button secondary icon\"><svg width=\"24\" height=\"24\" xmlns=\"http:\/\/www.w3.org\/2000\/svg\" viewBox=\"0 0 48 48\"><title>caret-down<\/title><g class=\"caret-down\"><polyline class=\"arrowhead\" points=\"36.036 18.982 24 31.018 11.964 18.982\" fill=\"none\" stroke=\"currentColor\" stroke-linecap=\"round\" stroke-linejoin=\"round\" stroke-width=\"3\"\/><\/g><\/svg><\/span>\n                                        <\/h4>\n                                    <\/div>\n                                    <div class=\"accordion-content\">\n                                        <p>L\u2019H\u00f4tel l\u2019Elys\u00e9e Val d\u2019Europe ne comprend aucune chambre avec balcon.<\/p>\n                                    <\/div>\n                                <\/div>\n                                                            <div class=\"accordion-group\">\n                                    <div class=\"accordion-title has-icon\">\n                                        <h4>\n                                            Y A-T-IL UN FRIGO DANS LA CHAMBRE QUE J\u2019AI R\u00c9SERV\u00c9E ?                                            <span class=\"button secondary icon\"><svg width=\"24\" height=\"24\" xmlns=\"http:\/\/www.w3.org\/2000\/svg\" viewBox=\"0 0 48 48\"><title>caret-down<\/title><g class=\"caret-down\"><polyline class=\"arrowhead\" points=\"36.036 18.982 24 31.018 11.964 18.982\" fill=\"none\" stroke=\"currentColor\" stroke-linecap=\"round\" stroke-linejoin=\"round\" stroke-width=\"3\"\/><\/g><\/svg><\/span>\n                                        <\/h4>\n                                    <\/div>\n                                    <div class=\"accordion-content\">\n                                        <p>Toutes nos chambres sont \u00e9quip\u00e9es d\u2019un minibar avec des bouteilles d&rsquo;eau \u00e0 disposition.<\/p>\n                                    <\/div>\n                                <\/div>\n                                                            <div class=\"accordion-group\">\n                                    <div class=\"accordion-title has-icon\">\n                                        <h4>\n                                            QUAND SONT NETTOY\u00c9ES LES CHAMBRES ?                                            <span class=\"button secondary icon\"><svg width=\"24\" height=\"24\" xmlns=\"http:\/\/www.w3.org\/2000\/svg\" viewBox=\"0 0 48 48\"><title>caret-down<\/title><g class=\"caret-down\"><polyline class=\"arrowhead\" points=\"36.036 18.982 24 31.018 11.964 18.982\" fill=\"none\" stroke=\"currentColor\" stroke-linecap=\"round\" stroke-linejoin=\"round\" stroke-width=\"3\"\/><\/g><\/svg><\/span>\n                                        <\/h4>\n                                    <\/div>\n                                    <div class=\"accordion-content\">\n                                        <p>Les chambres sont nettoy\u00e9es chaque jour entre 10h et 17h par notre \u00e9quipe compos\u00e9e de 22 femmes et valets de chambre. Si vous ne souhaitez pas que notre personnel entre dans la chambre pour la nettoyer, vous pouvez le notifier \u00e0 la r\u00e9ception ou en utilisant le panneau \u00ab\u00a0Ne pas d\u00e9ranger\u00a0\u00bb.<\/p>\n<p>Dans une d\u00e9marche \u00e9co-responsable, l\u2019H\u00f4tel l\u2019Elys\u00e9e Val d\u2019Europe propose \u00e0 ses h\u00f4tes le programme \u00ab\u00a0Super-H\u00e9ros\u00a0\u00bb\u00a0!\u00a0 D\u00e8s lors que vous indiquez ne pas vouloir que le personnel rentre dans votre chambre pour la nettoyer, vous gagnez un super-pouvoir, soit un jeton de 5\u20ac de r\u00e9duction valable au\u00a0<u><a href=\"https:\/\/www.hotelelysee.com\/fr\/restaurant-val-deurope\/?serializedCookie=Y29va2llbGF3aW5mby1jaGVja2JveC1uZWNlc3Nhcnk9eWVzLGNvb2tpZWxhd2luZm8tY2hlY2tib3gtbmVjZXNzYXJ5PXllcw==\">bar Le Diplomate.<\/a>\u00a0<\/u>Ce jeton vous sera d\u00e9pos\u00e9 en chambre.<\/p>\n                                    <\/div>\n                                <\/div>\n                                                            <div class=\"accordion-group\">\n                                    <div class=\"accordion-title has-icon\">\n                                        <h4>\n                                            Y A-T-IL LE N\u00c9CESSAIRE POUR PR\u00c9PARER MON TH\u00c9 OU MON CAF\u00c9 DANS LA CHAMBRE QUE J\u2019AI R\u00c9SERV\u00c9E ?                                            <span class=\"button secondary icon\"><svg width=\"24\" height=\"24\" xmlns=\"http:\/\/www.w3.org\/2000\/svg\" viewBox=\"0 0 48 48\"><title>caret-down<\/title><g class=\"caret-down\"><polyline class=\"arrowhead\" points=\"36.036 18.982 24 31.018 11.964 18.982\" fill=\"none\" stroke=\"currentColor\" stroke-linecap=\"round\" stroke-linejoin=\"round\" stroke-width=\"3\"\/><\/g><\/svg><\/span>\n                                        <\/h4>\n                                    <\/div>\n                                    <div class=\"accordion-content\">\n                                        <p>Oui : toutes nos chambres sont \u00e9quip\u00e9es d\u2019un plateau de courtoisie avec th\u00e9, caf\u00e9 et bouilloire.<\/p>\n                                    <\/div>\n                                <\/div>\n                                                            <div class=\"accordion-group\">\n                                    <div class=\"accordion-title has-icon\">\n                                        <h4>\n                                            LE LINGE DE LIT ET LES SERVIETTES DE BAIN SONT-ILS FOURNIS DANS MA R\u00c9SERVATION ?                                            <span class=\"button secondary icon\"><svg width=\"24\" height=\"24\" xmlns=\"http:\/\/www.w3.org\/2000\/svg\" viewBox=\"0 0 48 48\"><title>caret-down<\/title><g class=\"caret-down\"><polyline class=\"arrowhead\" points=\"36.036 18.982 24 31.018 11.964 18.982\" fill=\"none\" stroke=\"currentColor\" stroke-linecap=\"round\" stroke-linejoin=\"round\" stroke-width=\"3\"\/><\/g><\/svg><\/span>\n                                        <\/h4>\n                                    <\/div>\n                                    <div class=\"accordion-content\">\n                                        <p>Oui : toutes les serviettes et le linge de lit sont fournis en chambre.<\/p>\n                                    <\/div>\n                                <\/div>\n                                                            <div class=\"accordion-group\">\n                                    <div class=\"accordion-title has-icon\">\n                                        <h4>\n                                            Y A-T-IL UN S\u00c8CHE-CHEVEUX DANS LA CHAMBRE QUE J\u2019AI R\u00c9SERV\u00c9E ?                                            <span class=\"button secondary icon\"><svg width=\"24\" height=\"24\" xmlns=\"http:\/\/www.w3.org\/2000\/svg\" viewBox=\"0 0 48 48\"><title>caret-down<\/title><g class=\"caret-down\"><polyline class=\"arrowhead\" points=\"36.036 18.982 24 31.018 11.964 18.982\" fill=\"none\" stroke=\"currentColor\" stroke-linecap=\"round\" stroke-linejoin=\"round\" stroke-width=\"3\"\/><\/g><\/svg><\/span>\n                                        <\/h4>\n                                    <\/div>\n                                    <div class=\"accordion-content\">\n                                        <p>Oui : toutes nos chambres sont \u00e9quip\u00e9es d\u2019un s\u00e8che-cheveux.<\/p>\n                                    <\/div>\n                                <\/div>\n                                                            <div class=\"accordion-group\">\n                                    <div class=\"accordion-title has-icon\">\n                                        <h4>\n                                            Y A-T-IL LA CLIMATISATION DANS LA CHAMBRE QUE J\u2019AI R\u00c9SERV\u00c9E ?                                            <span class=\"button secondary icon\"><svg width=\"24\" height=\"24\" xmlns=\"http:\/\/www.w3.org\/2000\/svg\" viewBox=\"0 0 48 48\"><title>caret-down<\/title><g class=\"caret-down\"><polyline class=\"arrowhead\" points=\"36.036 18.982 24 31.018 11.964 18.982\" fill=\"none\" stroke=\"currentColor\" stroke-linecap=\"round\" stroke-linejoin=\"round\" stroke-width=\"3\"\/><\/g><\/svg><\/span>\n                                        <\/h4>\n                                    <\/div>\n                                    <div class=\"accordion-content\">\n                                        <p>Oui : toutes nos chambres sont \u00e9quip\u00e9es d\u2019un syst\u00e8me de climatisation et de chauffage ind\u00e9pendant.<\/p>\n                                    <\/div>\n                                <\/div>\n                                                            <div class=\"accordion-group\">\n                                    <div class=\"accordion-title has-icon\">\n                                        <h4>\n                                            LA CHAMBRE QUE J\u2019AI R\u00c9SERV\u00c9E EST-ELLE \u00c9QUIP\u00c9E D&rsquo;UNE CONNEXION WIFI ?                                            <span class=\"button secondary icon\"><svg width=\"24\" height=\"24\" xmlns=\"http:\/\/www.w3.org\/2000\/svg\" viewBox=\"0 0 48 48\"><title>caret-down<\/title><g class=\"caret-down\"><polyline class=\"arrowhead\" points=\"36.036 18.982 24 31.018 11.964 18.982\" fill=\"none\" stroke=\"currentColor\" stroke-linecap=\"round\" stroke-linejoin=\"round\" stroke-width=\"3\"\/><\/g><\/svg><\/span>\n                                        <\/h4>\n                                    <\/div>\n                                    <div class=\"accordion-content\">\n                                        <p>Oui : toutes nos chambres sont \u00e9quip\u00e9es d\u2019une connexion wifi gratuit. La connexion au wifi ne requiert pas de mot de passe.<\/p>\n                                    <\/div>\n                                <\/div>\n                                                            <div class=\"accordion-group\">\n                                    <div class=\"accordion-title has-icon\">\n                                        <h4>\n                                            COMMENT PUIS-JE PERSONNALISER MON ARRIV\u00c9E DANS UNE CHAMBRE DE L\u2019H\u00d4TEL L\u2019ELYS\u00c9E VAL D&rsquo;EUROPE ?                                            <span class=\"button secondary icon\"><svg width=\"24\" height=\"24\" xmlns=\"http:\/\/www.w3.org\/2000\/svg\" viewBox=\"0 0 48 48\"><title>caret-down<\/title><g class=\"caret-down\"><polyline class=\"arrowhead\" points=\"36.036 18.982 24 31.018 11.964 18.982\" fill=\"none\" stroke=\"currentColor\" stroke-linecap=\"round\" stroke-linejoin=\"round\" stroke-width=\"3\"\/><\/g><\/svg><\/span>\n                                        <\/h4>\n                                    <\/div>\n                                    <div class=\"accordion-content\">\n                                        <p>Pour personnaliser votre arriv\u00e9e ou celle d\u2019un proche en ajoutant, par exemple, des roses, des ballons ou encore une carte, vous pouvez \u00e9crire avec quelques jours d\u2019avance \u00e0 l\u2019adresse\u00a0<a href=\"mailto:info@hotelelysee.com\">info@hotelelysee.com<\/a>.<\/p>\n                                    <\/div>\n                                <\/div>\n                                                    <\/div>\n                    <\/div>\n                                    <div class=\"faq-group\" id=\"group-4\">\n                        <p class=\"overline color-accent\"><\/p>\n                        <h2>RESTAURATION<\/h2>\n                        <div class=\"accordion\">\n                                                            <div class=\"accordion-group\">\n                                    <div class=\"accordion-title has-icon\">\n                                        <h4>\n                                            QUELS SONT LES HORAIRES DU PETIT-D\u00c9JEUNER, DU D\u00c9JEUNER, DU D\u00ceNER ET DU BRUNCH ?                                            <span class=\"button secondary icon\"><svg width=\"24\" height=\"24\" xmlns=\"http:\/\/www.w3.org\/2000\/svg\" viewBox=\"0 0 48 48\"><title>caret-down<\/title><g class=\"caret-down\"><polyline class=\"arrowhead\" points=\"36.036 18.982 24 31.018 11.964 18.982\" fill=\"none\" stroke=\"currentColor\" stroke-linecap=\"round\" stroke-linejoin=\"round\" stroke-width=\"3\"\/><\/g><\/svg><\/span>\n                                        <\/h4>\n                                    <\/div>\n                                    <div class=\"accordion-content\">\n                                        <p>Au George, le restaurant de l\u2019H\u00f4tel l\u2019Elys\u00e9e, vous pouvez profiter\u00a0:<\/p>\n<ul>\n<li>du petit-d\u00e9jeuner\u00a0du lundi au vendredi de 6h30 \u00e0 10h et les samedi, dimanche et jours f\u00e9ri\u00e9s de 7h \u00e0 11h<\/li>\n<li>du d\u00e9jeuner\u00a0du lundi au vendredi de 12h \u00e0 14h (pas de service le week-end)<\/li>\n<li>du d\u00eener du lundi au dimanche de 19h \u00e0 23h<\/li>\n<li>du brunch chaque dimanche et jour f\u00e9ri\u00e9 de 12h \u00e0 15h<\/li>\n<\/ul>\n                                    <\/div>\n                                <\/div>\n                                                            <div class=\"accordion-group\">\n                                    <div class=\"accordion-title has-icon\">\n                                        <h4>\n                                            O\u00d9 CONSULTER LA CARTE DU GEORGE ET DU DIPLOMATE ?                                            <span class=\"button secondary icon\"><svg width=\"24\" height=\"24\" xmlns=\"http:\/\/www.w3.org\/2000\/svg\" viewBox=\"0 0 48 48\"><title>caret-down<\/title><g class=\"caret-down\"><polyline class=\"arrowhead\" points=\"36.036 18.982 24 31.018 11.964 18.982\" fill=\"none\" stroke=\"currentColor\" stroke-linecap=\"round\" stroke-linejoin=\"round\" stroke-width=\"3\"\/><\/g><\/svg><\/span>\n                                        <\/h4>\n                                    <\/div>\n                                    <div class=\"accordion-content\">\n                                        <p>La carte de notre restaurant Le George et celle de notre bar Le Diplomate sont en libre acc\u00e8s\u00a0<a href=\"https:\/\/www.hotelelysee.com\/fr\/restaurant-val-deurope\/?serializedCookie=Y29va2llbGF3aW5mby1jaGVja2JveC1uZWNlc3Nhcnk9eWVzLGNvb2tpZWxhd2luZm8tY2hlY2tib3gtbmVjZXNzYXJ5PXllcw==\">sur la page restauran<\/a>t de notre site internet, en fran\u00e7ais et en anglais.<\/p>\n                                    <\/div>\n                                <\/div>\n                                                            <div class=\"accordion-group\">\n                                    <div class=\"accordion-title has-icon\">\n                                        <h4>\n                                            COMBIEN CO\u00dbTE UN PETIT-D\u00c9JEUNER NON COMPRIS DANS LA R\u00c9SERVATION ?                                            <span class=\"button secondary icon\"><svg width=\"24\" height=\"24\" xmlns=\"http:\/\/www.w3.org\/2000\/svg\" viewBox=\"0 0 48 48\"><title>caret-down<\/title><g class=\"caret-down\"><polyline class=\"arrowhead\" points=\"36.036 18.982 24 31.018 11.964 18.982\" fill=\"none\" stroke=\"currentColor\" stroke-linecap=\"round\" stroke-linejoin=\"round\" stroke-width=\"3\"\/><\/g><\/svg><\/span>\n                                        <\/h4>\n                                    <\/div>\n                                    <div class=\"accordion-content\">\n                                        <p>Si le petit-d\u00e9jeuner n\u2019est pas compris dans votre r\u00e9servation, son co\u00fbt par jour est de\u00a0:<\/p>\n<ul>\n<li>18 euros par adulte<\/li>\n<li>10 euros par enfant \u00e2g\u00e9 de 3 \u00e0 11 ans<\/li>\n<\/ul>\n                                    <\/div>\n                                <\/div>\n                                                            <div class=\"accordion-group\">\n                                    <div class=\"accordion-title has-icon\">\n                                        <h4>\n                                            EST-IL POSSIBLE DE COMMANDER SON PETIT-D\u00c9JEUNER, D\u00c9JEUNER OU D\u00ceNER AU GEORGE MAIS DE LE MANGER DANS SA CHAMBRE ?                                            <span class=\"button secondary icon\"><svg width=\"24\" height=\"24\" xmlns=\"http:\/\/www.w3.org\/2000\/svg\" viewBox=\"0 0 48 48\"><title>caret-down<\/title><g class=\"caret-down\"><polyline class=\"arrowhead\" points=\"36.036 18.982 24 31.018 11.964 18.982\" fill=\"none\" stroke=\"currentColor\" stroke-linecap=\"round\" stroke-linejoin=\"round\" stroke-width=\"3\"\/><\/g><\/svg><\/span>\n                                        <\/h4>\n                                    <\/div>\n                                    <div class=\"accordion-content\">\n                                        <p>Oui, il est possible de commander son repas au George et de le manger dans sa chambre, uniquement pendant les heures d\u2019ouverture du restaurant.<\/p>\n                                    <\/div>\n                                <\/div>\n                                                            <div class=\"accordion-group\">\n                                    <div class=\"accordion-title has-icon\">\n                                        <h4>\n                                            L&rsquo;H\u00d4TEL L&rsquo;ELYS\u00c9E VAL D&rsquo;EUROPE DISPOSE-T-IL D&rsquo;UN ROOM-SERVICE ?                                            <span class=\"button secondary icon\"><svg width=\"24\" height=\"24\" xmlns=\"http:\/\/www.w3.org\/2000\/svg\" viewBox=\"0 0 48 48\"><title>caret-down<\/title><g class=\"caret-down\"><polyline class=\"arrowhead\" points=\"36.036 18.982 24 31.018 11.964 18.982\" fill=\"none\" stroke=\"currentColor\" stroke-linecap=\"round\" stroke-linejoin=\"round\" stroke-width=\"3\"\/><\/g><\/svg><\/span>\n                                        <\/h4>\n                                    <\/div>\n                                    <div class=\"accordion-content\">\n                                        <p>L\u2019H\u00f4tel l\u2019Elys\u00e9e Val d\u2019Europe vous propose un room-service. Il est disponible pendant les heures de petit-d\u00e9jeuner et de d\u00eener jusqu\u2019\u00e0 23h. La carte du room-service vous attend dans votre chambre.<\/p>\n                                    <\/div>\n                                <\/div>\n                                                            <div class=\"accordion-group\">\n                                    <div class=\"accordion-title has-icon\">\n                                        <h4>\n                                            LE RESTAURANT LE GEORGE ET LE BAR LE DIPLOMATE SONT-ILS OUVERTS AU PUBLIC ?                                            <span class=\"button secondary icon\"><svg width=\"24\" height=\"24\" xmlns=\"http:\/\/www.w3.org\/2000\/svg\" viewBox=\"0 0 48 48\"><title>caret-down<\/title><g class=\"caret-down\"><polyline class=\"arrowhead\" points=\"36.036 18.982 24 31.018 11.964 18.982\" fill=\"none\" stroke=\"currentColor\" stroke-linecap=\"round\" stroke-linejoin=\"round\" stroke-width=\"3\"\/><\/g><\/svg><\/span>\n                                        <\/h4>\n                                    <\/div>\n                                    <div class=\"accordion-content\">\n                                        <p>Oui\u00a0: le George+Diplomate est ouvert autant \u00e0 nos h\u00f4tes qu\u2019aux visiteurs occasionnels.<\/p>\n                                    <\/div>\n                                <\/div>\n                                                            <div class=\"accordion-group\">\n                                    <div class=\"accordion-title has-icon\">\n                                        <h4>\n                                            LE GEORGE PROPOSE-T-IL DES PLATS OU DES MENUS V\u00c9G\u00c9TARIENS ET VEGANS ?                                            <span class=\"button secondary icon\"><svg width=\"24\" height=\"24\" xmlns=\"http:\/\/www.w3.org\/2000\/svg\" viewBox=\"0 0 48 48\"><title>caret-down<\/title><g class=\"caret-down\"><polyline class=\"arrowhead\" points=\"36.036 18.982 24 31.018 11.964 18.982\" fill=\"none\" stroke=\"currentColor\" stroke-linecap=\"round\" stroke-linejoin=\"round\" stroke-width=\"3\"\/><\/g><\/svg><\/span>\n                                        <\/h4>\n                                    <\/div>\n                                    <div class=\"accordion-content\">\n                                        <p>Oui : nos plats v\u00e9g\u00e9tariens et v\u00e9gans sont indiqu\u00e9s sur notre menu par un petit pictogramme vert.<\/p>\n<p><img loading=\"lazy\" decoding=\"async\" class=\"alignnone wp-image-17852\" src=\"https:\/\/www.hotelelysee.com\/wp-content\/uploads\/2022\/10\/logo-vegetarien.jpg\" alt=\"\" width=\"37\" height=\"37\" \/> <img loading=\"lazy\" decoding=\"async\" class=\"alignnone wp-image-17850\" src=\"https:\/\/www.hotelelysee.com\/wp-content\/uploads\/2022\/10\/logo-vegan.jpg\" alt=\"\" width=\"39\" height=\"39\" \/><\/p>\n                                    <\/div>\n                                <\/div>\n                                                            <div class=\"accordion-group\">\n                                    <div class=\"accordion-title has-icon\">\n                                        <h4>\n                                            LE GEORGE PROPOSE-T-IL DES PLATS SANS GLUTEN ?                                            <span class=\"button secondary icon\"><svg width=\"24\" height=\"24\" xmlns=\"http:\/\/www.w3.org\/2000\/svg\" viewBox=\"0 0 48 48\"><title>caret-down<\/title><g class=\"caret-down\"><polyline class=\"arrowhead\" points=\"36.036 18.982 24 31.018 11.964 18.982\" fill=\"none\" stroke=\"currentColor\" stroke-linecap=\"round\" stroke-linejoin=\"round\" stroke-width=\"3\"\/><\/g><\/svg><\/span>\n                                        <\/h4>\n                                    <\/div>\n                                    <div class=\"accordion-content\">\n                                        <p>Oui : vous trouverez des produits sans gluten au petit-d\u00e9jeuner sur demande, ainsi que des plats sans gluten dans notre restaurant.<\/p>\n                                    <\/div>\n                                <\/div>\n                                                            <div class=\"accordion-group\">\n                                    <div class=\"accordion-title has-icon\">\n                                        <h4>\n                                            EST-IL POSSIBLE DE PRIVATISER LE GEORGE OU LE DIPLOMATE ?                                            <span class=\"button secondary icon\"><svg width=\"24\" height=\"24\" xmlns=\"http:\/\/www.w3.org\/2000\/svg\" viewBox=\"0 0 48 48\"><title>caret-down<\/title><g class=\"caret-down\"><polyline class=\"arrowhead\" points=\"36.036 18.982 24 31.018 11.964 18.982\" fill=\"none\" stroke=\"currentColor\" stroke-linecap=\"round\" stroke-linejoin=\"round\" stroke-width=\"3\"\/><\/g><\/svg><\/span>\n                                        <\/h4>\n                                    <\/div>\n                                    <div class=\"accordion-content\">\n                                        <p>Oui : vous pouvez privatiser tout ou partie de notre restaurant ou de notre bar pour un anniversaire, un mariage ou encore un \u00e9v\u00e9nement professionnel. Pour ce faire, vous pouvez nous contacter \u00e0 l\u2019adresse\u00a0<a href=\"mailto:commercial@hotelelysee.com\">commercial@hotelelysee.com<\/a><\/p>\n<p>.<\/p>\n                                    <\/div>\n                                <\/div>\n                                                    <\/div>\n                    <\/div>\n                                    <div class=\"faq-group\" id=\"group-5\">\n                        <p class=\"overline color-accent\"><\/p>\n                        <h2>TRANSPORTS<\/h2>\n                        <div class=\"accordion\">\n                                                            <div class=\"accordion-group\">\n                                    <div class=\"accordion-title has-icon\">\n                                        <h4>\n                                            COMMENT ALLER DE CHAQUE GARE OU A\u00c9ROPORT FRANCILIENS \u00c0 L\u2019H\u00d4TEL L\u2019ELYS\u00c9E VAL D\u2019EUROPE ?                                            <span class=\"button secondary icon\"><svg width=\"24\" height=\"24\" xmlns=\"http:\/\/www.w3.org\/2000\/svg\" viewBox=\"0 0 48 48\"><title>caret-down<\/title><g class=\"caret-down\"><polyline class=\"arrowhead\" points=\"36.036 18.982 24 31.018 11.964 18.982\" fill=\"none\" stroke=\"currentColor\" stroke-linecap=\"round\" stroke-linejoin=\"round\" stroke-width=\"3\"\/><\/g><\/svg><\/span>\n                                        <\/h4>\n                                    <\/div>\n                                    <div class=\"accordion-content\">\n                                        <p>Nous n\u2019avons pas de service gratuit mais pouvons organiser des pick-up vers les a\u00e9roports ou les gares dans et autour de Paris. Il existe toutefois plusieurs mani\u00e8res de rejoindre facilement notre h\u00f4tel : en navette, en train, en taxi, etc. Tous ces itin\u00e9raires vous sont d\u00e9taill\u00e9s sur\u00a0<a href=\"https:\/\/www.hotelelysee.com\/fr\/contactez-nous\/?serializedCookie=Y29va2llbGF3aW5mby1jaGVja2JveC1uZWNlc3Nhcnk9eWVzLGNvb2tpZWxhd2luZm8tY2hlY2tib3gtbmVjZXNzYXJ5PXllcw==\"><u>notre site internet : cliquez ici !<\/u><\/a><\/p>\n                                    <\/div>\n                                <\/div>\n                                                            <div class=\"accordion-group\">\n                                    <div class=\"accordion-title has-icon\">\n                                        <h4>\n                                            Y A-T-IL UN PARKING \u00c0 L\u2019H\u00d4TEL L\u2019ELYS\u00c9E VAL D&rsquo;EUROPE ?                                            <span class=\"button secondary icon\"><svg width=\"24\" height=\"24\" xmlns=\"http:\/\/www.w3.org\/2000\/svg\" viewBox=\"0 0 48 48\"><title>caret-down<\/title><g class=\"caret-down\"><polyline class=\"arrowhead\" points=\"36.036 18.982 24 31.018 11.964 18.982\" fill=\"none\" stroke=\"currentColor\" stroke-linecap=\"round\" stroke-linejoin=\"round\" stroke-width=\"3\"\/><\/g><\/svg><\/span>\n                                        <\/h4>\n                                    <\/div>\n                                    <div class=\"accordion-content\">\n                                        <p>Oui, l\u2019H\u00f4tel l\u2019Elys\u00e9e Val d\u2019Europe b\u00e9n\u00e9ficie d\u2019un parking souterrain de 100 places, pour des v\u00e9hicules de 1,95 m\u00e8tre de hauteur maximum. Ce parking est gratuit pour toute r\u00e9servation effectu\u00e9e directement sur le site de notre H\u00f4tel ou par t\u00e9l\u00e9phone avec notre \u00e9quipe de R\u00e9servation. Pour les autres, l\u2019acc\u00e8s est de 15 euros par v\u00e9hicule et par nuit.<\/p>\n                                    <\/div>\n                                <\/div>\n                                                            <div class=\"accordion-group\">\n                                    <div class=\"accordion-title has-icon\">\n                                        <h4>\n                                            QUELS SONT LES HORAIRES D\u2019ACCESSIBILIT\u00c9 DU PARKING ?                                            <span class=\"button secondary icon\"><svg width=\"24\" height=\"24\" xmlns=\"http:\/\/www.w3.org\/2000\/svg\" viewBox=\"0 0 48 48\"><title>caret-down<\/title><g class=\"caret-down\"><polyline class=\"arrowhead\" points=\"36.036 18.982 24 31.018 11.964 18.982\" fill=\"none\" stroke=\"currentColor\" stroke-linecap=\"round\" stroke-linejoin=\"round\" stroke-width=\"3\"\/><\/g><\/svg><\/span>\n                                        <\/h4>\n                                    <\/div>\n                                    <div class=\"accordion-content\">\n                                        <p>Vous pouvez entrer et sortir de notre parking 24 heures sur 24, 7 jours sur 7.<\/p>\n                                    <\/div>\n                                <\/div>\n                                                            <div class=\"accordion-group\">\n                                    <div class=\"accordion-title has-icon\">\n                                        <h4>\n                                            LE PARKING PEUT-IL \u00caTRE UTILIS\u00c9 POUR LES CLIENTS DU GEORGE+DIPLOMATE ?                                            <span class=\"button secondary icon\"><svg width=\"24\" height=\"24\" xmlns=\"http:\/\/www.w3.org\/2000\/svg\" viewBox=\"0 0 48 48\"><title>caret-down<\/title><g class=\"caret-down\"><polyline class=\"arrowhead\" points=\"36.036 18.982 24 31.018 11.964 18.982\" fill=\"none\" stroke=\"currentColor\" stroke-linecap=\"round\" stroke-linejoin=\"round\" stroke-width=\"3\"\/><\/g><\/svg><\/span>\n                                        <\/h4>\n                                    <\/div>\n                                    <div class=\"accordion-content\">\n                                        <p>Oui : les clients de\u00a0<a href=\"https:\/\/www.hotelelysee.com\/fr\/restaurant-val-deurope\/?serializedCookie=Y29va2llbGF3aW5mby1jaGVja2JveC1uZWNlc3Nhcnk9eWVz\">notre restaurant<\/a>\u00a0<a href=\"https:\/\/www.hotelelysee.com\/fr\/restaurant-val-deurope\/?serializedCookie=Y29va2llbGF3aW5mby1jaGVja2JveC1uZWNlc3Nhcnk9eWVz\">et de notre bar<\/a>\u00a0peuvent garer leur v\u00e9hicule dans notre parking.<\/p>\n                                    <\/div>\n                                <\/div>\n                                                            <div class=\"accordion-group\">\n                                    <div class=\"accordion-title has-icon\">\n                                        <h4>\n                                            PUIS-JE RECHARGER MA VOITURE \u00c9LECTRIQUE \u00c0 L\u2019H\u00d4TEL L\u2019ELYS\u00c9E VAL D&rsquo;EUROPE ?                                            <span class=\"button secondary icon\"><svg width=\"24\" height=\"24\" xmlns=\"http:\/\/www.w3.org\/2000\/svg\" viewBox=\"0 0 48 48\"><title>caret-down<\/title><g class=\"caret-down\"><polyline class=\"arrowhead\" points=\"36.036 18.982 24 31.018 11.964 18.982\" fill=\"none\" stroke=\"currentColor\" stroke-linecap=\"round\" stroke-linejoin=\"round\" stroke-width=\"3\"\/><\/g><\/svg><\/span>\n                                        <\/h4>\n                                    <\/div>\n                                    <div class=\"accordion-content\">\n                                        <p>Oui : 7 <span class=\"ui-provider a b c d e f g h i j k l m n o p q r s t u v w x y z ab ac ae af ag ah ai aj ak\" dir=\"ltr\">bornes de recharge pour voitures \u00e9lectriques sont \u00e0 disposition 7\/7 et 24\/24 dans notre parking. La recharge est payante sur place \u00e0 l&rsquo;aide d&rsquo;une application ou via QR code.<\/span><\/p>\n                                    <\/div>\n                                <\/div>\n                                                            <div class=\"accordion-group\">\n                                    <div class=\"accordion-title has-icon\">\n                                        <h4>\n                                            L\u2019H\u00d4TEL L\u2019ELYS\u00c9E VAL D&rsquo;EUROPE COMPREND-T-IL UN SERVICE DE D\u00c9POSE-MINUTE ?                                            <span class=\"button secondary icon\"><svg width=\"24\" height=\"24\" xmlns=\"http:\/\/www.w3.org\/2000\/svg\" viewBox=\"0 0 48 48\"><title>caret-down<\/title><g class=\"caret-down\"><polyline class=\"arrowhead\" points=\"36.036 18.982 24 31.018 11.964 18.982\" fill=\"none\" stroke=\"currentColor\" stroke-linecap=\"round\" stroke-linejoin=\"round\" stroke-width=\"3\"\/><\/g><\/svg><\/span>\n                                        <\/h4>\n                                    <\/div>\n                                    <div class=\"accordion-content\">\n                                        <p>Oui : un d\u00e9pose-minute est possible devant l\u2019entr\u00e9e de l\u2019\u00e9tablissement, r\u00e9serv\u00e9 pour les personnes \u00e0 mobilit\u00e9 r\u00e9duite.<\/p>\n                                    <\/div>\n                                <\/div>\n                                                            <div class=\"accordion-group\">\n                                    <div class=\"accordion-title has-icon\">\n                                        <h4>\n                                            \u00c0 QUELLES GARES PUIS-JE ARRIVER SI JE VIENS DE LONDRES ?                                            <span class=\"button secondary icon\"><svg width=\"24\" height=\"24\" xmlns=\"http:\/\/www.w3.org\/2000\/svg\" viewBox=\"0 0 48 48\"><title>caret-down<\/title><g class=\"caret-down\"><polyline class=\"arrowhead\" points=\"36.036 18.982 24 31.018 11.964 18.982\" fill=\"none\" stroke=\"currentColor\" stroke-linecap=\"round\" stroke-linejoin=\"round\" stroke-width=\"3\"\/><\/g><\/svg><\/span>\n                                        <\/h4>\n                                    <\/div>\n                                    <div class=\"accordion-content\">\n                                        <p>Vous avez la possibilit\u00e9 d\u2019arriver dans 2 gares depuis la capitale britannique :<\/p>\n<ul>\n<li>Gare TGV de Marne-la-Vall\u00e9e Chessy (la plus proche de notre h\u00f4tel)<\/li>\n<li>Gare du Nord<\/li>\n<\/ul>\n<p>Pour savoir comment nous rejoindre depuis ces 2 gares,\u00a0<a href=\"https:\/\/www.hotelelysee.com\/fr\/contact\/?serializedCookie=Y29va2llbGF3aW5mby1jaGVja2JveC1uZWNlc3Nhcnk9eWVzLGNvb2tpZWxhd2luZm8tY2hlY2tib3gtbmVjZXNzYXJ5PXllcw==\">cliquez sur nos explications<\/a>.<\/p>\n                                    <\/div>\n                                <\/div>\n                                                            <div class=\"accordion-group\">\n                                    <div class=\"accordion-title has-icon\">\n                                        <h4>\n                                            PUIS-JE LOUER UNE VOITURE \u00c0 L\u2019H\u00d4TEL L\u2019ELYS\u00c9E VAL D&rsquo;EUROPE ?                                            <span class=\"button secondary icon\"><svg width=\"24\" height=\"24\" xmlns=\"http:\/\/www.w3.org\/2000\/svg\" viewBox=\"0 0 48 48\"><title>caret-down<\/title><g class=\"caret-down\"><polyline class=\"arrowhead\" points=\"36.036 18.982 24 31.018 11.964 18.982\" fill=\"none\" stroke=\"currentColor\" stroke-linecap=\"round\" stroke-linejoin=\"round\" stroke-width=\"3\"\/><\/g><\/svg><\/span>\n                                        <\/h4>\n                                    <\/div>\n                                    <div class=\"accordion-content\">\n                                        <p>L\u2019H\u00f4tel l\u2019Elys\u00e9e Val d\u2019Europe n\u2019assure pas de service de location de voiture. Vous avez la possibilit\u00e9 de louer un v\u00e9hicule chez l\u2019un des loueurs professionnels \u00e0 proximit\u00e9 de notre h\u00f4tel, puis de garer votre voiture au parking de l\u2019h\u00f4tel.<\/p>\n                                    <\/div>\n                                <\/div>\n                                                            <div class=\"accordion-group\">\n                                    <div class=\"accordion-title has-icon\">\n                                        <h4>\n                                            PUIS-JE LOUER UN V\u00c9LO \u00c0 L\u2019H\u00d4TEL L\u2019ELYS\u00c9E VAL D&rsquo;EUROPE ?                                            <span class=\"button secondary icon\"><svg width=\"24\" height=\"24\" xmlns=\"http:\/\/www.w3.org\/2000\/svg\" viewBox=\"0 0 48 48\"><title>caret-down<\/title><g class=\"caret-down\"><polyline class=\"arrowhead\" points=\"36.036 18.982 24 31.018 11.964 18.982\" fill=\"none\" stroke=\"currentColor\" stroke-linecap=\"round\" stroke-linejoin=\"round\" stroke-width=\"3\"\/><\/g><\/svg><\/span>\n                                        <\/h4>\n                                    <\/div>\n                                    <div class=\"accordion-content\">\n                                        <p>L\u2019H\u00f4tel l\u2019Elys\u00e9e Val d\u2019Europe n\u2019assure pas de service de location de v\u00e9lo. Vous avez la possibilit\u00e9 de louer un v\u00e9lo chez l\u2019un des loueurs professionnels \u00e0 proximit\u00e9 de notre h\u00f4tel, et de le garer dans notre espace d\u00e9di\u00e9.<\/p>\n                                    <\/div>\n                                <\/div>\n                                                    <\/div>\n                    <\/div>\n                                    <div class=\"faq-group\" id=\"group-6\">\n                        <p class=\"overline color-accent\"><\/p>\n                        <h2>DISNEYLAND\u00ae PARIS<\/h2>\n                        <div class=\"accordion\">\n                                                            <div class=\"accordion-group\">\n                                    <div class=\"accordion-title has-icon\">\n                                        <h4>\n                                            PEUT-ON ACHETER DES BILLETS POUR DISNEYLAND\u00ae PARIS \u00c0 L\u2019H\u00d4TEL L&rsquo;ELYSEE VAL D&rsquo;EUROPE SANS R\u00c9SERVER ?                                            <span class=\"button secondary icon\"><svg width=\"24\" height=\"24\" xmlns=\"http:\/\/www.w3.org\/2000\/svg\" viewBox=\"0 0 48 48\"><title>caret-down<\/title><g class=\"caret-down\"><polyline class=\"arrowhead\" points=\"36.036 18.982 24 31.018 11.964 18.982\" fill=\"none\" stroke=\"currentColor\" stroke-linecap=\"round\" stroke-linejoin=\"round\" stroke-width=\"3\"\/><\/g><\/svg><\/span>\n                                        <\/h4>\n                                    <\/div>\n                                    <div class=\"accordion-content\">\n                                        <p>En tant que partenaire de Disneyland\u00ae Paris, l\u2019H\u00f4tel l&rsquo;Elys\u00e9e Val d\u2019Europe vous offre la possibilit\u00e9 d\u2019acheter vos billets directement \u00e0 notre r\u00e9ception.<br \/>\nCependant, les parcs \u00e9tant souvent complets, nous vous recommandons vivement de r\u00e9server vos billets \u00e0 l&rsquo;avance sur\u00a0<a href=\"https:\/\/tickets.disneylandparis.com\/fr-fr\/tickets?_gl=1*am6cq6*_ga*NjQyMzk2MDg3LjE3NDA2NzQ1NDk.*_ga_0PHYZDPTR8*MTc0MTY4ODYwMy42LjEuMTc0MTY4OTAzMy4wLjAuMA..\">le site officiel de Disneyland\u00ae Paris<\/a>.<\/p>\n                                    <\/div>\n                                <\/div>\n                                                            <div class=\"accordion-group\">\n                                    <div class=\"accordion-title has-icon\">\n                                        <h4>\n                                            COMBIEN CO\u00dbTE CHAQUE BILLET POUR DISNEYLAND\u00ae PARIS ?                                            <span class=\"button secondary icon\"><svg width=\"24\" height=\"24\" xmlns=\"http:\/\/www.w3.org\/2000\/svg\" viewBox=\"0 0 48 48\"><title>caret-down<\/title><g class=\"caret-down\"><polyline class=\"arrowhead\" points=\"36.036 18.982 24 31.018 11.964 18.982\" fill=\"none\" stroke=\"currentColor\" stroke-linecap=\"round\" stroke-linejoin=\"round\" stroke-width=\"3\"\/><\/g><\/svg><\/span>\n                                        <\/h4>\n                                    <\/div>\n                                    <div class=\"accordion-content\">\n                                        <p>Les prix des billets pour Disneyland\u00ae Paris varient en fonction de la saison et sont d\u00e9finis par<a href=\"https:\/\/tickets.disneylandparis.com\/fr-fr\/tickets?_gl=1*am6cq6*_ga*NjQyMzk2MDg3LjE3NDA2NzQ1NDk.*_ga_0PHYZDPTR8*MTc0MTY4ODYwMy42LjEuMTc0MTY4OTAzMy4wLjAuMA..\">\u00a0Disneyland\u00ae Paris<\/a>. Pour consulter les tarifs actualis\u00e9s, nous vous recommandons de visiter\u00a0<a href=\"https:\/\/tickets.disneylandparis.com\/fr-fr\/tickets?_gl=1*am6cq6*_ga*NjQyMzk2MDg3LjE3NDA2NzQ1NDk.*_ga_0PHYZDPTR8*MTc0MTY4ODYwMy42LjEuMTc0MTY4OTAzMy4wLjAuMA..\">le site officiel de Disneyland\u00ae Paris<\/a>.<\/p>\n                                    <\/div>\n                                <\/div>\n                                                            <div class=\"accordion-group\">\n                                    <div class=\"accordion-title has-icon\">\n                                        <h4>\n                                            COMMENT ALLER \u00c0 DISNEYLAND\u00ae PARIS DEPUIS L\u2019H\u00d4TEL L\u2019ELYS\u00c9E VAL D&rsquo;EUROPE ?                                            <span class=\"button secondary icon\"><svg width=\"24\" height=\"24\" xmlns=\"http:\/\/www.w3.org\/2000\/svg\" viewBox=\"0 0 48 48\"><title>caret-down<\/title><g class=\"caret-down\"><polyline class=\"arrowhead\" points=\"36.036 18.982 24 31.018 11.964 18.982\" fill=\"none\" stroke=\"currentColor\" stroke-linecap=\"round\" stroke-linejoin=\"round\" stroke-width=\"3\"\/><\/g><\/svg><\/span>\n                                        <\/h4>\n                                    <\/div>\n                                    <div class=\"accordion-content\">\n                                        <p>Une navette gratuite est \u00e0 disposition toute l&rsquo;ann\u00e9e \u00e0 la gare TGV de Chessy Marne-la-Vall\u00e9e.<\/p>\n<p><strong>L\u2019arr\u00eat se trouve sur le quai F de la GARE CHESSY SUD.<\/strong><\/p>\n<p>Vous pouvez cliquer sur le bouton \u00ab\u00a0emplacement de la navette \u00e0 Disneyland\u00a9 Paris\u00a0\u00bb ci-dessous, pour connaitre l\u2019itin\u00e9raire depuis votre localisation actuelle.<\/p>\n<h4>Horaires de la navette :<\/h4>\n<ul>\n<li><strong>D\u00e9part H\u00f4tel l\u2019Elys\u00e9e Val d\u2019Europe<\/strong> : du lundi au dimanche\n<ul>\n<li>08h30 \u00e0 11h30 le matin<\/li>\n<li>puis de 17h30 \u00e0 22h23 en haute saison (et 21h28 en basse saison)<\/li>\n<\/ul>\n<\/li>\n<li><strong>Retour (d\u00e9part Parcs) :<\/strong> du lundi au dimanche\n<ul>\n<li>de 08h43 \u00e0 11h45 le matin<\/li>\n<li>puis de 17h45 \u00e0 00h42 en haute saison (et 22h45 en basse saison)<\/li>\n<\/ul>\n<\/li>\n<\/ul>\n<p>Les horaires varient en fonction des saisons, <strong>vous pouvez consulter le d\u00e9tail ci-dessous.<\/strong><\/p>\n<p>&nbsp;<\/p>\n<p><span style=\"color: #fbba33;\"><a class=\"button primary\" style=\"color: #fbba33;\" href=\"https:\/\/www.hotelelysee.com\/wp-content\/uploads\/2026\/04\/Navette-AVRIL-A-AOUT-2026.pdf\" target=\"_blank\" rel=\"noopener\"><strong>Horaires <\/strong><\/a><\/span><\/p>\n<p><a class=\"button secondary\" href=\"https:\/\/goo.gl\/maps\/cr6W2mZvroh4a7RV6\" target=\"_blank\" rel=\"noopener\">Emplacement de la navette \u00e0 Disneyland Paris<\/a><\/p>\n                                    <\/div>\n                                <\/div>\n                                                            <div class=\"accordion-group\">\n                                    <div class=\"accordion-title has-icon\">\n                                        <h4>\n                                            QUELS SONT LES HORAIRES DE LA NAVETTE GRATUITE ENTRE L&rsquo;H\u00d4TEL L\u2019ELYS\u00c9E VAL D&rsquo;EUROPE ET DISNEYLAND\u00ae PARIS ?                                            <span class=\"button secondary icon\"><svg width=\"24\" height=\"24\" xmlns=\"http:\/\/www.w3.org\/2000\/svg\" viewBox=\"0 0 48 48\"><title>caret-down<\/title><g class=\"caret-down\"><polyline class=\"arrowhead\" points=\"36.036 18.982 24 31.018 11.964 18.982\" fill=\"none\" stroke=\"currentColor\" stroke-linecap=\"round\" stroke-linejoin=\"round\" stroke-width=\"3\"\/><\/g><\/svg><\/span>\n                                        <\/h4>\n                                    <\/div>\n                                    <div class=\"accordion-content\">\n                                        <p>Une navette gratuite est \u00e0 disposition toute l&rsquo;ann\u00e9e \u00e0 la gare TGV de Chessy Marne-la-Vall\u00e9e.<\/p>\n<p><strong>L\u2019arr\u00eat se trouve sur le quai F de la GARE CHESSY SUD.<\/strong><\/p>\n<p>Vous pouvez cliquer sur le bouton \u00ab\u00a0emplacement de la navette \u00e0 Disneyland\u00a9 Paris\u00a0\u00bb ci-dessous, pour connaitre l\u2019itin\u00e9raire depuis votre localisation actuelle.<\/p>\n<h4>Horaires de la navette :<\/h4>\n<ul>\n<li><strong>D\u00e9part H\u00f4tel l\u2019Elys\u00e9e Val d\u2019Europe<\/strong> : du lundi au dimanche\n<ul>\n<li>08h30 \u00e0 11h30 le matin<\/li>\n<li>puis de 17h30 \u00e0 22h23 en haute saison (et 21h28 en basse saison)<\/li>\n<\/ul>\n<\/li>\n<li><strong>Retour (d\u00e9part Parcs) :<\/strong> du lundi au dimanche\n<ul>\n<li>de 08h43 \u00e0 11h45 le matin<\/li>\n<li>puis de 17h45 \u00e0 00h42 en haute saison (et 22h45 en basse saison)<\/li>\n<\/ul>\n<\/li>\n<\/ul>\n<p>Les horaires varient en fonction des saisons, <strong>vous pouvez consulter le d\u00e9tail ci-dessous.<\/strong><\/p>\n<p>&nbsp;<\/p>\n<p><span style=\"color: #fbba33;\"><a class=\"button primary\" style=\"color: #fbba33;\" href=\"https:\/\/www.hotelelysee.com\/wp-content\/uploads\/2026\/04\/Navette-AVRIL-A-AOUT-2026.pdf\" target=\"_blank\" rel=\"noopener\"><strong>Horaires <\/strong><\/a><\/span><\/p>\n<p><a class=\"button secondary\" href=\"https:\/\/goo.gl\/maps\/cr6W2mZvroh4a7RV6\" target=\"_blank\" rel=\"noopener\">Emplacement de la navette \u00e0 Disneyland Paris<\/a><\/p>\n                                    <\/div>\n                                <\/div>\n                                                            <div class=\"accordion-group\">\n                                    <div class=\"accordion-title has-icon\">\n                                        <h4>\n                                            O\u00d9 PR\u00c9CIS\u00c9MENT PRENDRE LA NAVETTE GRATUITE ENTRE L\u2019H\u00d4TEL L\u2019ELYS\u00c9E VAL D&rsquo;EUROPE ET DISNEYLAND\u00ae PARIS, DANS CHACUNE DES DEUX DIRECTIONS ?                                            <span class=\"button secondary icon\"><svg width=\"24\" height=\"24\" xmlns=\"http:\/\/www.w3.org\/2000\/svg\" viewBox=\"0 0 48 48\"><title>caret-down<\/title><g class=\"caret-down\"><polyline class=\"arrowhead\" points=\"36.036 18.982 24 31.018 11.964 18.982\" fill=\"none\" stroke=\"currentColor\" stroke-linecap=\"round\" stroke-linejoin=\"round\" stroke-width=\"3\"\/><\/g><\/svg><\/span>\n                                        <\/h4>\n                                    <\/div>\n                                    <div class=\"accordion-content\">\n                                        <p>Une navette gratuite est \u00e0 disposition toute l&rsquo;ann\u00e9e \u00e0 la gare TGV de Chessy Marne-la-Vall\u00e9e.<\/p>\n<p><strong>L\u2019arr\u00eat se trouve sur le quai F de la GARE CHESSY SUD.<\/strong><\/p>\n<p>Vous pouvez cliquer sur le bouton \u00ab\u00a0emplacement de la navette \u00e0 Disneyland\u00a9 Paris\u00a0\u00bb ci-dessous, pour connaitre l\u2019itin\u00e9raire depuis votre localisation actuelle.<\/p>\n<h4>Horaires de la navette<strong>\u00a0<\/strong>:<\/h4>\n<ul>\n<li><strong>D\u00e9part H\u00f4tel l\u2019Elys\u00e9e Val d\u2019Europe<\/strong> : du lundi au dimanche\n<ul>\n<li>08h30 \u00e0 11h30 le matin<\/li>\n<li>puis de 17h30 \u00e0 22h23 en haute saison (et 21h28 en basse saison)<\/li>\n<\/ul>\n<\/li>\n<li><strong>Retour (d\u00e9part Parcs) :<\/strong> du lundi au dimanche\n<ul>\n<li>de 08h43 \u00e0 11h45 le matin<\/li>\n<li>puis de 17h45 \u00e0 00h42 en haute saison (et 22h45 en basse saison)<\/li>\n<\/ul>\n<\/li>\n<\/ul>\n<p>Les horaires varient en fonction des saisons, <strong>vous pouvez consulter le d\u00e9tail ci-dessous.<\/strong><\/p>\n<p>&nbsp;<\/p>\n<p><span style=\"color: #fbba33;\"><a class=\"button primary\" style=\"color: #fbba33;\" href=\"https:\/\/www.hotelelysee.com\/wp-content\/uploads\/2026\/04\/Navette-AVRIL-A-AOUT-2026.pdf\" target=\"_blank\" rel=\"noopener\"><strong>Horaires <\/strong><\/a><\/span><\/p>\n<p><a class=\"button secondary\" href=\"https:\/\/goo.gl\/maps\/cr6W2mZvroh4a7RV6\" target=\"_blank\" rel=\"noopener\">Emplacement de la navette \u00e0 Disneyland Paris<\/a><\/p>\n                                    <\/div>\n                                <\/div>\n                                                    <\/div>\n                    <\/div>\n                                    <div class=\"faq-group\" id=\"group-7\">\n                        <p class=\"overline color-accent\"><\/p>\n                        <h2>PARIS<\/h2>\n                        <div class=\"accordion\">\n                                                            <div class=\"accordion-group\">\n                                    <div class=\"accordion-title has-icon\">\n                                        <h4>\n                                            COMBIEN CO\u00dbTE UN TICKET DE RER POUR PARIS ?                                            <span class=\"button secondary icon\"><svg width=\"24\" height=\"24\" xmlns=\"http:\/\/www.w3.org\/2000\/svg\" viewBox=\"0 0 48 48\"><title>caret-down<\/title><g class=\"caret-down\"><polyline class=\"arrowhead\" points=\"36.036 18.982 24 31.018 11.964 18.982\" fill=\"none\" stroke=\"currentColor\" stroke-linecap=\"round\" stroke-linejoin=\"round\" stroke-width=\"3\"\/><\/g><\/svg><\/span>\n                                        <\/h4>\n                                    <\/div>\n                                    <div class=\"accordion-content\">\n                                        <p>Si vous souhaitez vous rendre \u00e0 Paris depuis l\u2019H\u00f4tel l\u2019Elys\u00e9e Val d\u2019Europe vous pouvez acheter un ticket de RER.<\/p>\n<ul>\n<li>le prix est de 5\u20ac pour un ticket<strong>\u00a0plein tarif<\/strong>\u00a0\u00e0 l\u2019unit\u00e9 et 4\u20ac par ticket pour un carnet de 10 tickets.<\/li>\n<li>les tickets au<strong>\u00a0tarif r\u00e9duit<\/strong>\u00a0sont \u00e0 2,50\u20ac pour un ticket \u00e0 l\u2019unit\u00e9 et 2\u20ac par ticket pour un carnet de 10 tickets.<\/li>\n<\/ul>\n                                    <\/div>\n                                <\/div>\n                                                            <div class=\"accordion-group\">\n                                    <div class=\"accordion-title has-icon\">\n                                        <h4>\n                                            COMBIEN CO\u00dbTE UN TRAJET EN TAXI POUR PARIS ?                                            <span class=\"button secondary icon\"><svg width=\"24\" height=\"24\" xmlns=\"http:\/\/www.w3.org\/2000\/svg\" viewBox=\"0 0 48 48\"><title>caret-down<\/title><g class=\"caret-down\"><polyline class=\"arrowhead\" points=\"36.036 18.982 24 31.018 11.964 18.982\" fill=\"none\" stroke=\"currentColor\" stroke-linecap=\"round\" stroke-linejoin=\"round\" stroke-width=\"3\"\/><\/g><\/svg><\/span>\n                                        <\/h4>\n                                    <\/div>\n                                    <div class=\"accordion-content\">\n                                        <p>Si vous souhaitez vous rendre \u00e0 Paris depuis notre h\u00f4tel, vous pouvez emprunter un taxi : le co\u00fbt peut varier de 105 \u00e0 110 euros.<\/p>\n                                    <\/div>\n                                <\/div>\n                                                            <div class=\"accordion-group\">\n                                    <div class=\"accordion-title has-icon\">\n                                        <h4>\n                                            \u00c0 QUELLE HEURE LE DERNIER RER POUR VAL D\u2019EUROPE QUITTE-T-IL PARIS ?                                            <span class=\"button secondary icon\"><svg width=\"24\" height=\"24\" xmlns=\"http:\/\/www.w3.org\/2000\/svg\" viewBox=\"0 0 48 48\"><title>caret-down<\/title><g class=\"caret-down\"><polyline class=\"arrowhead\" points=\"36.036 18.982 24 31.018 11.964 18.982\" fill=\"none\" stroke=\"currentColor\" stroke-linecap=\"round\" stroke-linejoin=\"round\" stroke-width=\"3\"\/><\/g><\/svg><\/span>\n                                        <\/h4>\n                                    <\/div>\n                                    <div class=\"accordion-content\">\n                                        <p style=\"text-align: left;\">Tous les jours de la semaine, le dernier RER A pour Val d\u2019Europe quitte Paris (station Charles De Gaulle-Etoiles) \u00e0 00h39.<\/p>\n                                    <\/div>\n                                <\/div>\n                                                            <div class=\"accordion-group\">\n                                    <div class=\"accordion-title has-icon\">\n                                        <h4>\n                                            \u00c0 QUELLE HEURE LE DERNIER RER POUR PARIS QUITTE VAL D\u2019EUROPE ?                                            <span class=\"button secondary icon\"><svg width=\"24\" height=\"24\" xmlns=\"http:\/\/www.w3.org\/2000\/svg\" viewBox=\"0 0 48 48\"><title>caret-down<\/title><g class=\"caret-down\"><polyline class=\"arrowhead\" points=\"36.036 18.982 24 31.018 11.964 18.982\" fill=\"none\" stroke=\"currentColor\" stroke-linecap=\"round\" stroke-linejoin=\"round\" stroke-width=\"3\"\/><\/g><\/svg><\/span>\n                                        <\/h4>\n                                    <\/div>\n                                    <div class=\"accordion-content\">\n                                        <p>Tous les jours de la semaine, le dernier RER A pour Val d\u2019Europe quitte Disneyland \u00a0(station de Marne-La-Vall\u00e9e Chessy) \u00e0 00h20.<\/p>\n                                    <\/div>\n                                <\/div>\n                                                    <\/div>\n                    <\/div>\n                                    <div class=\"faq-group\" id=\"group-8\">\n                        <p class=\"overline color-accent\"><\/p>\n                        <h2>PROFESSIONNELS \/ RECRUTEMENT<\/h2>\n                        <div class=\"accordion\">\n                                                            <div class=\"accordion-group\">\n                                    <div class=\"accordion-title has-icon\">\n                                        <h4>\n                                            \u00c0 QUELLE ADRESSE PEUT-ON POSTULER \u00c0 UN STAGE OU \u00c0 UN EMPLOI ?                                            <span class=\"button secondary icon\"><svg width=\"24\" height=\"24\" xmlns=\"http:\/\/www.w3.org\/2000\/svg\" viewBox=\"0 0 48 48\"><title>caret-down<\/title><g class=\"caret-down\"><polyline class=\"arrowhead\" points=\"36.036 18.982 24 31.018 11.964 18.982\" fill=\"none\" stroke=\"currentColor\" stroke-linecap=\"round\" stroke-linejoin=\"round\" stroke-width=\"3\"\/><\/g><\/svg><\/span>\n                                        <\/h4>\n                                    <\/div>\n                                    <div class=\"accordion-content\">\n                                        <p>Les offres d\u2019emploi sont disponibles sur <a href=\"https:\/\/www.hotelelysee.com\/fr\/recrutement-offres-demploi\/?serializedCookie=Y29va2llbGF3aW5mby1jaGVja2JveC1uZWNlc3Nhcnk9eWVzLGNvb2tpZWxhd2luZm8tY2hlY2tib3gtbmVjZXNzYXJ5PXllcw==\">la page recrutement de notre site internet<\/a><\/p>\n<p>Vous pouvez envoyer votre candidature \u00e0 l\u2019adresse\u00a0<a href=\"mailto:recrutement@gafihotel.com\">recrutement@gafihotel.com<\/a>.<\/p>\n                                    <\/div>\n                                <\/div>\n                                                            <div class=\"accordion-group\">\n                                    <div class=\"accordion-title has-icon\">\n                                        <h4>\n                                            EST-IL POSSIBLE D\u2019ORGANISER DES S\u00c9MINAIRES \u00c0 L\u2019H\u00d4TEL L\u2019ELYS\u00c9E VAL D&rsquo;EUROPE ?                                            <span class=\"button secondary icon\"><svg width=\"24\" height=\"24\" xmlns=\"http:\/\/www.w3.org\/2000\/svg\" viewBox=\"0 0 48 48\"><title>caret-down<\/title><g class=\"caret-down\"><polyline class=\"arrowhead\" points=\"36.036 18.982 24 31.018 11.964 18.982\" fill=\"none\" stroke=\"currentColor\" stroke-linecap=\"round\" stroke-linejoin=\"round\" stroke-width=\"3\"\/><\/g><\/svg><\/span>\n                                        <\/h4>\n                                    <\/div>\n                                    <div class=\"accordion-content\">\n                                        <p>Oui : L\u2019H\u00f4tel l\u2019Elys\u00e9e propose plusieurs salles de s\u00e9minaire. Pour tout renseignement, vous pouvez contacter notre service commercial :<\/p>\n<ul>\n<li style=\"list-style-type: none;\">\n<ul>\n<li>soit par e-mail \u00e0 l\u2019adresse <a href=\"mailto:commercial@hotelelysee.com\">commercial@hotelelysee.com<\/a><\/li>\n<li>soit par t\u00e9l\u00e9phone au <a href=\"tel:+33.1.64.63.33.01\">+33.1.64.63.33.01<\/a><\/li>\n<\/ul>\n<\/li>\n<\/ul>\n                                    <\/div>\n                                <\/div>\n                                                            <div class=\"accordion-group\">\n                                    <div class=\"accordion-title has-icon\">\n                                        <h4>\n                                            JE SUIS BLOGUEUR\u00b7SE ET AIMERAIS DISCUTER D\u2019UN PARTENARIAT : \u00c0 QUI DOIS-JE M\u2019ADRESSER ?                                            <span class=\"button secondary icon\"><svg width=\"24\" height=\"24\" xmlns=\"http:\/\/www.w3.org\/2000\/svg\" viewBox=\"0 0 48 48\"><title>caret-down<\/title><g class=\"caret-down\"><polyline class=\"arrowhead\" points=\"36.036 18.982 24 31.018 11.964 18.982\" fill=\"none\" stroke=\"currentColor\" stroke-linecap=\"round\" stroke-linejoin=\"round\" stroke-width=\"3\"\/><\/g><\/svg><\/span>\n                                        <\/h4>\n                                    <\/div>\n                                    <div class=\"accordion-content\">\n                                        <p>Vous pouvez nous contacter \u00e0\u00a0<a href=\"mailto:info@hotelelysee.com\">info@hotelelysee.com<\/a>.<\/p>\n                                    <\/div>\n                                <\/div>\n                                                    <\/div>\n                    <\/div>\n                                    <div class=\"faq-group\" id=\"group-9\">\n                        <p class=\"overline color-accent\"><\/p>\n                        <h2>DIVERS<\/h2>\n                        <div class=\"accordion\">\n                                                            <div class=\"accordion-group\">\n                                    <div class=\"accordion-title has-icon\">\n                                        <h4>\n                                            Y A-T-IL UNE PISCINE, UN SPA, UN JACUZZI OU UNE SALLE DE SPORT \u00c0 L\u2019H\u00d4TEL L\u2019ELYS\u00c9E VAL D&rsquo;EUROPE ?                                            <span class=\"button secondary icon\"><svg width=\"24\" height=\"24\" xmlns=\"http:\/\/www.w3.org\/2000\/svg\" viewBox=\"0 0 48 48\"><title>caret-down<\/title><g class=\"caret-down\"><polyline class=\"arrowhead\" points=\"36.036 18.982 24 31.018 11.964 18.982\" fill=\"none\" stroke=\"currentColor\" stroke-linecap=\"round\" stroke-linejoin=\"round\" stroke-width=\"3\"\/><\/g><\/svg><\/span>\n                                        <\/h4>\n                                    <\/div>\n                                    <div class=\"accordion-content\">\n                                        <p>L\u2019H\u00f4tel l\u2019Elys\u00e9e Val d\u2019Europe n\u2019est pas muni de ces \u00e9quipements. En revanche, vous pouvez passer un moment de d\u00e9tente pendant votre s\u00e9jour au spa\u00a0<a href=\"https:\/\/www.aquatonic.fr\/\" target=\"_blank\" rel=\"noopener\">Aquatonic<\/a>, situ\u00e9 \u00e0 quelques minutes de bus de notre h\u00f4tel (Bus 43 \u2013 arr\u00eat Bois de Loselet)<\/p>\n                                    <\/div>\n                                <\/div>\n                                                            <div class=\"accordion-group\">\n                                    <div class=\"accordion-title has-icon\">\n                                        <h4>\n                                            PUIS-JE FAIRE LAVER MON LINGE PENDANT MON S\u00c9JOUR ?                                            <span class=\"button secondary icon\"><svg width=\"24\" height=\"24\" xmlns=\"http:\/\/www.w3.org\/2000\/svg\" viewBox=\"0 0 48 48\"><title>caret-down<\/title><g class=\"caret-down\"><polyline class=\"arrowhead\" points=\"36.036 18.982 24 31.018 11.964 18.982\" fill=\"none\" stroke=\"currentColor\" stroke-linecap=\"round\" stroke-linejoin=\"round\" stroke-width=\"3\"\/><\/g><\/svg><\/span>\n                                        <\/h4>\n                                    <\/div>\n                                    <div class=\"accordion-content\">\n                                        <p>Nous travaillons avec une soci\u00e9t\u00e9 de nettoyage. Vous trouverez un sac d\u00e9di\u00e9 dans votre chambre ; vous pouvez d\u00e9poser votre linge \u00e0 la r\u00e9ception avant 8h chaque matin. Votre linge sera de retour en fin d\u2019apr\u00e8s-midi le jour-m\u00eame. Ce service n\u2019est pas disponible le dimanche, et cette prestation est factur\u00e9e (la fiche des tarifs est disponible dans votre chambre).<\/p>\n                                    <\/div>\n                                <\/div>\n                                                            <div class=\"accordion-group\">\n                                    <div class=\"accordion-title has-icon\">\n                                        <h4>\n                                            PUIS-JE UTILISER UN FER ET UNE TABLE \u00c0 REPASSER PENDANT MON S\u00c9JOUR ?                                            <span class=\"button secondary icon\"><svg width=\"24\" height=\"24\" xmlns=\"http:\/\/www.w3.org\/2000\/svg\" viewBox=\"0 0 48 48\"><title>caret-down<\/title><g class=\"caret-down\"><polyline class=\"arrowhead\" points=\"36.036 18.982 24 31.018 11.964 18.982\" fill=\"none\" stroke=\"currentColor\" stroke-linecap=\"round\" stroke-linejoin=\"round\" stroke-width=\"3\"\/><\/g><\/svg><\/span>\n                                        <\/h4>\n                                    <\/div>\n                                    <div class=\"accordion-content\">\n                                        <p>Oui : fers et tables \u00e0 repasser sont \u00e0 disposition gratuitement pendant votre s\u00e9jour. Vous y avez acc\u00e8s directement en chambre dans les chambres Premium et dans les Junior Suites, ou sur demande aupr\u00e8s de notre r\u00e9ception pour les autres chambres.<\/p>\n                                    <\/div>\n                                <\/div>\n                                                            <div class=\"accordion-group\">\n                                    <div class=\"accordion-title has-icon\">\n                                        <h4>\n                                            L\u2019H\u00d4TEL L\u2019ELYS\u00c9E VAL D&rsquo;EUROPE A-T-IL UN OU UNE CONCIERGE ?                                            <span class=\"button secondary icon\"><svg width=\"24\" height=\"24\" xmlns=\"http:\/\/www.w3.org\/2000\/svg\" viewBox=\"0 0 48 48\"><title>caret-down<\/title><g class=\"caret-down\"><polyline class=\"arrowhead\" points=\"36.036 18.982 24 31.018 11.964 18.982\" fill=\"none\" stroke=\"currentColor\" stroke-linecap=\"round\" stroke-linejoin=\"round\" stroke-width=\"3\"\/><\/g><\/svg><\/span>\n                                        <\/h4>\n                                    <\/div>\n                                    <div class=\"accordion-content\">\n                                        <p>L\u2019H\u00f4tel l\u2019Elys\u00e9e Val d\u2019Europe n\u2019emploie pas de concierge mais notre \u00e9quipe de r\u00e9ception sera ravie de r\u00e9pondre \u00e0 vos besoins ! Pour toutes demandes, vous pouvez nous contacter :<\/p>\n<ul>\n<li>\u00e0 l\u2019adresse <a href=\"mailto:info@hotelelysee.com\">info@hotelelysee.com<\/a>\u00a0avant votre s\u00e9jour<\/li>\n<li>\u00e0 l\u2019adresse <a href=\"mailto:reception@hotelelysee.com\">reception@hotelelysee.com<\/a>\u00a0pendant votre s\u00e9jour<\/li>\n<\/ul>\n                                    <\/div>\n                                <\/div>\n                                                            <div class=\"accordion-group\">\n                                    <div class=\"accordion-title has-icon\">\n                                        <h4>\n                                            L\u2019H\u00d4TEL L\u2019ELYS\u00c9E VAL D&rsquo;EUROPE EST-IL MUNI D\u2019ASCENSEURS ?                                            <span class=\"button secondary icon\"><svg width=\"24\" height=\"24\" xmlns=\"http:\/\/www.w3.org\/2000\/svg\" viewBox=\"0 0 48 48\"><title>caret-down<\/title><g class=\"caret-down\"><polyline class=\"arrowhead\" points=\"36.036 18.982 24 31.018 11.964 18.982\" fill=\"none\" stroke=\"currentColor\" stroke-linecap=\"round\" stroke-linejoin=\"round\" stroke-width=\"3\"\/><\/g><\/svg><\/span>\n                                        <\/h4>\n                                    <\/div>\n                                    <div class=\"accordion-content\">\n                                        <p>Oui : Deux ascenseurs desservent chaque \u00e9tage de l\u2019H\u00f4tel l\u2019Elys\u00e9e Val d\u2019Europe. Ils fonctionnement uniquement avec la cl\u00e9 de votre chambre.<\/p>\n                                    <\/div>\n                                <\/div>\n                                                            <div class=\"accordion-group\">\n                                    <div class=\"accordion-title has-icon\">\n                                        <h4>\n                                            PUIS-JE ENVOYER UN COLIS OU UN COURRIER \u00c0 L\u2019H\u00d4TEL L\u2019ELYS\u00c9E VAL D&rsquo;EUROPE AVANT MON ARRIV\u00c9E ?                                            <span class=\"button secondary icon\"><svg width=\"24\" height=\"24\" xmlns=\"http:\/\/www.w3.org\/2000\/svg\" viewBox=\"0 0 48 48\"><title>caret-down<\/title><g class=\"caret-down\"><polyline class=\"arrowhead\" points=\"36.036 18.982 24 31.018 11.964 18.982\" fill=\"none\" stroke=\"currentColor\" stroke-linecap=\"round\" stroke-linejoin=\"round\" stroke-width=\"3\"\/><\/g><\/svg><\/span>\n                                        <\/h4>\n                                    <\/div>\n                                    <div class=\"accordion-content\">\n                                        <p>Oui : vous pouvez envoyer un colis ou un courrier \u00e0 l\u2019H\u00f4tel l\u2019Elys\u00e9e Val d\u2019Europe avant votre s\u00e9jour. Il faudra en informer l\u2019\u00e9quipe de r\u00e9ception avant l\u2019envoi, ainsi qu\u2019indiquer votre nom et la date d\u2019arriv\u00e9e sur le colis. Notre adresse est :<\/p>\n<p>H\u00f4tel l\u2019Elys\u00e9e Val d\u2019Europe<\/p>\n<p>7 cours du Danube<\/p>\n<p>77700 Serris<\/p>\n<p>FRANCE<\/p>\n                                    <\/div>\n                                <\/div>\n                                                            <div class=\"accordion-group\">\n                                    <div class=\"accordion-title has-icon\">\n                                        <h4>\n                                            QUELLE EST LA NATURE DU CLIMAT \u00c0 SERRIS ?                                            <span class=\"button secondary icon\"><svg width=\"24\" height=\"24\" xmlns=\"http:\/\/www.w3.org\/2000\/svg\" viewBox=\"0 0 48 48\"><title>caret-down<\/title><g class=\"caret-down\"><polyline class=\"arrowhead\" points=\"36.036 18.982 24 31.018 11.964 18.982\" fill=\"none\" stroke=\"currentColor\" stroke-linecap=\"round\" stroke-linejoin=\"round\" stroke-width=\"3\"\/><\/g><\/svg><\/span>\n                                        <\/h4>\n                                    <\/div>\n                                    <div class=\"accordion-content\">\n                                        <p>Le climat de la r\u00e9gion parisienne, dont Serris fait partie, est de type Atlantique. Il se traduit par :<\/p>\n<ul>\n<li>des \u00e9t\u00e9s assez chauds<\/li>\n<li>des hivers plut\u00f4t frais<\/li>\n<li>des pluies fr\u00e9quentes en toute saison<\/li>\n<\/ul>\n<p>Quel que soit le mois de votre visite, pr\u00e9voyez un imperm\u00e9able pour ne pas g\u00e2cher votre exp\u00e9rience\u00a0!<\/p>\n                                    <\/div>\n                                <\/div>\n                                                    <\/div>\n                    <\/div>\n                            <\/div>\n        <\/div>\n    <\/section>\n    <section\n    class=\"row full-width-cta\"\n        >\n        \n        <div class=\"theme--image full-width-cta__wrapper flex items-end justify-start not-square img-abs\" data-aos=\"fade-up\">\n            \n            <div class=\"full-width-cta__inner text-left flex items-start flex-col justify-start active\">\n                <header>\n                                            <p class=\"mb-1 overline color-accent\">\n                            Vous ne trouvez pas la r\u00e9ponse \u00e0 votre question ?                        <\/p>\n                    \n                                            <h2 class=\"h1\">Vous ne trouvez pas la r\u00e9ponse \u00e0 votre question ?                        <\/h2>\n                                    <\/header>\n\n                                    <article>\n                        <p>Prenez contact avec nos \u00e9quipes<\/p>\n\n                        <div class=\"buttons\" data-aos=\"fade-up\" data-aos-delay=\"150\">\n                            <a class=\"button primary\" href=\"https:\/\/www.hotelelysee.com\/fr\/contactez-nous\/\">\n                                Contactez-nous                            <\/a>\n                        <\/div>\n                    <\/article>    \n                            <\/div>\n            <div class=\"image-wrapper active\">\n                <img decoding=\"async\"\n            src=\"https:\/\/www.hotelelysee.com\/wp-content\/uploads\/2023\/11\/hotel_elysee-990-1920x1281.jpg\"\n    \n            loading=\"lazy\"          \n    \n    \n    onerror=\"this.onerror=null; this.src='data:image\/gif;base64,R0lGODlhAQABAIAAAMLCwgAAACH5BAAAAAAALAAAAAABAAEAAAICRAEAOw=='; this.srcset='data:image\/gif;base64,R0lGODlhAQABAIAAAMLCwgAAACH5BAAAAAAALAAAAAABAAEAAAICRAEAOw=='\"\n    alt=\"hotel_elysee-990\"\n    width=\"1920\"\n    height=\"1281\"\n    class=\"\n        object-fit             \"\n\n        \n            srcset=\"https:\/\/www.hotelelysee.com\/wp-content\/uploads\/2023\/11\/hotel_elysee-990-188x125.jpg 188w, https:\/\/www.hotelelysee.com\/wp-content\/uploads\/2023\/11\/hotel_elysee-990-375x250.jpg 375w, https:\/\/www.hotelelysee.com\/wp-content\/uploads\/2023\/11\/hotel_elysee-990-500x334.jpg 500w, https:\/\/www.hotelelysee.com\/wp-content\/uploads\/2023\/11\/hotel_elysee-990-640x427.jpg 640w, https:\/\/www.hotelelysee.com\/wp-content\/uploads\/2023\/11\/hotel_elysee-990-800x534.jpg 800w, https:\/\/www.hotelelysee.com\/wp-content\/uploads\/2023\/11\/hotel_elysee-990-1024x683.jpg 1024w, https:\/\/www.hotelelysee.com\/wp-content\/uploads\/2023\/11\/hotel_elysee-990-1367x912.jpg 1367w, https:\/\/www.hotelelysee.com\/wp-content\/uploads\/2023\/11\/hotel_elysee-990-1920x1281.jpg 1920w, https:\/\/www.hotelelysee.com\/wp-content\/uploads\/2023\/11\/hotel_elysee-990.jpg 2200w\"\n    \n    sizes=\"auto, (max-width: 48em) 100vw, (max-width: 64em) 100vw, (min-width: 64em) 100vw\">\n            <\/div>\n        <\/div>\n    <\/section>\n    ","protected":false},"excerpt":{"rendered":"","protected":false},"author":1,"featured_media":0,"parent":0,"menu_order":0,"comment_status":"closed","ping_status":"closed","template":"","meta":{"_acf_changed":false,"footnotes":""},"class_list":["post-4009","page","type-page","status-publish","hentry"],"acf":[],"yoast_head":"<!-- This site is optimized with the Yoast SEO plugin v26.9 - https:\/\/yoast.com\/product\/yoast-seo-wordpress\/ -->\n<title>FAQ - H\u00f4tel L&#039;Elys\u00e9e Val d&#039;Europe | 4* Pr\u00e8s de Disneyland\u00ae Paris\u00ae<\/title>\n<meta name=\"description\" content=\"Trouvez les r\u00e9ponses \u00e0 vos questions sur l&#039;H\u00f4tel l&#039;Elys\u00e9e Val d&#039;Europe dans notre FAQ : r\u00e9servations, services, activit\u00e9s...\" \/>\n<meta name=\"robots\" content=\"index, follow, max-snippet:-1, max-image-preview:large, max-video-preview:-1\" \/>\n<link rel=\"canonical\" href=\"https:\/\/www.hotelelysee.com\/fr\/faq\/\" \/>\n<meta property=\"og:locale\" content=\"fr_FR\" \/>\n<meta property=\"og:type\" content=\"article\" \/>\n<meta property=\"og:title\" content=\"FAQ - H\u00f4tel L&#039;Elys\u00e9e Val d&#039;Europe | 4* Pr\u00e8s de Disneyland\u00ae Paris\u00ae\" \/>\n<meta property=\"og:description\" content=\"Trouvez les r\u00e9ponses \u00e0 vos questions sur l&#039;H\u00f4tel l&#039;Elys\u00e9e Val d&#039;Europe dans notre FAQ : r\u00e9servations, services, activit\u00e9s...\" \/>\n<meta property=\"og:url\" content=\"https:\/\/www.hotelelysee.com\/fr\/faq\/\" \/>\n<meta property=\"og:site_name\" content=\"H\u00f4tel L&#039;Elys\u00e9e Val d&#039;Europe | 4* Pr\u00e8s de Disneyland\u00ae Paris\u00ae\" \/>\n<meta property=\"article:modified_time\" content=\"2026-04-02T08:06:19+00:00\" \/>\n<meta name=\"twitter:card\" content=\"summary_large_image\" \/>\n<meta name=\"twitter:label1\" content=\"Dur\u00e9e de lecture estim\u00e9e\" \/>\n\t<meta name=\"twitter:data1\" content=\"18 minutes\" \/>\n<script type=\"application\/ld+json\" class=\"yoast-schema-graph\">{\"@context\":\"https:\/\/schema.org\",\"@graph\":[{\"@type\":\"WebPage\",\"@id\":\"https:\/\/www.hotelelysee.com\/fr\/faq\/\",\"url\":\"https:\/\/www.hotelelysee.com\/fr\/faq\/\",\"name\":\"FAQ - H\u00f4tel L&#039;Elys\u00e9e Val d&#039;Europe | 4* Pr\u00e8s de Disneyland\u00ae Paris\u00ae\",\"isPartOf\":{\"@id\":\"https:\/\/www.hotelelysee.com\/fr\/#website\"},\"datePublished\":\"2026-01-23T13:47:07+00:00\",\"dateModified\":\"2026-04-02T08:06:19+00:00\",\"description\":\"Trouvez les r\u00e9ponses \u00e0 vos questions sur l'H\u00f4tel l'Elys\u00e9e Val d'Europe dans notre FAQ : r\u00e9servations, services, activit\u00e9s...\",\"breadcrumb\":{\"@id\":\"https:\/\/www.hotelelysee.com\/fr\/faq\/#breadcrumb\"},\"inLanguage\":\"fr-FR\",\"potentialAction\":[{\"@type\":\"ReadAction\",\"target\":[\"https:\/\/www.hotelelysee.com\/fr\/faq\/\"]}]},{\"@type\":\"BreadcrumbList\",\"@id\":\"https:\/\/www.hotelelysee.com\/fr\/faq\/#breadcrumb\",\"itemListElement\":[{\"@type\":\"ListItem\",\"position\":1,\"name\":\"Accueil\",\"item\":\"https:\/\/www.hotelelysee.com\/fr\/\"},{\"@type\":\"ListItem\",\"position\":2,\"name\":\"FAQ\"}]},{\"@type\":\"WebSite\",\"@id\":\"https:\/\/www.hotelelysee.com\/fr\/#website\",\"url\":\"https:\/\/www.hotelelysee.com\/fr\/\",\"name\":\"H\u00f4tel L'Elys\u00e9e Val d'Europe | 4* near Disneyland\u00ae Paris\",\"description\":\"Un h\u00f4tel 4 \u00e9toiles parfait pour la famille... et les entreprises\",\"potentialAction\":[{\"@type\":\"SearchAction\",\"target\":{\"@type\":\"EntryPoint\",\"urlTemplate\":\"https:\/\/www.hotelelysee.com\/fr\/?s={search_term_string}\"},\"query-input\":{\"@type\":\"PropertyValueSpecification\",\"valueRequired\":true,\"valueName\":\"search_term_string\"}}],\"inLanguage\":\"fr-FR\"}]}<\/script>\n<!-- \/ Yoast SEO plugin. -->","yoast_head_json":{"title":"FAQ - H\u00f4tel L&#039;Elys\u00e9e Val d&#039;Europe | 4* Pr\u00e8s de Disneyland\u00ae Paris\u00ae","description":"Trouvez les r\u00e9ponses \u00e0 vos questions sur l'H\u00f4tel l'Elys\u00e9e Val d'Europe dans notre FAQ : r\u00e9servations, services, activit\u00e9s...","robots":{"index":"index","follow":"follow","max-snippet":"max-snippet:-1","max-image-preview":"max-image-preview:large","max-video-preview":"max-video-preview:-1"},"canonical":"https:\/\/www.hotelelysee.com\/fr\/faq\/","og_locale":"fr_FR","og_type":"article","og_title":"FAQ - H\u00f4tel L&#039;Elys\u00e9e Val d&#039;Europe | 4* Pr\u00e8s de Disneyland\u00ae Paris\u00ae","og_description":"Trouvez les r\u00e9ponses \u00e0 vos questions sur l'H\u00f4tel l'Elys\u00e9e Val d'Europe dans notre FAQ : r\u00e9servations, services, activit\u00e9s...","og_url":"https:\/\/www.hotelelysee.com\/fr\/faq\/","og_site_name":"H\u00f4tel L&#039;Elys\u00e9e Val d&#039;Europe | 4* Pr\u00e8s de Disneyland\u00ae Paris\u00ae","article_modified_time":"2026-04-02T08:06:19+00:00","twitter_card":"summary_large_image","twitter_misc":{"Dur\u00e9e de lecture estim\u00e9e":"18 minutes"},"schema":{"@context":"https:\/\/schema.org","@graph":[{"@type":"WebPage","@id":"https:\/\/www.hotelelysee.com\/fr\/faq\/","url":"https:\/\/www.hotelelysee.com\/fr\/faq\/","name":"FAQ - H\u00f4tel L&#039;Elys\u00e9e Val d&#039;Europe | 4* Pr\u00e8s de Disneyland\u00ae Paris\u00ae","isPartOf":{"@id":"https:\/\/www.hotelelysee.com\/fr\/#website"},"datePublished":"2026-01-23T13:47:07+00:00","dateModified":"2026-04-02T08:06:19+00:00","description":"Trouvez les r\u00e9ponses \u00e0 vos questions sur l'H\u00f4tel l'Elys\u00e9e Val d'Europe dans notre FAQ : r\u00e9servations, services, activit\u00e9s...","breadcrumb":{"@id":"https:\/\/www.hotelelysee.com\/fr\/faq\/#breadcrumb"},"inLanguage":"fr-FR","potentialAction":[{"@type":"ReadAction","target":["https:\/\/www.hotelelysee.com\/fr\/faq\/"]}]},{"@type":"BreadcrumbList","@id":"https:\/\/www.hotelelysee.com\/fr\/faq\/#breadcrumb","itemListElement":[{"@type":"ListItem","position":1,"name":"Accueil","item":"https:\/\/www.hotelelysee.com\/fr\/"},{"@type":"ListItem","position":2,"name":"FAQ"}]},{"@type":"WebSite","@id":"https:\/\/www.hotelelysee.com\/fr\/#website","url":"https:\/\/www.hotelelysee.com\/fr\/","name":"H\u00f4tel L'Elys\u00e9e Val d'Europe | 4* near Disneyland\u00ae Paris","description":"Un h\u00f4tel 4 \u00e9toiles parfait pour la famille... et les entreprises","potentialAction":[{"@type":"SearchAction","target":{"@type":"EntryPoint","urlTemplate":"https:\/\/www.hotelelysee.com\/fr\/?s={search_term_string}"},"query-input":{"@type":"PropertyValueSpecification","valueRequired":true,"valueName":"search_term_string"}}],"inLanguage":"fr-FR"}]}},"_links":{"self":[{"href":"https:\/\/www.hotelelysee.com\/fr\/wp-json\/wp\/v2\/pages\/4009","targetHints":{"allow":["GET"]}}],"collection":[{"href":"https:\/\/www.hotelelysee.com\/fr\/wp-json\/wp\/v2\/pages"}],"about":[{"href":"https:\/\/www.hotelelysee.com\/fr\/wp-json\/wp\/v2\/types\/page"}],"author":[{"embeddable":true,"href":"https:\/\/www.hotelelysee.com\/fr\/wp-json\/wp\/v2\/users\/1"}],"replies":[{"embeddable":true,"href":"https:\/\/www.hotelelysee.com\/fr\/wp-json\/wp\/v2\/comments?post=4009"}],"version-history":[{"count":78,"href":"https:\/\/www.hotelelysee.com\/fr\/wp-json\/wp\/v2\/pages\/4009\/revisions"}],"predecessor-version":[{"id":8516,"href":"https:\/\/www.hotelelysee.com\/fr\/wp-json\/wp\/v2\/pages\/4009\/revisions\/8516"}],"wp:attachment":[{"href":"https:\/\/www.hotelelysee.com\/fr\/wp-json\/wp\/v2\/media?parent=4009"}],"curies":[{"name":"wp","href":"https:\/\/api.w.org\/{rel}","templated":true}]}}