{"id":4987,"date":"2024-04-29T12:04:48","date_gmt":"2024-04-29T11:04:48","guid":{"rendered":"https:\/\/www.hotelelysee.com\/4967-2-copy-copy-copy\/"},"modified":"2024-10-28T14:57:22","modified_gmt":"2024-10-28T14:57:22","slug":"interview-gouvernante-detage","status":"publish","type":"page","link":"https:\/\/www.hotelelysee.com\/fr\/interview-gouvernante-detage\/","title":{"rendered":"Interview gouvernante d&rsquo;\u00e9tage : Chlo\u00e9"},"content":{"rendered":"\n    \n    \n\n    <section\n    class=\"row container banner-block flex justify-center items-center flex-col theme--image\"\n    id=\"block_b6d7208bff9a836af301546afc82a162\"\n    style=\"\n        min-height: 100svh;\n                \"\n    >\n                    <div class=\"block-bg-img\n            \">\n                <img loading=\"lazy\" decoding=\"async\"\n            src=\"https:\/\/www.hotelelysee.com\/wp-content\/uploads\/2023\/11\/hotel_elysee-591.jpg\"\n    \n    \n    \n    onerror=\"this.onerror=null; this.src='data:image\/gif;base64,R0lGODlhAQABAIAAAMLCwgAAACH5BAAAAAAALAAAAAABAAEAAAICRAEAOw=='; this.srcset='data:image\/gif;base64,R0lGODlhAQABAIAAAMLCwgAAACH5BAAAAAAALAAAAAABAAEAAAICRAEAOw=='\"\n    alt=\"hotel_elysee-591\"\n    width=\"1881\"\n    height=\"1255\"\n    class=\"\n        object-fit             \"\n\n        \n            srcset=\"https:\/\/www.hotelelysee.com\/wp-content\/uploads\/2023\/11\/hotel_elysee-591-188x125.jpg 188w, https:\/\/www.hotelelysee.com\/wp-content\/uploads\/2023\/11\/hotel_elysee-591-375x250.jpg 375w, https:\/\/www.hotelelysee.com\/wp-content\/uploads\/2023\/11\/hotel_elysee-591-500x334.jpg 500w, https:\/\/www.hotelelysee.com\/wp-content\/uploads\/2023\/11\/hotel_elysee-591-640x427.jpg 640w, https:\/\/www.hotelelysee.com\/wp-content\/uploads\/2023\/11\/hotel_elysee-591-800x534.jpg 800w, https:\/\/www.hotelelysee.com\/wp-content\/uploads\/2023\/11\/hotel_elysee-591-1024x683.jpg 1024w, https:\/\/www.hotelelysee.com\/wp-content\/uploads\/2023\/11\/hotel_elysee-591-1367x912.jpg 1367w, https:\/\/www.hotelelysee.com\/wp-content\/uploads\/2023\/11\/hotel_elysee-591.jpg 1920w, https:\/\/www.hotelelysee.com\/wp-content\/uploads\/2023\/11\/hotel_elysee-591.jpg 2200w\"\n    \n    sizes=\"auto, (max-width: 48em) 100vw, (max-width: 64em) 100vw, (min-width: 64em) 100vw\">\n            <\/div>\n                <div class=\"banner-content-block \">\n                                        <p class=\"mb-2 overline color-accent\">\n                    #RECEPTION #INTERVIEW                <\/p>\n                                        <h1 class=\"mb-2\">Interview de Chlo\u00e9, Gouvernante d&rsquo;Etage \u00e0 l&rsquo;H\u00f4tel l&rsquo;Elys\u00e9e Val d&rsquo;Europe                                    <\/h1>\n            \n                                            <\/div>\n                        \n            <\/section>\n    \n\n    <section\n    class=\"row spacing container content-block-container\"\n    id=\"block_e7317d577ffa16990fc2e2c43d4244c5\"\n    data-aos=\"fade-up\"\n        >\n        \n        <div class=\"content-block text-align-left\">\n                                        <h2 data-aos=\"fade-up\">De l\u2019alternance au CDI, d\u00e9couvrez le parcours de Chlo\u00e9 : Gouvernante d\u2019Etage \u00e0 l\u2019H\u00f4tel l\u2019Elys\u00e9e Val d\u2019Europe                                    <\/h2>\n                                        <div data-aos=\"fade-up\">\n                    <p>Apr\u00e8s une ann\u00e9e d\u2019alternance en tant que Gouvernante, Chlo\u00e9 continue son parcours en CDI \u00e0 l\u2019H\u00f4tel l\u2019Elys\u00e9e Val d\u2019Europe en tant que Gouvernante d\u2019Etage. Nous avions \u00e0 c\u0153ur de l\u2019interviewer pour conna\u00eetre son ressenti sur son exp\u00e9rience et vous le partager\u00a0:<\/p>\n<h3><strong><img loading=\"lazy\" decoding=\"async\" class=\" wp-image-4952 alignleft\" src=\"https:\/\/www.hotelelysee.com\/wp-content\/uploads\/2024\/04\/chloe-1-1367x1823-1-225x300.webp\" alt=\"\" width=\"290\" height=\"387\" srcset=\"https:\/\/www.hotelelysee.com\/wp-content\/uploads\/2024\/04\/chloe-1-1367x1823-1-225x300.webp 225w, https:\/\/www.hotelelysee.com\/wp-content\/uploads\/2024\/04\/chloe-1-1367x1823-1-768x1024.webp 768w, https:\/\/www.hotelelysee.com\/wp-content\/uploads\/2024\/04\/chloe-1-1367x1823-1-1152x1536.webp 1152w, https:\/\/www.hotelelysee.com\/wp-content\/uploads\/2024\/04\/chloe-1-1367x1823-1-188x251.webp 188w, https:\/\/www.hotelelysee.com\/wp-content\/uploads\/2024\/04\/chloe-1-1367x1823-1-375x500.webp 375w, https:\/\/www.hotelelysee.com\/wp-content\/uploads\/2024\/04\/chloe-1-1367x1823-1-500x667.webp 500w, https:\/\/www.hotelelysee.com\/wp-content\/uploads\/2024\/04\/chloe-1-1367x1823-1-640x853.webp 640w, https:\/\/www.hotelelysee.com\/wp-content\/uploads\/2024\/04\/chloe-1-1367x1823-1-800x1067.webp 800w, https:\/\/www.hotelelysee.com\/wp-content\/uploads\/2024\/04\/chloe-1-1367x1823-1-1024x1366.webp 1024w, https:\/\/www.hotelelysee.com\/wp-content\/uploads\/2024\/04\/chloe-1-1367x1823-1.webp 1367w\" sizes=\"auto, (max-width: 290px) 100vw, 290px\" \/>Tout d\u2019abord, f\u00e9licitations pour l\u2019obtention de ton CDI en tant que Gouvernante d\u2019Etage ! Peux-tu nous dire ce qui t\u2019a convaincue de poursuivre ta carri\u00e8re \u00e0 l\u2019H\u00f4tel l\u2019Elys\u00e9e Val d\u2019Europe apr\u00e8s ton alternance chez nous ?<\/strong><\/h3>\n<p>Merci\u00a0\ud83d\ude0a Je dirais que continuer mon parcours \u00e0 l\u2019H\u00f4tel l\u2019Elys\u00e9e Val d\u2019Europe a \u00e9t\u00e9 comme une \u00e9vidence car les missions effectu\u00e9es pendant mon alternance, les personnes avec qui je travaillais et l\u2019h\u00f4tel en g\u00e9n\u00e9ral me plaisent \u00e9norm\u00e9ment.<\/p>\n<p>C\u2019est une belle opportunit\u00e9 qui s\u2019est pr\u00e9sent\u00e9e \u00e0 moi car je souhaitais int\u00e9grer l\u2019h\u00f4tel depuis plusieurs ann\u00e9es mais par manque de moyen de transport j\u2019ai d\u00fb reporter ce projet. Ensuite d\u00e8s que j\u2019ai eu mon permis et ma voiture, j\u2019ai postul\u00e9 pour int\u00e9grer l\u2019h\u00f4tel en apprentissage alors qu\u2019il n\u2019y avait pas d\u2019annonce pour ce poste\u00a0!<\/p>\n<h4><strong>Peux-tu nous d\u00e9crire ta journ\u00e9e type\u00a0? <\/strong><\/h4>\n<p>Nous sommes 3 gouvernantes, 1 apprentie gouvernante, 21 femmes de chambre et \u00e9quipiers polyvalents dans l\u2019\u00e9quipe Housekeeping. Chacun a un r\u00f4le bien pr\u00e9cis, globalement le mien est de m\u2019assurer que la chambre soit parfaite pour accueillir les clients au mieux\u00a0!<\/p>\n<p>Voici ma journ\u00e9e-type\u00a0:<\/p>\n<ul>\n<li><u>8h\u00a0:<\/u> ma journ\u00e9e d\u00e9bute \u00e0 8h, je commence par pr\u00e9parer le planning des femmes de chambre en fonction des arriv\u00e9es et d\u00e9parts du jour\u00a0!<\/li>\n<li><u>9h\u00a0:<\/u> petit briefing avec l\u2019\u00e9quipe d\u00e8s l\u2019arriv\u00e9e des femmes de chambre<\/li>\n<li><u>10h\u00a0:<\/u> je contr\u00f4le les premi\u00e8res chambres d\u00e8s lors que leur nettoyage est termin\u00e9 et je m\u2019assure que tout est en place\u00a0: je v\u00e9rifie l\u2019hygi\u00e8ne et la propret\u00e9 de tous les espaces de la chambre (lits, salle de bain), je m\u2019assure du bon fonctionnement des \u00e9quipements \u00e9lectroniques (coffre-fort, TV, mini-bar) et si les produits d\u2019accueil ne manquent pas.<\/li>\n<li><u>A 11h\u00a0:<\/u> il y a le briefing g\u00e9n\u00e9ral avec la Direction et toutes les autres \u00e9quipes de l\u2019h\u00f4tel (r\u00e9ception, restauration et cuisine, r\u00e9servation, commerciaux, RH) o\u00f9 l\u2019on fait un r\u00e9cap des \u00e9v\u00e8nements de la veille et planifie les missions de la journ\u00e9e.<\/li>\n<li><u>L\u2019apr\u00e8s-midi : j<\/u>e continue \u00e0 v\u00e9rifier les chambres parmi les 76 que j\u2019ai sur ma liste.<\/li>\n<li><u>17h : c<\/u>\u2019est la fin de la journ\u00e9e, je transmets les informations \u00e0 savoir \u00e0 la r\u00e9ception (panneaux ne pas d\u00e9ranger, programme super-h\u00e9ros, arriv\u00e9es VIP\u2026)<\/li>\n<\/ul>\n<p>&nbsp;<\/p>\n<h4><strong>En un mot, comment d\u00e9finirais-tu ces derni\u00e8res ann\u00e9es parmi nous et quelles comp\u00e9tences as-tu pu d\u00e9velopper ?<\/strong><\/h4>\n<p>En un mot je dirais \u00ab enrichissant \u00bb ! Les comp\u00e9tences principales que j\u2019ai pu d\u00e9velopper et dont je suis tr\u00e8s fi\u00e8re sont mes comp\u00e9tences manag\u00e9riales, alors que j\u2019\u00e9tais encore \u00e9tudiante j\u2019ai appris \u00e0 manager une \u00e9quipe d\u2019une dizaine de personnes souvent plus \u00e2g\u00e9es que moi, c\u2019est tr\u00e8s impressionnant au d\u00e9but mais j\u2019ai su installer une relation de confiance r\u00e9ciproque, ce qui facilite grandement la communication et la qualit\u00e9 de travail.<\/p>\n<p>&nbsp;<\/p>\n<h4><strong>Ton m\u00e9tier n\u00e9cessite de l\u2019organisation et une attention particuli\u00e8re aux d\u00e9tails, de quelle fa\u00e7on mets-tu en pratique ces comp\u00e9tences \u00e0 l\u2019H\u00f4tel l\u2019Elys\u00e9e Val d\u2019Europe\u00a0?<\/strong><\/h4>\n<p>Je mets cela en pratique au quotidien, je pense que chaque client quel qu\u2019il soit m\u00e9rite d\u2019obtenir la meilleure qualit\u00e9 de s\u00e9jour possible\u00a0!<\/p>\n<p><strong>\u00a0<\/strong><\/p>\n<h4><strong>Quelle est la chose que tu pr\u00e9f\u00e8res dans ton m\u00e9tier\u00a0?<\/strong><\/h4>\n<p>Ce que je pr\u00e9f\u00e8re dans mon poste c&rsquo;est qu&rsquo;aucun jour ne se ressemble, il n&rsquo;y a pas d&rsquo;ennui possible !<\/p>\n<p>C&rsquo;est aussi un m\u00e9tier qui correspond \u00e0 ma personnalit\u00e9 car il apporte du calme, de la tranquillit\u00e9 et il faut savoir faire preuve de discr\u00e9tion vis-\u00e0-vis des clients.<\/p>\n<p>&nbsp;<\/p>\n<h4><strong>Et celle que tu pr\u00e9f\u00e8res le moins\u00a0?<\/strong><\/h4>\n<p>Je dirais que c\u2019est parfois difficile de rester concentr\u00e9e sur chaque d\u00e9tail en fin de journ\u00e9e<\/p>\n<p>&nbsp;<\/p>\n<h4><strong>As-tu une anecdote amusante \u00e0 nous raconter ?<\/strong><\/h4>\n<p>C\u2019est vrai qu\u2019il nous ait d\u00e9j\u00e0 arriv\u00e9 de retrouver des objets assez insolites dans les chambres, si tu vois ce que je veux dire\u2026<\/p>\n<p>&nbsp;<\/p>\n<h4><strong>Enfin, quels conseils souhaiterais-tu partager \u00e0 un(e) jeune apprenti(e) qui souhaiterait \u00e9voluer au sein d\u2019un h\u00f4tel 4 \u00e9toiles ?<\/strong><\/h4>\n<p>Je pense que pour r\u00e9ussir dans ce m\u00e9tier il faut \u00eatre naturelle et rester soi-m\u00eame, se donner \u00e0 fond et donner de la passion dans tout ce que l\u2019on fait\u00a0!<\/p>\n<p>&nbsp;<\/p>\n<h4><strong>Merci Chlo\u00e9 d\u2019avoir pris le temps de r\u00e9pondre \u00e0 nos questions et nous en dire un peu plus sur ton m\u00e9tier\u00a0<\/strong><strong>\ud83d\ude0a<\/strong><\/h4>\n<p>Merci\u00a0\ud83d\ude0a<\/p>\n                <\/div>\n            \n                    <\/div>\n    <\/section>\n    ","protected":false},"excerpt":{"rendered":"","protected":false},"author":3,"featured_media":0,"parent":0,"menu_order":0,"comment_status":"closed","ping_status":"closed","template":"","meta":{"_acf_changed":false,"footnotes":""},"class_list":["post-4987","page","type-page","status-publish","hentry"],"acf":[],"yoast_head":"<!-- This site is optimized with the Yoast SEO plugin v26.9 - https:\/\/yoast.com\/product\/yoast-seo-wordpress\/ -->\n<title>Interview gouvernante d&#039;\u00e9tage : Chlo\u00e9 - H\u00f4tel L&#039;Elys\u00e9e Val d&#039;Europe | 4* Pr\u00e8s de Disneyland\u00ae Paris\u00ae<\/title>\n<meta name=\"description\" content=\"Interview de notre gouvernante d&#039;\u00e9tage \u00e0 l&#039;H\u00f4tel l&#039;Elys\u00e9e Val d&#039;Europe : son parcours et son engagement pour le confort des clients !\" \/>\n<meta name=\"robots\" content=\"index, follow, max-snippet:-1, max-image-preview:large, max-video-preview:-1\" \/>\n<link rel=\"canonical\" href=\"https:\/\/www.hotelelysee.com\/fr\/interview-gouvernante-detage\/\" \/>\n<meta property=\"og:locale\" content=\"fr_FR\" \/>\n<meta property=\"og:type\" content=\"article\" \/>\n<meta property=\"og:title\" content=\"Interview gouvernante d&#039;\u00e9tage : Chlo\u00e9 - H\u00f4tel L&#039;Elys\u00e9e Val d&#039;Europe | 4* Pr\u00e8s de Disneyland\u00ae Paris\u00ae\" \/>\n<meta property=\"og:description\" content=\"Interview de notre gouvernante d&#039;\u00e9tage \u00e0 l&#039;H\u00f4tel l&#039;Elys\u00e9e Val d&#039;Europe : son parcours et son engagement pour le confort des clients !\" \/>\n<meta property=\"og:url\" content=\"https:\/\/www.hotelelysee.com\/fr\/interview-gouvernante-detage\/\" \/>\n<meta property=\"og:site_name\" content=\"H\u00f4tel L&#039;Elys\u00e9e Val d&#039;Europe | 4* Pr\u00e8s de Disneyland\u00ae Paris\u00ae\" \/>\n<meta property=\"article:modified_time\" content=\"2024-10-28T14:57:22+00:00\" \/>\n<meta name=\"twitter:card\" content=\"summary_large_image\" \/>\n<script type=\"application\/ld+json\" class=\"yoast-schema-graph\">{\"@context\":\"https:\/\/schema.org\",\"@graph\":[{\"@type\":\"WebPage\",\"@id\":\"https:\/\/www.hotelelysee.com\/fr\/interview-gouvernante-detage\/\",\"url\":\"https:\/\/www.hotelelysee.com\/fr\/interview-gouvernante-detage\/\",\"name\":\"Interview gouvernante d'\u00e9tage : Chlo\u00e9 - H\u00f4tel L&#039;Elys\u00e9e Val d&#039;Europe | 4* Pr\u00e8s de Disneyland\u00ae Paris\u00ae\",\"isPartOf\":{\"@id\":\"https:\/\/www.hotelelysee.com\/fr\/#website\"},\"datePublished\":\"2024-04-29T11:04:48+00:00\",\"dateModified\":\"2024-10-28T14:57:22+00:00\",\"description\":\"Interview de notre gouvernante d'\u00e9tage \u00e0 l'H\u00f4tel l'Elys\u00e9e Val d'Europe : son parcours et son engagement pour le confort des clients !\",\"breadcrumb\":{\"@id\":\"https:\/\/www.hotelelysee.com\/fr\/interview-gouvernante-detage\/#breadcrumb\"},\"inLanguage\":\"fr-FR\",\"potentialAction\":[{\"@type\":\"ReadAction\",\"target\":[\"https:\/\/www.hotelelysee.com\/fr\/interview-gouvernante-detage\/\"]}]},{\"@type\":\"BreadcrumbList\",\"@id\":\"https:\/\/www.hotelelysee.com\/fr\/interview-gouvernante-detage\/#breadcrumb\",\"itemListElement\":[{\"@type\":\"ListItem\",\"position\":1,\"name\":\"Accueil\",\"item\":\"https:\/\/www.hotelelysee.com\/fr\/\"},{\"@type\":\"ListItem\",\"position\":2,\"name\":\"Interview gouvernante d&#8217;\u00e9tage : Chlo\u00e9\"}]},{\"@type\":\"WebSite\",\"@id\":\"https:\/\/www.hotelelysee.com\/fr\/#website\",\"url\":\"https:\/\/www.hotelelysee.com\/fr\/\",\"name\":\"H\u00f4tel L'Elys\u00e9e Val d'Europe | 4* near Disneyland\u00ae Paris\",\"description\":\"Un h\u00f4tel 4 \u00e9toiles parfait pour la famille... et les entreprises\",\"potentialAction\":[{\"@type\":\"SearchAction\",\"target\":{\"@type\":\"EntryPoint\",\"urlTemplate\":\"https:\/\/www.hotelelysee.com\/fr\/?s={search_term_string}\"},\"query-input\":{\"@type\":\"PropertyValueSpecification\",\"valueRequired\":true,\"valueName\":\"search_term_string\"}}],\"inLanguage\":\"fr-FR\"}]}<\/script>\n<!-- \/ Yoast SEO plugin. -->","yoast_head_json":{"title":"Interview gouvernante d'\u00e9tage : Chlo\u00e9 - H\u00f4tel L&#039;Elys\u00e9e Val d&#039;Europe | 4* Pr\u00e8s de Disneyland\u00ae Paris\u00ae","description":"Interview de notre gouvernante d'\u00e9tage \u00e0 l'H\u00f4tel l'Elys\u00e9e Val d'Europe : son parcours et son engagement pour le confort des clients !","robots":{"index":"index","follow":"follow","max-snippet":"max-snippet:-1","max-image-preview":"max-image-preview:large","max-video-preview":"max-video-preview:-1"},"canonical":"https:\/\/www.hotelelysee.com\/fr\/interview-gouvernante-detage\/","og_locale":"fr_FR","og_type":"article","og_title":"Interview gouvernante d'\u00e9tage : Chlo\u00e9 - H\u00f4tel L&#039;Elys\u00e9e Val d&#039;Europe | 4* Pr\u00e8s de Disneyland\u00ae Paris\u00ae","og_description":"Interview de notre gouvernante d'\u00e9tage \u00e0 l'H\u00f4tel l'Elys\u00e9e Val d'Europe : son parcours et son engagement pour le confort des clients !","og_url":"https:\/\/www.hotelelysee.com\/fr\/interview-gouvernante-detage\/","og_site_name":"H\u00f4tel L&#039;Elys\u00e9e Val d&#039;Europe | 4* Pr\u00e8s de Disneyland\u00ae Paris\u00ae","article_modified_time":"2024-10-28T14:57:22+00:00","twitter_card":"summary_large_image","schema":{"@context":"https:\/\/schema.org","@graph":[{"@type":"WebPage","@id":"https:\/\/www.hotelelysee.com\/fr\/interview-gouvernante-detage\/","url":"https:\/\/www.hotelelysee.com\/fr\/interview-gouvernante-detage\/","name":"Interview gouvernante d'\u00e9tage : Chlo\u00e9 - H\u00f4tel L&#039;Elys\u00e9e Val d&#039;Europe | 4* Pr\u00e8s de Disneyland\u00ae Paris\u00ae","isPartOf":{"@id":"https:\/\/www.hotelelysee.com\/fr\/#website"},"datePublished":"2024-04-29T11:04:48+00:00","dateModified":"2024-10-28T14:57:22+00:00","description":"Interview de notre gouvernante d'\u00e9tage \u00e0 l'H\u00f4tel l'Elys\u00e9e Val d'Europe : son parcours et son engagement pour le confort des clients !","breadcrumb":{"@id":"https:\/\/www.hotelelysee.com\/fr\/interview-gouvernante-detage\/#breadcrumb"},"inLanguage":"fr-FR","potentialAction":[{"@type":"ReadAction","target":["https:\/\/www.hotelelysee.com\/fr\/interview-gouvernante-detage\/"]}]},{"@type":"BreadcrumbList","@id":"https:\/\/www.hotelelysee.com\/fr\/interview-gouvernante-detage\/#breadcrumb","itemListElement":[{"@type":"ListItem","position":1,"name":"Accueil","item":"https:\/\/www.hotelelysee.com\/fr\/"},{"@type":"ListItem","position":2,"name":"Interview gouvernante d&#8217;\u00e9tage : Chlo\u00e9"}]},{"@type":"WebSite","@id":"https:\/\/www.hotelelysee.com\/fr\/#website","url":"https:\/\/www.hotelelysee.com\/fr\/","name":"H\u00f4tel L'Elys\u00e9e Val d'Europe | 4* near Disneyland\u00ae Paris","description":"Un h\u00f4tel 4 \u00e9toiles parfait pour la famille... et les entreprises","potentialAction":[{"@type":"SearchAction","target":{"@type":"EntryPoint","urlTemplate":"https:\/\/www.hotelelysee.com\/fr\/?s={search_term_string}"},"query-input":{"@type":"PropertyValueSpecification","valueRequired":true,"valueName":"search_term_string"}}],"inLanguage":"fr-FR"}]}},"_links":{"self":[{"href":"https:\/\/www.hotelelysee.com\/fr\/wp-json\/wp\/v2\/pages\/4987","targetHints":{"allow":["GET"]}}],"collection":[{"href":"https:\/\/www.hotelelysee.com\/fr\/wp-json\/wp\/v2\/pages"}],"about":[{"href":"https:\/\/www.hotelelysee.com\/fr\/wp-json\/wp\/v2\/types\/page"}],"author":[{"embeddable":true,"href":"https:\/\/www.hotelelysee.com\/fr\/wp-json\/wp\/v2\/users\/3"}],"replies":[{"embeddable":true,"href":"https:\/\/www.hotelelysee.com\/fr\/wp-json\/wp\/v2\/comments?post=4987"}],"version-history":[{"count":4,"href":"https:\/\/www.hotelelysee.com\/fr\/wp-json\/wp\/v2\/pages\/4987\/revisions"}],"predecessor-version":[{"id":6292,"href":"https:\/\/www.hotelelysee.com\/fr\/wp-json\/wp\/v2\/pages\/4987\/revisions\/6292"}],"wp:attachment":[{"href":"https:\/\/www.hotelelysee.com\/fr\/wp-json\/wp\/v2\/media?parent=4987"}],"curies":[{"name":"wp","href":"https:\/\/api.w.org\/{rel}","templated":true}]}}